{"id":38518,"date":"2023-11-01T18:44:56","date_gmt":"2023-11-01T18:44:56","guid":{"rendered":"https:\/\/www.sando.com\/especialidades\/sustainable-building\/sanitary"},"modified":"2024-10-29T12:09:14","modified_gmt":"2024-10-29T12:09:14","slug":"sanitary","status":"publish","type":"page","link":"https:\/\/www.sando.com\/en\/specialisations\/sustainable-building\/sanitary","title":{"rendered":"Sanitary"},"content":{"rendered":"\n\n    \n\n        <div class=\"total u-pT-xs u-pB-m u-pLR-container\">\n    <div class=\"container-max\">\n    <div class=\"row row-cols-1 g-3\">\n    \n\n    <div class=\"col\"><div class=\"total m-card --cardMax u-br-l u-pT-xxxl overflow-hidden u-white u-bg-verde-500\">\n    \t<div class=\"total __bxImg\">\n\t\t<img loading=\"lazy\" decoding=\"async\" width=\"1900\" height=\"900\" src=\"https:\/\/www.sando.com\/contenido\/subidas\/2023\/10\/sanitarias-hospital-virgen-del-rocio-4.jpg\" class=\"attachment-full size-full\" alt=\"Hospital Universitario Virgen del Roc\u00edo (Rosa Amarilla)\" srcset=\"https:\/\/www.sando.com\/contenido\/subidas\/2023\/10\/sanitarias-hospital-virgen-del-rocio-4.jpg 1900w, https:\/\/www.sando.com\/contenido\/subidas\/2023\/10\/sanitarias-hospital-virgen-del-rocio-4-250x118.jpg 250w, https:\/\/www.sando.com\/contenido\/subidas\/2023\/10\/sanitarias-hospital-virgen-del-rocio-4-700x332.jpg 700w, https:\/\/www.sando.com\/contenido\/subidas\/2023\/10\/sanitarias-hospital-virgen-del-rocio-4-768x364.jpg 768w, https:\/\/www.sando.com\/contenido\/subidas\/2023\/10\/sanitarias-hospital-virgen-del-rocio-4-1536x728.jpg 1536w, https:\/\/www.sando.com\/contenido\/subidas\/2023\/10\/sanitarias-hospital-virgen-del-rocio-4-120x57.jpg 120w\" sizes=\"auto, (max-width: 1900px) 100vw, 1900px\" \/> \n\t<\/div>\n    \t<div class=\"container-medium\">\n\t\t<div class=\"__bxCnt u-pLR-container\">\n                        <div class=\"__bxTxt total u-nmB-lastchild u-nmT-firstchild\" style=\"max-width: 680px;\">\n                                <p class=\"ht-body-m u-bold uppercase\"><a href=\"\/en\/specialisations\/sustainable-building\/sanitary\" title=\"Construction of hospitals and health centers\" target=\"_blank\">Sanitary<\/a><\/p>\n                                <p><span class=\"ht-two u-light\">We build operational and safe healthcare facilities with a focus on people and professionals<br \/>\n<\/span><\/p>\n            <\/div>\n                            <div class=\"__bxBtn total\">\n                    <div class=\"a-subtitArrow u-white\">\n                        <div class=\"__bxText ht-body-m uppercase u-bold\">we tell you more<\/div>\n                        <svg class=\"__icon\">\n                            <use xlink:href=\"#icon-border-arrow-down\" href=\"\/i.svg#icon-border-arrow-down\"><\/use>\n                        <\/svg>\n                    <\/div>\n                <\/div>\n            \t\t<\/div> \n\t<\/div>\n<\/div><\/div>\n\n    \n        <\/div>\n    <\/div>\n    <\/div>\n    \n\n\n\n\n<div class=\"total u-pLR-container\">\n    <div class=\"container-medium\">\n        <div class=\"total u-pT-s u-pB-s\">\n            <div class=\"total u-pB-xs \">\n                <ol class=\"m-breadcrumb\" itemscope itemtype=\"http:\/\/schema.org\/BreadcrumbList\"><li itemprop=\"itemListElement\" itemscope itemtype=\"http:\/\/schema.org\/ListItem\"><a href=\"https:\/\/www.sando.com\/en\" itemprop=\"item\"><span itemprop=\"name\">Home<\/span><\/a><meta itemprop=\"position\" content=\"1\" \/><\/li><\/ol>            <\/div>\n            <p class=\"ht-three u-light\">Sanitary<\/p>\n        <\/div>\n    <\/div>\n<\/div>\n\n\n<div class=\"container-full u-mB-l u-verde-700 block-text-varios js-block-text-varios\"> \r\n\t<div class=\"container-max\">\r\n\t\t<div class=\"total u-bg-white u-br-l u-pTB-xl u-pLR-container overflow-hidden\">\r\n\t\t\t\t\t\t<div class=\"container-medium\">\r\n\t\t\t\t<div class=\"row row-cols-1 row-cols-lg-2 d-flex justify-content-between u-pB-s\" id=\"contenido\">\r\n\t\t\t\t\t<div class=\"col\">\r\n\t\t\t\t\t\t\t\t\t\t\t\t<div class=\"a-tagTitle u-verde-700\">\r\n\t\t\t\t\t\t\t<svg class=\"u-verde-500\" width=\"9\" height=\"20\" viewBox=\"0 0 9 20\" fill=\"none\" xmlns=\"http:\/\/www.w3.org\/2000\/svg\">\r\n\t\t\t\t\t\t\t\t<path d=\"M0 0C6.414 0 8.78101 3.93299 8.78101 9.92699C8.78101 15.921 6.414 19.853 0 19.853V16.112C3.13 16.112 3.97101 13.668 3.97101 9.92699C3.97101 6.22699 3.131 3.78 0 3.78V0Z\" fill=\"currentColor\"\/>\r\n\t\t\t\t\t\t\t<\/svg>\r\n\t\t\t\t\t\t\tWe adapt to you\t\t\t\t\t\t<\/div>\t\r\n\t\t\t\t\t\t\t\t\t\t\t<\/div>\r\n\t\t\t\t\t<div class=\"col d-none justify-content-end d-lg-flex u-verde-700\">\r\n\t\t\t\t\t\t\t\t\t\t\t<\/div>\r\n\t\t\t\t<\/div>\r\n\t\t\t<\/div>\r\n\t\t\t\t\t\t<div class=\"container-medium u-verde-700\">\r\n\t\t\t\t<div class=\"total u-pB-l u-nmB-lastchild u-nmT-firstchild\" style=\"max-width: 800px;\">\r\n\t\t\t\t<p><span class=\"u-light ht-two\">We create spaces adaptable to care needs that, in addition to meeting operational criteria, integrate elements that favour patients&#8217; emotional well-being.<br \/>\n<\/span><\/p>\n\t\t\r\n\t\t\t\t<\/div>\r\n\t\t\t<\/div>\r\n\t\t\t\t\t\t\t\t\t<div class=\"container-small\">\r\n\t\t\t\t<div class=\"total u-nmB-lastchild u-nmT-firstchild u-pB-xl\" style=\"max-width: 1000px;\">\r\n\t\t\t\t<p><span class=\"ht-body-l\" style=\"font-weight: 400;\">The structure of the sanitary facilities requires a specific design adapted to the particular requirements of the intended use. Having built hospitals, health centres, specialised medical centres and laboratories at <a href=\"\/en\/sando-construccion\" title=\"Sando Construcci\u00f3n. Building resilient and innovative infrastructures\" target=\"_blank\">Sando Construcci\u00f3n<\/a>, we have extensive experience in constructing spaces that guarantee operational efficiency and are capable of adapting to various healthcare situations as well as a specialisation in the humanisation of the spaces that will welcome patients to create friendly environments that favour their comfort during their stay.<br \/>\n<\/span><\/p>\n\t\t\t\t<\/div>\r\n\t\t\t<\/div>\r\n\t\t\t\r\n\r\n\r\n\t\t\t\r\n\t\t\t\r\n\t\t\t\t\t<\/div>\r\n\t<\/div>\r\n<\/div>\r\n\r\n\n\n\n\n<div class=\"container-full u-mB-l u-verde-700 block-slider-content-posts\"> \r\n\t<div class=\"container-max\">\r\n\t\t<div class=\"total u-bg-verde-100 u-br-l u-pTB-xl u-pLR-container overflow-hidden\">\r\n\t\t\t\r\n\t\t\t\t\t\t<div class=\"container-medium\">\r\n\t\t\t\t<div class=\"row row-cols-1 row-cols-lg-2 d-flex justify-content-between u-pB-s\">\r\n\t\t\t\t\t<div class=\"col\">\r\n\t\t\t\t\t\t\t\t\t\t\t\t<div class=\"a-tagTitle u-verde-700\">\r\n\t\t\t\t\t\t\t<svg class=\"u-verde-500\" width=\"9\" height=\"20\" viewBox=\"0 0 9 20\" fill=\"none\" xmlns=\"http:\/\/www.w3.org\/2000\/svg\">\r\n\t\t\t\t\t\t\t\t<path d=\"M0 0C6.414 0 8.78101 3.93299 8.78101 9.92699C8.78101 15.921 6.414 19.853 0 19.853V16.112C3.13 16.112 3.97101 13.668 3.97101 9.92699C3.97101 6.22699 3.131 3.78 0 3.78V0Z\" fill=\"currentColor\"\/>\r\n\t\t\t\t\t\t\t<\/svg>\r\n\t\t\t\t\t\t\trelated projects\t\t\t\t\t\t<\/div>\t\r\n\t\t\t\t\t\t\t\t\t\t\t<\/div>\r\n\t\t\t\t\t<div class=\"col d-none justify-content-end d-lg-flex u-verde-700\">\r\n\t\t\t\t\t\t\t\t\t\t\t\t<a href=\"\/en\/proyectos\/categoria\/sanitary\" title=\"See all\" class=\"a-btn-primary\" >\r\n\t\t\t\t\t\t\tSee all\t\t\t\r\n\t\t\t\t\t\t\t<svg class=\"__icon u-verde-500\">\r\n\t\t\t\t\t\t\t\t<use xlink:href=\"#icon-arrow-green-right\" href=\"\/i.svg#icon-arrow-green-right\"><\/use>\r\n\t\t\t\t\t\t\t<\/svg>\r\n\t\t\t\t\t\t<\/a>\r\n\t\t\t\t\t\t\t\t\t\t\t<\/div>\r\n\t\t\t\t<\/div>\r\n\t\t\t<\/div>\r\n\t\t\t\t\t\t<div class=\"container-medium u-verde-700\">\r\n\t\t\t\t<div class=\"total u-pB-l u-nmB-lastchild u-nmT-firstchild\" style=\"max-width: 800px;\">\r\n\t\t\t\t<p><span class=\"ht-two u-light\">Our experience in <span style=\"font-weight: 400;\">sanitary <\/span><\/span><\/p>\n\t\t\r\n\t\t\t\t<\/div>\r\n\t\t\t<\/div>\r\n\t\t\t\t\t\t\r\n\r\n\r\n\t\t\t<div class=\"container-medium u-verde-700\">\t\t\r\n\t\t\t\r\n\t\t\t<div class=\"m-slideDemo js-sldContentPost\">\r\n\t\t\t\t<div class=\"__loader u-bg-gray-500 u-br-m\">\r\n\t\t\t\t\t<div class=\"loader-01 u-verde-700\"><\/div>\r\n\t\t\t\t<\/div>\r\n\r\n\t\t\t\t<div class=\"__loop total\" \r\n\t\t\t\t\tdata-slidetoshow=\"2\"\r\n\t\t\t\t\tdata-slidetoshow-mob=\"1\"\r\n\t\t\t\t\tdata-slidetoshow-med=\"1\"\r\n\t\t\t\t\tdata-color-accent=\"u-verde-500\" \r\n\t\t\t\t\tstyle=\"opacity: 0; visibility:0;\">\r\n\t\t\t\t\t\r\n\t\t\t\t\t\t\t\t\t\t\t\t\t\t<div class=\"__item\">\r\n\r\n\t\t\t\t\t\t\t\t\t\t<div class=\"total m-card --cardMinProyecto u-br-l overflow-hidden u-white u-bg-verde-500\">\n\t\t<div class=\"total __bxImg\">\n\t\t<img decoding=\"async\" src=\"https:\/\/www.sando.com\/contenido\/subidas\/2024\/05\/pabellon-carlos-iii-1.jpg\" class=\"attachment-full size-full wp-post-image\" alt=\"Sando Construcci\u00f3n se encarga de los trabajos de rehabilitaci\u00f3n del edificio integral del pabell\u00f3n 12 del Instituto de Salud Carlos III.\" srcset=\"https:\/\/www.sando.com\/contenido\/subidas\/2024\/05\/pabellon-carlos-iii-1.jpg 1900w, https:\/\/www.sando.com\/contenido\/subidas\/2024\/05\/pabellon-carlos-iii-1-250x118.jpg 250w, https:\/\/www.sando.com\/contenido\/subidas\/2024\/05\/pabellon-carlos-iii-1-700x332.jpg 700w, https:\/\/www.sando.com\/contenido\/subidas\/2024\/05\/pabellon-carlos-iii-1-768x364.jpg 768w, https:\/\/www.sando.com\/contenido\/subidas\/2024\/05\/pabellon-carlos-iii-1-1536x728.jpg 1536w, https:\/\/www.sando.com\/contenido\/subidas\/2024\/05\/pabellon-carlos-iii-1-120x57.jpg 120w\" sizes=\"(max-width: 1900px) 100vw, 1900px\" \/>\t<\/div>\n\t\t\n\t<div class=\"__bxCnt u-pLR-container \">\n\t\t<div class=\"__bxTxt total u-nmB-lastchild u-nmT-firstchild\" style=\"max-width: 680px;\">\t\t\n\t\t\t\t\t\t\t<div class=\"__bx total u-pB-xs\">\n\t\t\t\t\t\t\t\t\t\t<div class=\"a-iconText u-white\">\n\t\t\t\t\t\t<svg class=\"__icon\">\n\t\t\t\t\t\t\t<use xlink:href=\"#hospitality-and-educational\" href=\"\/i.svg#hospitality-and-educational\"><\/use>\n\t\t\t\t\t\t<\/svg>\n\t\t\t\t\t\t<div class=\"__bxText ht-body-m uppercase u-bold\"><a href=\"\/en\/specialisations\/sustainable-building\/hospitality-and-educational\" title=\"Construction of hotels and educational centers\" target=\"_blank\">Hospitality and Educational<\/a><\/div>\n\t\t\t\t\t<\/div>\n\t\t\t\t<\/div>\n\t\t\t\t\t\t\t<p class=\"ht-two u-light\">Refurbishment of Pavilion 12 of the Carlos III Health Institute<\/p>\n\t\t<\/div>\n\t\t<div class=\"__bxItems total\">\n\t\t\t<div class=\"__bx\"><img loading=\"lazy\" decoding=\"async\" width=\"96\" height=\"50\" src=\"https:\/\/www.sando.com\/contenido\/subidas\/2023\/06\/sando-construccion-neg-1.svg\" class=\"attachment-full size-full\" alt=\"\" \/><\/div>\t\t\t\t<div class=\"__bx\">\n\t\t\t\t\t<div class=\"a-iconText u-white\">\n\t\t\t\t\t\t<svg class=\"__icon\">\n\t\t\t\t\t\t\t<use xlink:href=\"#icon-location\" href=\"\/i.svg#icon-location\"><\/use>\n\t\t\t\t\t\t<\/svg>\n\t\t\t\t\t\t<div class=\"__bxText ht-body-m uppercase u-bold\">Madrid (Community of Madrid)<\/div>\n\t\t\t\t\t<\/div>\n\t\t\t\t<\/div>\n\t\t\t\t\t\t<div class=\"__bxLink total u-pT-s\">\n\t\t\t\t<a href=\"https:\/\/www.sando.com\/en\/proyectos\/refurbishment-of-pavilion-12-of-the-carlos-iii-health-institute\" title=\"Refurbishment of Pavilion 12 of the Carlos III Health Institute\" class=\"a-btn-primary u-white --without-br\">\n\t\t\t\t\tAbout the project\t\t\t\t\t\n\t\t\t\t\t<svg class=\"__icon\"><use xlink:href=\"#icon-border-arrow-right\" href=\"\/i.svg#icon-border-arrow-right\"><\/use><\/svg>\n\t\t\t\t<\/a>\n\t\t\t<\/div>\n\t\t<\/div>\n\t<\/div>\n<\/div>\t\t\t\t\t\t\t\t\t<\/div>\r\n\t\t\t\t\t\t\t\t\t\t\t\t\t\t\t\t\t\t<div class=\"__item\">\r\n\r\n\t\t\t\t\t\t\t\t\t\t<div class=\"total m-card --cardMinProyecto u-br-l overflow-hidden u-white u-bg-verde-500\">\n\t\t<div class=\"total __bxImg\">\n\t\t<img decoding=\"async\" src=\"https:\/\/www.sando.com\/contenido\/subidas\/2024\/04\/sando-museo.arqueologico-alcala-henares.jpg\" class=\"attachment-full size-full wp-post-image\" alt=\"Sando construye el nuevo edificio que act\u00faa como ampliaci\u00f3n del Museo Arqueol\u00f3gico Regional de la Comunidad de Madrid, en Alcal\u00e1 de Henares.\" srcset=\"https:\/\/www.sando.com\/contenido\/subidas\/2024\/04\/sando-museo.arqueologico-alcala-henares.jpg 1900w, https:\/\/www.sando.com\/contenido\/subidas\/2024\/04\/sando-museo.arqueologico-alcala-henares-250x118.jpg 250w, https:\/\/www.sando.com\/contenido\/subidas\/2024\/04\/sando-museo.arqueologico-alcala-henares-700x332.jpg 700w, https:\/\/www.sando.com\/contenido\/subidas\/2024\/04\/sando-museo.arqueologico-alcala-henares-768x364.jpg 768w, https:\/\/www.sando.com\/contenido\/subidas\/2024\/04\/sando-museo.arqueologico-alcala-henares-1536x728.jpg 1536w, https:\/\/www.sando.com\/contenido\/subidas\/2024\/04\/sando-museo.arqueologico-alcala-henares-120x57.jpg 120w\" sizes=\"(max-width: 1900px) 100vw, 1900px\" \/>\t<\/div>\n\t\t\n\t<div class=\"__bxCnt u-pLR-container \">\n\t\t<div class=\"__bxTxt total u-nmB-lastchild u-nmT-firstchild\" style=\"max-width: 680px;\">\t\t\n\t\t\t\t\t\t\t<div class=\"__bx total u-pB-xs\">\n\t\t\t\t\t\t\t\t\t\t<div class=\"a-iconText u-white\">\n\t\t\t\t\t\t<svg class=\"__icon\">\n\t\t\t\t\t\t\t<use xlink:href=\"#construction-and-refurbishment-of-offices\" href=\"\/i.svg#construction-and-refurbishment-of-offices\"><\/use>\n\t\t\t\t\t\t<\/svg>\n\t\t\t\t\t\t<div class=\"__bxText ht-body-m uppercase u-bold\"><a href=\"\/en\/specialisations\/sustainable-building\/construction-and-refurbishment-of-offices\" title=\"Construction and refurbishment of offices\" target=\"_blank\">Construction and refurbishment of offices<\/a><\/div>\n\t\t\t\t\t<\/div>\n\t\t\t\t<\/div>\n\t\t\t\t\t\t\t<p class=\"ht-two u-light\">Alcal\u00e1 de Henares Archaeological Museum<\/p>\n\t\t<\/div>\n\t\t<div class=\"__bxItems total\">\n\t\t\t<div class=\"__bx\"><img loading=\"lazy\" decoding=\"async\" width=\"96\" height=\"50\" src=\"https:\/\/www.sando.com\/contenido\/subidas\/2023\/06\/sando-construccion-neg-1.svg\" class=\"attachment-full size-full\" alt=\"\" \/><\/div>\t\t\t\t<div class=\"__bx\">\n\t\t\t\t\t<div class=\"a-iconText u-white\">\n\t\t\t\t\t\t<svg class=\"__icon\">\n\t\t\t\t\t\t\t<use xlink:href=\"#icon-location\" href=\"\/i.svg#icon-location\"><\/use>\n\t\t\t\t\t\t<\/svg>\n\t\t\t\t\t\t<div class=\"__bxText ht-body-m uppercase u-bold\">Madrid (Community of Madrid)<\/div>\n\t\t\t\t\t<\/div>\n\t\t\t\t<\/div>\n\t\t\t\t\t\t<div class=\"__bxLink total u-pT-s\">\n\t\t\t\t<a href=\"https:\/\/www.sando.com\/en\/proyectos\/alcala-de-henares-archaeological-museum\" title=\"Alcal\u00e1 de Henares Archaeological Museum\" class=\"a-btn-primary u-white --without-br\">\n\t\t\t\t\tAbout the project\t\t\t\t\t\n\t\t\t\t\t<svg class=\"__icon\"><use xlink:href=\"#icon-border-arrow-right\" href=\"\/i.svg#icon-border-arrow-right\"><\/use><\/svg>\n\t\t\t\t<\/a>\n\t\t\t<\/div>\n\t\t<\/div>\n\t<\/div>\n<\/div>\t\t\t\t\t\t\t\t\t<\/div>\r\n\t\t\t\t\t\t\t\t\t\t\t\t\t\t\t\t\t\t<div class=\"__item\">\r\n\r\n\t\t\t\t\t\t\t\t\t\t<div class=\"total m-card --cardMinProyecto u-br-l overflow-hidden u-white u-bg-verde-500\">\n\t\t<div class=\"total __bxImg\">\n\t\t<img decoding=\"async\" src=\"https:\/\/www.sando.com\/contenido\/subidas\/2024\/04\/aljarafe-center.jpg\" class=\"attachment-full size-full wp-post-image\" alt=\"Sando Construcci\u00f3n construye el Intercambiador de Transportes de Ciudad Expo en  el complejo Aljarafe Center en Sevilla.\" srcset=\"https:\/\/www.sando.com\/contenido\/subidas\/2024\/04\/aljarafe-center.jpg 1900w, https:\/\/www.sando.com\/contenido\/subidas\/2024\/04\/aljarafe-center-250x118.jpg 250w, https:\/\/www.sando.com\/contenido\/subidas\/2024\/04\/aljarafe-center-700x332.jpg 700w, https:\/\/www.sando.com\/contenido\/subidas\/2024\/04\/aljarafe-center-768x364.jpg 768w, https:\/\/www.sando.com\/contenido\/subidas\/2024\/04\/aljarafe-center-1536x728.jpg 1536w, https:\/\/www.sando.com\/contenido\/subidas\/2024\/04\/aljarafe-center-120x57.jpg 120w\" sizes=\"(max-width: 1900px) 100vw, 1900px\" \/>\t<\/div>\n\t\t\n\t<div class=\"__bxCnt u-pLR-container \">\n\t\t<div class=\"__bxTxt total u-nmB-lastchild u-nmT-firstchild\" style=\"max-width: 680px;\">\t\t\n\t\t\t\t\t\t\t<div class=\"__bx total u-pB-xs\">\n\t\t\t\t\t\t\t\t\t\t<div class=\"a-iconText u-white\">\n\t\t\t\t\t\t<svg class=\"__icon\">\n\t\t\t\t\t\t\t<use xlink:href=\"#construction-and-refurbishment-of-offices\" href=\"\/i.svg#construction-and-refurbishment-of-offices\"><\/use>\n\t\t\t\t\t\t<\/svg>\n\t\t\t\t\t\t<div class=\"__bxText ht-body-m uppercase u-bold\">Construction and refurbishment of offices<\/div>\n\t\t\t\t\t<\/div>\n\t\t\t\t<\/div>\n\t\t\t\t\t\t\t<p class=\"ht-two u-light\">Aljarafe Central Complex<\/p>\n\t\t<\/div>\n\t\t<div class=\"__bxItems total\">\n\t\t\t<div class=\"__bx\"><img loading=\"lazy\" decoding=\"async\" width=\"96\" height=\"50\" src=\"https:\/\/www.sando.com\/contenido\/subidas\/2023\/06\/sando-construccion-neg-1.svg\" class=\"attachment-full size-full\" alt=\"\" \/><\/div>\t\t\t\t<div class=\"__bx\">\n\t\t\t\t\t<div class=\"a-iconText u-white\">\n\t\t\t\t\t\t<svg class=\"__icon\">\n\t\t\t\t\t\t\t<use xlink:href=\"#icon-location\" href=\"\/i.svg#icon-location\"><\/use>\n\t\t\t\t\t\t<\/svg>\n\t\t\t\t\t\t<div class=\"__bxText ht-body-m uppercase u-bold\">Seville (Andalusia)<\/div>\n\t\t\t\t\t<\/div>\n\t\t\t\t<\/div>\n\t\t\t\t\t\t<div class=\"__bxLink total u-pT-s\">\n\t\t\t\t<a href=\"https:\/\/www.sando.com\/en\/proyectos\/aljarafe-central-complex\" title=\"Aljarafe Central Complex\" class=\"a-btn-primary u-white --without-br\">\n\t\t\t\t\tAbout the project\t\t\t\t\t\n\t\t\t\t\t<svg class=\"__icon\"><use xlink:href=\"#icon-border-arrow-right\" href=\"\/i.svg#icon-border-arrow-right\"><\/use><\/svg>\n\t\t\t\t<\/a>\n\t\t\t<\/div>\n\t\t<\/div>\n\t<\/div>\n<\/div>\t\t\t\t\t\t\t\t\t<\/div>\r\n\t\t\t\t\t\t\t\t\t\t\t\t\t\t\t\t\t\t<div class=\"__item\">\r\n\r\n\t\t\t\t\t\t\t\t\t\t<div class=\"total m-card --cardMinProyecto u-br-l overflow-hidden u-white u-bg-verde-500\">\n\t\t<div class=\"total __bxImg\">\n\t\t<img decoding=\"async\" src=\"https:\/\/www.sando.com\/contenido\/subidas\/2024\/04\/mantenimiento-viales-algeciras.jpg\" class=\"attachment-full size-full wp-post-image\" alt=\"El mantenimiento de viales en l bah\u00eda de Algeciras abarca distintas actuaciones en los puertos de la Autoridad Portuaria.\" srcset=\"https:\/\/www.sando.com\/contenido\/subidas\/2024\/04\/mantenimiento-viales-algeciras.jpg 1900w, https:\/\/www.sando.com\/contenido\/subidas\/2024\/04\/mantenimiento-viales-algeciras-250x118.jpg 250w, https:\/\/www.sando.com\/contenido\/subidas\/2024\/04\/mantenimiento-viales-algeciras-700x332.jpg 700w, https:\/\/www.sando.com\/contenido\/subidas\/2024\/04\/mantenimiento-viales-algeciras-768x364.jpg 768w, https:\/\/www.sando.com\/contenido\/subidas\/2024\/04\/mantenimiento-viales-algeciras-1536x728.jpg 1536w, https:\/\/www.sando.com\/contenido\/subidas\/2024\/04\/mantenimiento-viales-algeciras-120x57.jpg 120w\" sizes=\"(max-width: 1900px) 100vw, 1900px\" \/>\t<\/div>\n\t\t\n\t<div class=\"__bxCnt u-pLR-container \">\n\t\t<div class=\"__bxTxt total u-nmB-lastchild u-nmT-firstchild\" style=\"max-width: 680px;\">\t\t\n\t\t\t\t\t\t\t<div class=\"__bx total u-pB-xs\">\n\t\t\t\t\t\t\t\t\t\t<div class=\"a-iconText u-white\">\n\t\t\t\t\t\t<svg class=\"__icon\">\n\t\t\t\t\t\t\t<use xlink:href=\"#promenades-and-public-spaces\" href=\"\/i.svg#promenades-and-public-spaces\"><\/use>\n\t\t\t\t\t\t<\/svg>\n\t\t\t\t\t\t<div class=\"__bxText ht-body-m uppercase u-bold\"><a href=\"\/en\/specialisations\/urban-conservation-and-smart-cities\/promenades-and-public-spaces\" title=\"Maintenance and upkeep of promenades and public spaces\" target=\"_blank\">Promenades<\/a> and public spaces<\/div>\n\t\t\t\t\t<\/div>\n\t\t\t\t<\/div>\n\t\t\t\t\t\t\t<p class=\"ht-two u-light\">Maintenance of <a href=\"\/en\/specialisations\/transport-infrastructure\/transport-and-mobility\/roads\" title=\"We build and renovate highways, freeways and roads\" target=\"_blank\">Roads<\/a> in the Bay of Algeciras<\/p>\n\t\t<\/div>\n\t\t<div class=\"__bxItems total\">\n\t\t\t<div class=\"__bx\"><img loading=\"lazy\" decoding=\"async\" width=\"106\" height=\"51\" src=\"https:\/\/www.sando.com\/contenido\/subidas\/2023\/12\/conacon-neg.svg\" class=\"attachment-full size-full\" alt=\"\" \/><\/div>\t\t\t\t<div class=\"__bx\">\n\t\t\t\t\t<div class=\"a-iconText u-white\">\n\t\t\t\t\t\t<svg class=\"__icon\">\n\t\t\t\t\t\t\t<use xlink:href=\"#icon-location\" href=\"\/i.svg#icon-location\"><\/use>\n\t\t\t\t\t\t<\/svg>\n\t\t\t\t\t\t<div class=\"__bxText ht-body-m uppercase u-bold\">Algeciras (Andalusia)<\/div>\n\t\t\t\t\t<\/div>\n\t\t\t\t<\/div>\n\t\t\t\t\t\t<div class=\"__bxLink total u-pT-s\">\n\t\t\t\t<a href=\"https:\/\/www.sando.com\/en\/proyectos\/maintenance-of-roads-in-the-bay-of-algeciras\" title=\"Maintenance of roads in the Bay of Algeciras\" class=\"a-btn-primary u-white --without-br\">\n\t\t\t\t\tAbout the project\t\t\t\t\t\n\t\t\t\t\t<svg class=\"__icon\"><use xlink:href=\"#icon-border-arrow-right\" href=\"\/i.svg#icon-border-arrow-right\"><\/use><\/svg>\n\t\t\t\t<\/a>\n\t\t\t<\/div>\n\t\t<\/div>\n\t<\/div>\n<\/div>\t\t\t\t\t\t\t\t\t<\/div>\r\n\t\t\t\t\t\t\t\t\t\t\t\t\t\t\t\t\t\t<div class=\"__item\">\r\n\r\n\t\t\t\t\t\t\t\t\t\t<div class=\"total m-card --cardMinProyecto u-br-l overflow-hidden u-white u-bg-verde-500\">\n\t\t<div class=\"total __bxImg\">\n\t\t<img decoding=\"async\" src=\"https:\/\/www.sando.com\/contenido\/subidas\/2024\/04\/hospital-victoria.jpg\" class=\"attachment-full size-full wp-post-image\" alt=\"Sando Construcci\u00f3n realiza la reforma y ampliaci\u00f3n del Hospital de D\u00eda Onco-Hematol\u00f3gico del Hospital Virgen de la Victoria de M\u00e1laga.\" srcset=\"https:\/\/www.sando.com\/contenido\/subidas\/2024\/04\/hospital-victoria.jpg 1900w, https:\/\/www.sando.com\/contenido\/subidas\/2024\/04\/hospital-victoria-250x118.jpg 250w, https:\/\/www.sando.com\/contenido\/subidas\/2024\/04\/hospital-victoria-700x332.jpg 700w, https:\/\/www.sando.com\/contenido\/subidas\/2024\/04\/hospital-victoria-768x364.jpg 768w, https:\/\/www.sando.com\/contenido\/subidas\/2024\/04\/hospital-victoria-1536x728.jpg 1536w, https:\/\/www.sando.com\/contenido\/subidas\/2024\/04\/hospital-victoria-120x57.jpg 120w\" sizes=\"(max-width: 1900px) 100vw, 1900px\" \/>\t<\/div>\n\t\t\n\t<div class=\"__bxCnt u-pLR-container \">\n\t\t<div class=\"__bxTxt total u-nmB-lastchild u-nmT-firstchild\" style=\"max-width: 680px;\">\t\t\n\t\t\t\t\t\t\t<div class=\"__bx total u-pB-xs\">\n\t\t\t\t\t\t\t\t\t\t<div class=\"a-iconText u-white\">\n\t\t\t\t\t\t<svg class=\"__icon\">\n\t\t\t\t\t\t\t<use xlink:href=\"#sanitary\" href=\"\/i.svg#sanitary\"><\/use>\n\t\t\t\t\t\t<\/svg>\n\t\t\t\t\t\t<div class=\"__bxText ht-body-m uppercase u-bold\">Sanitary<\/div>\n\t\t\t\t\t<\/div>\n\t\t\t\t<\/div>\n\t\t\t\t\t\t\t<p class=\"ht-two u-light\">Hospital Virgen de la Victoria<\/p>\n\t\t<\/div>\n\t\t<div class=\"__bxItems total\">\n\t\t\t<div class=\"__bx\"><img loading=\"lazy\" decoding=\"async\" width=\"96\" height=\"50\" src=\"https:\/\/www.sando.com\/contenido\/subidas\/2023\/06\/sando-construccion-neg-1.svg\" class=\"attachment-full size-full\" alt=\"\" \/><\/div>\t\t\t\t<div class=\"__bx\">\n\t\t\t\t\t<div class=\"a-iconText u-white\">\n\t\t\t\t\t\t<svg class=\"__icon\">\n\t\t\t\t\t\t\t<use xlink:href=\"#icon-location\" href=\"\/i.svg#icon-location\"><\/use>\n\t\t\t\t\t\t<\/svg>\n\t\t\t\t\t\t<div class=\"__bxText ht-body-m uppercase u-bold\">C\u00e1rtama (Andalusia)<\/div>\n\t\t\t\t\t<\/div>\n\t\t\t\t<\/div>\n\t\t\t\t\t\t<div class=\"__bxLink total u-pT-s\">\n\t\t\t\t<a href=\"https:\/\/www.sando.com\/en\/proyectos\/hospital-virgen-de-la-victoria\" title=\"Hospital Virgen de la Victoria\" class=\"a-btn-primary u-white --without-br\">\n\t\t\t\t\tAbout the project\t\t\t\t\t\n\t\t\t\t\t<svg class=\"__icon\"><use xlink:href=\"#icon-border-arrow-right\" href=\"\/i.svg#icon-border-arrow-right\"><\/use><\/svg>\n\t\t\t\t<\/a>\n\t\t\t<\/div>\n\t\t<\/div>\n\t<\/div>\n<\/div>\t\t\t\t\t\t\t\t\t<\/div>\r\n\t\t\t\t\t\t\t\t\t\t\t\t\t\t\t\t\t\t<div class=\"__item\">\r\n\r\n\t\t\t\t\t\t\t\t\t\t<div class=\"total m-card --cardMinProyecto u-br-l overflow-hidden u-white u-bg-verde-500\">\n\t\t<div class=\"total __bxImg\">\n\t\t<img decoding=\"async\" src=\"https:\/\/www.sando.com\/contenido\/subidas\/2024\/04\/hospital-quiron-marbella.jpg\" class=\"attachment-full size-full wp-post-image\" alt=\"Hospital Quir\u00f3n Marbella\" srcset=\"https:\/\/www.sando.com\/contenido\/subidas\/2024\/04\/hospital-quiron-marbella.jpg 1900w, https:\/\/www.sando.com\/contenido\/subidas\/2024\/04\/hospital-quiron-marbella-250x118.jpg 250w, https:\/\/www.sando.com\/contenido\/subidas\/2024\/04\/hospital-quiron-marbella-700x332.jpg 700w, https:\/\/www.sando.com\/contenido\/subidas\/2024\/04\/hospital-quiron-marbella-768x364.jpg 768w, https:\/\/www.sando.com\/contenido\/subidas\/2024\/04\/hospital-quiron-marbella-1536x728.jpg 1536w, https:\/\/www.sando.com\/contenido\/subidas\/2024\/04\/hospital-quiron-marbella-120x57.jpg 120w\" sizes=\"(max-width: 1900px) 100vw, 1900px\" \/>\t<\/div>\n\t\t\n\t<div class=\"__bxCnt u-pLR-container \">\n\t\t<div class=\"__bxTxt total u-nmB-lastchild u-nmT-firstchild\" style=\"max-width: 680px;\">\t\t\n\t\t\t\t\t\t\t<div class=\"__bx total u-pB-xs\">\n\t\t\t\t\t\t\t\t\t\t<div class=\"a-iconText u-white\">\n\t\t\t\t\t\t<svg class=\"__icon\">\n\t\t\t\t\t\t\t<use xlink:href=\"#sanitary\" href=\"\/i.svg#sanitary\"><\/use>\n\t\t\t\t\t\t<\/svg>\n\t\t\t\t\t\t<div class=\"__bxText ht-body-m uppercase u-bold\">Sanitary<\/div>\n\t\t\t\t\t<\/div>\n\t\t\t\t<\/div>\n\t\t\t\t\t\t\t<p class=\"ht-two u-light\">Hospital de Quir\u00f3nsalud en Marbella<\/p>\n\t\t<\/div>\n\t\t<div class=\"__bxItems total\">\n\t\t\t<div class=\"__bx\"><img loading=\"lazy\" decoding=\"async\" width=\"96\" height=\"50\" src=\"https:\/\/www.sando.com\/contenido\/subidas\/2023\/06\/sando-construccion-neg-1.svg\" class=\"attachment-full size-full\" alt=\"\" \/><\/div>\t\t\t\t<div class=\"__bx\">\n\t\t\t\t\t<div class=\"a-iconText u-white\">\n\t\t\t\t\t\t<svg class=\"__icon\">\n\t\t\t\t\t\t\t<use xlink:href=\"#icon-location\" href=\"\/i.svg#icon-location\"><\/use>\n\t\t\t\t\t\t<\/svg>\n\t\t\t\t\t\t<div class=\"__bxText ht-body-m uppercase u-bold\">Marbella (Andalusia)<\/div>\n\t\t\t\t\t<\/div>\n\t\t\t\t<\/div>\n\t\t\t\t\t\t<div class=\"__bxLink total u-pT-s\">\n\t\t\t\t<a href=\"https:\/\/www.sando.com\/en\/proyectos\/hospital-de-quironsalud-en-marbella\" title=\"Hospital de Quir\u00f3nsalud en Marbella\" class=\"a-btn-primary u-white --without-br\">\n\t\t\t\t\tAbout the project\t\t\t\t\t\n\t\t\t\t\t<svg class=\"__icon\"><use xlink:href=\"#icon-border-arrow-right\" href=\"\/i.svg#icon-border-arrow-right\"><\/use><\/svg>\n\t\t\t\t<\/a>\n\t\t\t<\/div>\n\t\t<\/div>\n\t<\/div>\n<\/div>\t\t\t\t\t\t\t\t\t<\/div>\r\n\t\t\t\t\t\t\t\t\t\t\t\t\t\t\t\t\t\t<div class=\"__item\">\r\n\r\n\t\t\t\t\t\t\t\t\t\t<div class=\"total m-card --cardMinProyecto u-br-l overflow-hidden u-white u-bg-verde-500\">\n\t\t<div class=\"total __bxImg\">\n\t\t<img decoding=\"async\" src=\"https:\/\/www.sando.com\/contenido\/subidas\/2024\/04\/viario-bormujos.jpg\" class=\"attachment-full size-full wp-post-image\" alt=\"Conacon Sando se encarga del mantenimiento del viario de Bormujos en Sevilla, con acciones para la mejora de la accesibilidad.\" srcset=\"https:\/\/www.sando.com\/contenido\/subidas\/2024\/04\/viario-bormujos.jpg 1900w, https:\/\/www.sando.com\/contenido\/subidas\/2024\/04\/viario-bormujos-250x118.jpg 250w, https:\/\/www.sando.com\/contenido\/subidas\/2024\/04\/viario-bormujos-700x332.jpg 700w, https:\/\/www.sando.com\/contenido\/subidas\/2024\/04\/viario-bormujos-768x364.jpg 768w, https:\/\/www.sando.com\/contenido\/subidas\/2024\/04\/viario-bormujos-1536x728.jpg 1536w, https:\/\/www.sando.com\/contenido\/subidas\/2024\/04\/viario-bormujos-120x57.jpg 120w\" sizes=\"(max-width: 1900px) 100vw, 1900px\" \/>\t<\/div>\n\t\t\n\t<div class=\"__bxCnt u-pLR-container \">\n\t\t<div class=\"__bxTxt total u-nmB-lastchild u-nmT-firstchild\" style=\"max-width: 680px;\">\t\t\n\t\t\t\t\t\t\t<div class=\"__bx total u-pB-xs\">\n\t\t\t\t\t\t\t\t\t\t<div class=\"a-iconText u-white\">\n\t\t\t\t\t\t<svg class=\"__icon\">\n\t\t\t\t\t\t\t<use xlink:href=\"#promenades-and-public-spaces\" href=\"\/i.svg#promenades-and-public-spaces\"><\/use>\n\t\t\t\t\t\t<\/svg>\n\t\t\t\t\t\t<div class=\"__bxText ht-body-m uppercase u-bold\">Promenades and public spaces<\/div>\n\t\t\t\t\t<\/div>\n\t\t\t\t<\/div>\n\t\t\t\t\t\t\t<p class=\"ht-two u-light\">Bormujos Road Maintenance<\/p>\n\t\t<\/div>\n\t\t<div class=\"__bxItems total\">\n\t\t\t<div class=\"__bx\"><img loading=\"lazy\" decoding=\"async\" width=\"106\" height=\"51\" src=\"https:\/\/www.sando.com\/contenido\/subidas\/2023\/12\/conacon-neg.svg\" class=\"attachment-full size-full\" alt=\"\" \/><\/div>\t\t\t\t<div class=\"__bx\">\n\t\t\t\t\t<div class=\"a-iconText u-white\">\n\t\t\t\t\t\t<svg class=\"__icon\">\n\t\t\t\t\t\t\t<use xlink:href=\"#icon-location\" href=\"\/i.svg#icon-location\"><\/use>\n\t\t\t\t\t\t<\/svg>\n\t\t\t\t\t\t<div class=\"__bxText ht-body-m uppercase u-bold\">Seville (Andalusia)<\/div>\n\t\t\t\t\t<\/div>\n\t\t\t\t<\/div>\n\t\t\t\t\t\t<div class=\"__bxLink total u-pT-s\">\n\t\t\t\t<a href=\"https:\/\/www.sando.com\/en\/proyectos\/bormujos-road-maintenance\" title=\"Bormujos Road Maintenance\" class=\"a-btn-primary u-white --without-br\">\n\t\t\t\t\tAbout the project\t\t\t\t\t\n\t\t\t\t\t<svg class=\"__icon\"><use xlink:href=\"#icon-border-arrow-right\" href=\"\/i.svg#icon-border-arrow-right\"><\/use><\/svg>\n\t\t\t\t<\/a>\n\t\t\t<\/div>\n\t\t<\/div>\n\t<\/div>\n<\/div>\t\t\t\t\t\t\t\t\t<\/div>\r\n\t\t\t\t\t\t\t\t\t\t\t\t\t\t\t\t\t\t<div class=\"__item\">\r\n\r\n\t\t\t\t\t\t\t\t\t\t<div class=\"total m-card --cardMinProyecto u-br-l overflow-hidden u-white u-bg-verde-500\">\n\t\t<div class=\"total __bxImg\">\n\t\t<img decoding=\"async\" src=\"https:\/\/www.sando.com\/contenido\/subidas\/2024\/04\/castellana-44.jpg\" class=\"attachment-full size-full wp-post-image\" alt=\"Rehabilitaci\u00f3n del edificio del Consorcio de Compensaci\u00f3n de Seguros, situado en el Paseo de la Castellana 44 Madrid.\" srcset=\"https:\/\/www.sando.com\/contenido\/subidas\/2024\/04\/castellana-44.jpg 1900w, https:\/\/www.sando.com\/contenido\/subidas\/2024\/04\/castellana-44-250x118.jpg 250w, https:\/\/www.sando.com\/contenido\/subidas\/2024\/04\/castellana-44-700x332.jpg 700w, https:\/\/www.sando.com\/contenido\/subidas\/2024\/04\/castellana-44-768x364.jpg 768w, https:\/\/www.sando.com\/contenido\/subidas\/2024\/04\/castellana-44-1536x728.jpg 1536w, https:\/\/www.sando.com\/contenido\/subidas\/2024\/04\/castellana-44-120x57.jpg 120w\" sizes=\"(max-width: 1900px) 100vw, 1900px\" \/>\t<\/div>\n\t\t\n\t<div class=\"__bxCnt u-pLR-container \">\n\t\t<div class=\"__bxTxt total u-nmB-lastchild u-nmT-firstchild\" style=\"max-width: 680px;\">\t\t\n\t\t\t\t\t\t\t<div class=\"__bx total u-pB-xs\">\n\t\t\t\t\t\t\t\t\t\t<div class=\"a-iconText u-white\">\n\t\t\t\t\t\t<svg class=\"__icon\">\n\t\t\t\t\t\t\t<use xlink:href=\"#construction-and-refurbishment-of-offices\" href=\"\/i.svg#construction-and-refurbishment-of-offices\"><\/use>\n\t\t\t\t\t\t<\/svg>\n\t\t\t\t\t\t<div class=\"__bxText ht-body-m uppercase u-bold\">Construction and refurbishment of offices<\/div>\n\t\t\t\t\t<\/div>\n\t\t\t\t<\/div>\n\t\t\t\t\t\t\t<p class=\"ht-two u-light\">Consorcio Seguros Building Castellana 44<\/p>\n\t\t<\/div>\n\t\t<div class=\"__bxItems total\">\n\t\t\t<div class=\"__bx\"><img loading=\"lazy\" decoding=\"async\" width=\"96\" height=\"50\" src=\"https:\/\/www.sando.com\/contenido\/subidas\/2023\/06\/sando-construccion-neg-1.svg\" class=\"attachment-full size-full\" alt=\"\" \/><\/div>\t\t\t\t<div class=\"__bx\">\n\t\t\t\t\t<div class=\"a-iconText u-white\">\n\t\t\t\t\t\t<svg class=\"__icon\">\n\t\t\t\t\t\t\t<use xlink:href=\"#icon-location\" href=\"\/i.svg#icon-location\"><\/use>\n\t\t\t\t\t\t<\/svg>\n\t\t\t\t\t\t<div class=\"__bxText ht-body-m uppercase u-bold\">Madrid (Community of Madrid)<\/div>\n\t\t\t\t\t<\/div>\n\t\t\t\t<\/div>\n\t\t\t\t\t\t<div class=\"__bxLink total u-pT-s\">\n\t\t\t\t<a href=\"https:\/\/www.sando.com\/en\/proyectos\/consorcio-seguros-building-castellana-44\" title=\"Consorcio Seguros Building Castellana 44\" class=\"a-btn-primary u-white --without-br\">\n\t\t\t\t\tAbout the project\t\t\t\t\t\n\t\t\t\t\t<svg class=\"__icon\"><use xlink:href=\"#icon-border-arrow-right\" href=\"\/i.svg#icon-border-arrow-right\"><\/use><\/svg>\n\t\t\t\t<\/a>\n\t\t\t<\/div>\n\t\t<\/div>\n\t<\/div>\n<\/div>\t\t\t\t\t\t\t\t\t<\/div>\r\n\t\t\t\t\t\t\t\t\t\t\t\t\t\t\t\t\t\t<div class=\"__item\">\r\n\r\n\t\t\t\t\t\t\t\t\t\t<div class=\"total m-card --cardMinProyecto u-br-l overflow-hidden u-white u-bg-verde-500\">\n\t\t<div class=\"total __bxImg\">\n\t\t<img decoding=\"async\" src=\"https:\/\/www.sando.com\/contenido\/subidas\/2024\/04\/logisticas-mayoral.jpg\" class=\"attachment-full size-full wp-post-image\" alt=\"Sando Construcci\u00f3n ejecuta las nuevas instalaciones log\u00edsticas de Mayoral Moda Infantil en el pol\u00edgono industrial Intelhorce, en M\u00e1laga.\" srcset=\"https:\/\/www.sando.com\/contenido\/subidas\/2024\/04\/logisticas-mayoral.jpg 1900w, https:\/\/www.sando.com\/contenido\/subidas\/2024\/04\/logisticas-mayoral-250x118.jpg 250w, https:\/\/www.sando.com\/contenido\/subidas\/2024\/04\/logisticas-mayoral-700x332.jpg 700w, https:\/\/www.sando.com\/contenido\/subidas\/2024\/04\/logisticas-mayoral-768x364.jpg 768w, https:\/\/www.sando.com\/contenido\/subidas\/2024\/04\/logisticas-mayoral-1536x728.jpg 1536w, https:\/\/www.sando.com\/contenido\/subidas\/2024\/04\/logisticas-mayoral-120x57.jpg 120w\" sizes=\"(max-width: 1900px) 100vw, 1900px\" \/>\t<\/div>\n\t\t\n\t<div class=\"__bxCnt u-pLR-container \">\n\t\t<div class=\"__bxTxt total u-nmB-lastchild u-nmT-firstchild\" style=\"max-width: 680px;\">\t\t\n\t\t\t\t\t\t\t<div class=\"__bx total u-pB-xs\">\n\t\t\t\t\t\t\t\t\t\t<div class=\"a-iconText u-white\">\n\t\t\t\t\t\t<svg class=\"__icon\">\n\t\t\t\t\t\t\t<use xlink:href=\"#industrial-and-logistics\" href=\"\/i.svg#industrial-and-logistics\"><\/use>\n\t\t\t\t\t\t<\/svg>\n\t\t\t\t\t\t<div class=\"__bxText ht-body-m uppercase u-bold\"><a href=\"\/en\/specialisations\/sustainable-building\/industrial-and-logistics\" title=\"Construction of industrial and logistics buildings\" target=\"_blank\">Industrial and logistics<\/a><\/div>\n\t\t\t\t\t<\/div>\n\t\t\t\t<\/div>\n\t\t\t\t\t\t\t<p class=\"ht-two u-light\">Mayoral&#8217;s logistics facilities in Malaga<\/p>\n\t\t<\/div>\n\t\t<div class=\"__bxItems total\">\n\t\t\t<div class=\"__bx\"><img loading=\"lazy\" decoding=\"async\" width=\"96\" height=\"50\" src=\"https:\/\/www.sando.com\/contenido\/subidas\/2023\/06\/sando-construccion-neg-1.svg\" class=\"attachment-full size-full\" alt=\"\" \/><\/div>\t\t\t\t<div class=\"__bx\">\n\t\t\t\t\t<div class=\"a-iconText u-white\">\n\t\t\t\t\t\t<svg class=\"__icon\">\n\t\t\t\t\t\t\t<use xlink:href=\"#icon-location\" href=\"\/i.svg#icon-location\"><\/use>\n\t\t\t\t\t\t<\/svg>\n\t\t\t\t\t\t<div class=\"__bxText ht-body-m uppercase u-bold\">C\u00e1rtama (Andalusia)<\/div>\n\t\t\t\t\t<\/div>\n\t\t\t\t<\/div>\n\t\t\t\t\t\t<div class=\"__bxLink total u-pT-s\">\n\t\t\t\t<a href=\"https:\/\/www.sando.com\/en\/proyectos\/mayorals-logistics-facilities-in-malaga\" title=\"Mayoral&#8217;s logistics facilities in Malaga\" class=\"a-btn-primary u-white --without-br\">\n\t\t\t\t\tAbout the project\t\t\t\t\t\n\t\t\t\t\t<svg class=\"__icon\"><use xlink:href=\"#icon-border-arrow-right\" href=\"\/i.svg#icon-border-arrow-right\"><\/use><\/svg>\n\t\t\t\t<\/a>\n\t\t\t<\/div>\n\t\t<\/div>\n\t<\/div>\n<\/div>\t\t\t\t\t\t\t\t\t<\/div>\r\n\t\t\t\t\t\t\t\t\t\t\t\t\t\t\t\t\t\t<div class=\"__item\">\r\n\r\n\t\t\t\t\t\t\t\t\t\t<div class=\"total m-card --cardMinProyecto u-br-l overflow-hidden u-white u-bg-verde-500\">\n\t\t<div class=\"total __bxImg\">\n\t\t<img decoding=\"async\" src=\"https:\/\/www.sando.com\/contenido\/subidas\/2024\/04\/complejo-velazquez.jpg\" class=\"attachment-full size-full wp-post-image\" alt=\"Edificio Vel\u00e1zquez\" srcset=\"https:\/\/www.sando.com\/contenido\/subidas\/2024\/04\/complejo-velazquez.jpg 1900w, https:\/\/www.sando.com\/contenido\/subidas\/2024\/04\/complejo-velazquez-250x118.jpg 250w, https:\/\/www.sando.com\/contenido\/subidas\/2024\/04\/complejo-velazquez-700x332.jpg 700w, https:\/\/www.sando.com\/contenido\/subidas\/2024\/04\/complejo-velazquez-768x364.jpg 768w, https:\/\/www.sando.com\/contenido\/subidas\/2024\/04\/complejo-velazquez-1536x728.jpg 1536w, https:\/\/www.sando.com\/contenido\/subidas\/2024\/04\/complejo-velazquez-120x57.jpg 120w\" sizes=\"(max-width: 1900px) 100vw, 1900px\" \/>\t<\/div>\n\t\t\n\t<div class=\"__bxCnt u-pLR-container \">\n\t\t<div class=\"__bxTxt total u-nmB-lastchild u-nmT-firstchild\" style=\"max-width: 680px;\">\t\t\n\t\t\t\t\t\t\t<div class=\"__bx total u-pB-xs\">\n\t\t\t\t\t\t\t\t\t\t<div class=\"a-iconText u-white\">\n\t\t\t\t\t\t<svg class=\"__icon\">\n\t\t\t\t\t\t\t<use xlink:href=\"#construction-and-refurbishment-of-offices\" href=\"\/i.svg#construction-and-refurbishment-of-offices\"><\/use>\n\t\t\t\t\t\t<\/svg>\n\t\t\t\t\t\t<div class=\"__bxText ht-body-m uppercase u-bold\">Construction and refurbishment of offices<\/div>\n\t\t\t\t\t<\/div>\n\t\t\t\t<\/div>\n\t\t\t\t\t\t\t<p class=\"ht-two u-light\">Vel\u00e1zquez Building<\/p>\n\t\t<\/div>\n\t\t<div class=\"__bxItems total\">\n\t\t\t<div class=\"__bx\"><img loading=\"lazy\" decoding=\"async\" width=\"96\" height=\"50\" src=\"https:\/\/www.sando.com\/contenido\/subidas\/2023\/06\/sando-construccion-neg-1.svg\" class=\"attachment-full size-full\" alt=\"\" \/><\/div>\t\t\t\t<div class=\"__bx\">\n\t\t\t\t\t<div class=\"a-iconText u-white\">\n\t\t\t\t\t\t<svg class=\"__icon\">\n\t\t\t\t\t\t\t<use xlink:href=\"#icon-location\" href=\"\/i.svg#icon-location\"><\/use>\n\t\t\t\t\t\t<\/svg>\n\t\t\t\t\t\t<div class=\"__bxText ht-body-m uppercase u-bold\">Madrid (Community of Madrid)<\/div>\n\t\t\t\t\t<\/div>\n\t\t\t\t<\/div>\n\t\t\t\t\t\t<div class=\"__bxLink total u-pT-s\">\n\t\t\t\t<a href=\"https:\/\/www.sando.com\/en\/proyectos\/velazquez-building-2\" title=\"Vel\u00e1zquez Building\" class=\"a-btn-primary u-white --without-br\">\n\t\t\t\t\tAbout the project\t\t\t\t\t\n\t\t\t\t\t<svg class=\"__icon\"><use xlink:href=\"#icon-border-arrow-right\" href=\"\/i.svg#icon-border-arrow-right\"><\/use><\/svg>\n\t\t\t\t<\/a>\n\t\t\t<\/div>\n\t\t<\/div>\n\t<\/div>\n<\/div>\t\t\t\t\t\t\t\t\t<\/div>\r\n\t\t\t\t\t\t\t\t\t\r\n\t\t\t\t<\/div>\r\n\r\n\t\t\t\t<div class=\"__footer total u-pT-s\">\r\n\t\t\t\t\t<div class=\"__bx d-flex gap-4\">\r\n\t\t\t\t\t\t<div class=\"__arrow-prev a-arrowSliderCircle\" role=\"button\" aria-label=\"Anterior\">\r\n\t\t\t\t\t\t\t<svg class=\"a-icon\"><use xlink:href=\"#icon-arrow-green-left-max\" href=\"\/i.svg#icon-arrow-green-left-max\"><\/use><\/svg>\r\n\t\t\t\t\t\t<\/div>\r\n\t\t\t\t\t\t<div class=\"__arrow-next a-arrowSliderCircle\" role=\"button\" aria-label=\"Siguiente\">\r\n\t\t\t\t\t\t\t<svg class=\"a-icon\"><use xlink:href=\"#icon-arrow-green-right-max\" href=\"\/i.svg#icon-arrow-green-right-max\"><\/use><\/svg>\r\n\t\t\t\t\t\t<\/div>\r\n\t\t\t\t\t<\/div>\r\n\t\t\t\t\t<div class=\"__bx d-flex\">\r\n\t\t\t\t\t\t<div class=\"__counter\">\r\n\t\t\t\t\t\t\t<span class=\"ht-body-m u-bold __pageInfo\"><\/span>\r\n\t\t\t\t\t\t<\/div>\r\n\t\t\t\t\t<\/div>\r\n\t\t\t\t<\/div>\r\n\t\t\t<\/div>\r\n\r\n\t\t\t\t\t\t<\/div>\r\n\t\t\t\t\t\t<div class=\"total d-block d-lg-none u-pT-xl u-verde-700\">\r\n\t\t\t\t<a href=\"\/en\/proyectos\/categoria\/sanitary\" title=\"See all\" class=\"a-btn-primary\" >\r\n\t\t\t\t\tSee all\t\t\t\r\n\t\t\t\t\t<svg class=\"__icon u-verde-500\">\r\n\t\t\t\t\t\t<use xlink:href=\"#icon-arrow-green-right\" href=\"\/i.svg#icon-arrow-green-right\"><\/use>\r\n\t\t\t\t\t<\/svg>\r\n\t\t\t\t<\/a>\t\t\t\t\r\n\t\t\t<\/div>\r\n\t\t\t\t\t<\/div>\r\n\t<\/div>\r\n<\/div>\n\n<div class=\"container-full u-mB-l u-verde-700 block-slider-content-posts\"> \r\n\t<div class=\"container-max\">\r\n\t\t<div class=\"total u-bg-verde-200 u-br-l u-pTB-xl u-pLR-container overflow-hidden\">\r\n\t\t\t\r\n\t\t\t\t\t\t<div class=\"container-medium\">\r\n\t\t\t\t<div class=\"row row-cols-1 row-cols-lg-2 d-flex justify-content-between u-pB-s\">\r\n\t\t\t\t\t<div class=\"col\">\r\n\t\t\t\t\t\t\t\t\t\t\t\t<div class=\"a-tagTitle u-verde-700\">\r\n\t\t\t\t\t\t\t<svg class=\"u-verde-500\" width=\"9\" height=\"20\" viewBox=\"0 0 9 20\" fill=\"none\" xmlns=\"http:\/\/www.w3.org\/2000\/svg\">\r\n\t\t\t\t\t\t\t\t<path d=\"M0 0C6.414 0 8.78101 3.93299 8.78101 9.92699C8.78101 15.921 6.414 19.853 0 19.853V16.112C3.13 16.112 3.97101 13.668 3.97101 9.92699C3.97101 6.22699 3.131 3.78 0 3.78V0Z\" fill=\"currentColor\"\/>\r\n\t\t\t\t\t\t\t<\/svg>\r\n\t\t\t\t\t\t\t<h2>News Innovation<\/h2>\t\t\t\t\t\t<\/div>\t\r\n\t\t\t\t\t\t\t\t\t\t\t<\/div>\r\n\t\t\t\t\t<div class=\"col d-none justify-content-end d-lg-flex u-verde-700\">\r\n\t\t\t\t\t\t\t\t\t\t\t\t<a href=\"\/en\/news\/category\/innovation\" title=\"News \" class=\"a-btn-primary\" >\r\n\t\t\t\t\t\t\tSee all\t\t\t\r\n\t\t\t\t\t\t\t<svg class=\"__icon u-verde-500\">\r\n\t\t\t\t\t\t\t\t<use xlink:href=\"#icon-arrow-green-right\" href=\"\/i.svg#icon-arrow-green-right\"><\/use>\r\n\t\t\t\t\t\t\t<\/svg>\r\n\t\t\t\t\t\t<\/a>\r\n\t\t\t\t\t\t\t\t\t\t\t<\/div>\r\n\t\t\t\t<\/div>\r\n\t\t\t<\/div>\r\n\t\t\t\t\t\t\r\n\r\n\r\n\t\t\t<div class=\"container-medium u-verde-700\">\t\t\r\n\t\t\t\r\n\t\t\t<div class=\"m-slideDemo js-sldContentPost\">\r\n\t\t\t\t<div class=\"__loader u-bg-gray-500 u-br-m\">\r\n\t\t\t\t\t<div class=\"loader-01 u-verde-700\"><\/div>\r\n\t\t\t\t<\/div>\r\n\r\n\t\t\t\t<div class=\"__loop total\" \r\n\t\t\t\t\tdata-slidetoshow=\"3\"\r\n\t\t\t\t\tdata-slidetoshow-mob=\"1\"\r\n\t\t\t\t\tdata-slidetoshow-med=\"2\"\r\n\t\t\t\t\tdata-color-accent=\"u-verde-500\" \r\n\t\t\t\t\tstyle=\"opacity: 0; visibility:0;\">\r\n\t\t\t\t\t\r\n\t\t\t\t\t\t\t\t\t\t\t\t\t\t<div class=\"__item\">\r\n\r\n\t\t\t\t\t\t\t\t\t\t<div class=\"total m-cardPost u-br-l overflow-hidden --post-default\" data-max-width=\"500\">\n\t<div class=\"total __bxImg\">\n\t\t\t\t\t<img decoding=\"async\" src=\"https:\/\/www.sando.com\/contenido\/subidas\/2024\/06\/woman-foward-ranking-empresas-igualdad-sando-construccion-esm.jpg\" class=\"attachment-full size-full wp-post-image\" alt=\"Sando Construcci\u00f3n entra en el Ranking de Empresas por la Igualdad\u00a0en el n\u00famero 29, la \u00fanica constructora del pa\u00eds\" srcset=\"https:\/\/www.sando.com\/contenido\/subidas\/2024\/06\/woman-foward-ranking-empresas-igualdad-sando-construccion-esm.jpg 1200w, https:\/\/www.sando.com\/contenido\/subidas\/2024\/06\/woman-foward-ranking-empresas-igualdad-sando-construccion-esm-250x167.jpg 250w, https:\/\/www.sando.com\/contenido\/subidas\/2024\/06\/woman-foward-ranking-empresas-igualdad-sando-construccion-esm-700x467.jpg 700w, https:\/\/www.sando.com\/contenido\/subidas\/2024\/06\/woman-foward-ranking-empresas-igualdad-sando-construccion-esm-768x512.jpg 768w, https:\/\/www.sando.com\/contenido\/subidas\/2024\/06\/woman-foward-ranking-empresas-igualdad-sando-construccion-esm-120x80.jpg 120w\" sizes=\"(max-width: 1200px) 100vw, 1200px\" \/>\t\t\t<\/div>\n\t<div class=\"total __bxCnt u-br-m u-verde-700 u-bg-white\">\n\t\t\t\t<div class=\"__bxTxt total u-nmB-lastchild u-nmT-firstchild u-pB-s\">\n\t\t\t<p class=\"ht-body-l u-bold\">Sando Construcci\u00f3n enters the Corporate Equality Index at number 29, the only construction company in the country<\/p>\n\t\t<\/div>\n\t\t<div class=\"__bxItems total\">\n\t\t\t\t\t\t\t\t<\/div>\n\t<\/div>\n\t<a href=\"https:\/\/www.sando.com\/en\/actualidad\/sando-construccion-enters-the-corporate-equality-index-at-number-29-the-only-construction-company-in-the-country\" title=\"Sando Construcci\u00f3n enters the Corporate Equality Index at number 29, the only construction company in the country\" class=\"__bxLink u-br-l u-verde-500\"><\/a>\t\t\t\t\t\t\t\n<\/div>\n\t\t\t\t\t\t\t\t\t<\/div>\r\n\t\t\t\t\t\t\t\t\t\t\t\t\t\t\t\t\t\t<div class=\"__item\">\r\n\r\n\t\t\t\t\t\t\t\t\t\t<div class=\"total m-cardPost u-br-l overflow-hidden --post-default\" data-max-width=\"500\">\n\t<div class=\"total __bxImg\">\n\t\t\t\t\t<img decoding=\"async\" src=\"https:\/\/www.sando.com\/contenido\/subidas\/2024\/01\/neutralizacioncarbonoalthenia.jpg\" class=\"attachment-full size-full wp-post-image\" alt=\"\" srcset=\"https:\/\/www.sando.com\/contenido\/subidas\/2024\/01\/neutralizacioncarbonoalthenia.jpg 1200w, https:\/\/www.sando.com\/contenido\/subidas\/2024\/01\/neutralizacioncarbonoalthenia-250x167.jpg 250w, https:\/\/www.sando.com\/contenido\/subidas\/2024\/01\/neutralizacioncarbonoalthenia-700x467.jpg 700w, https:\/\/www.sando.com\/contenido\/subidas\/2024\/01\/neutralizacioncarbonoalthenia-768x512.jpg 768w, https:\/\/www.sando.com\/contenido\/subidas\/2024\/01\/neutralizacioncarbonoalthenia-120x80.jpg 120w\" sizes=\"(max-width: 1200px) 100vw, 1200px\" \/>\t\t\t<\/div>\n\t<div class=\"total __bxCnt u-br-m u-verde-700 u-bg-white\">\n\t\t\t\t<div class=\"__bxTxt total u-nmB-lastchild u-nmT-firstchild u-pB-s\">\n\t\t\t<p class=\"ht-body-l u-bold\"><a href=\"\/en\/althenia-sando\" title=\"Integral environmental services\" target=\"_blank\">Althenia<\/a>, solutions for <a href=\"\/en\/specialisations\/energy-and-decarbonisation\/decarbonisation-and-neutralisation\" title=\"Decarbonization and carbon neutralization solutions\" target=\"_blank\">Decarbonization<\/a> and CO2 neutralization<\/p>\n\t\t<\/div>\n\t\t<div class=\"__bxItems total\">\n\t\t\t\t\t\t\t\t<\/div>\n\t<\/div>\n\t<a href=\"https:\/\/www.sando.com\/en\/actualidad\/althenia-solutions-for-decarbonization-and-co2-neutralization\" title=\"Althenia, solutions for decarbonization and CO2 neutralization\" class=\"__bxLink u-br-l u-verde-500\"><\/a>\t\t\t\t\t\t\t\n<\/div>\n\t\t\t\t\t\t\t\t\t<\/div>\r\n\t\t\t\t\t\t\t\t\t\t\t\t\t\t\t\t\t\t<div class=\"__item\">\r\n\r\n\t\t\t\t\t\t\t\t\t\t<div class=\"total m-cardPost u-br-l overflow-hidden --post-default\" data-max-width=\"500\">\n\t<div class=\"total __bxImg\">\n\t\t\t\t\t<img decoding=\"async\" src=\"https:\/\/www.sando.com\/contenido\/subidas\/2023\/10\/predictedar-mantenimiento-predictivo-sando-agua.jpg\" class=\"attachment-full size-full wp-post-image\" alt=\"Sando y Sando Agua est\u00e1n desarrollando en un proyecto de I+D+i un sistema con Inteligencia Artificial (IA) para el mantenimiento predictivo\" srcset=\"https:\/\/www.sando.com\/contenido\/subidas\/2023\/10\/predictedar-mantenimiento-predictivo-sando-agua.jpg 1200w, https:\/\/www.sando.com\/contenido\/subidas\/2023\/10\/predictedar-mantenimiento-predictivo-sando-agua-250x167.jpg 250w, https:\/\/www.sando.com\/contenido\/subidas\/2023\/10\/predictedar-mantenimiento-predictivo-sando-agua-768x512.jpg 768w, https:\/\/www.sando.com\/contenido\/subidas\/2023\/10\/predictedar-mantenimiento-predictivo-sando-agua-700x467.jpg 700w, https:\/\/www.sando.com\/contenido\/subidas\/2023\/10\/predictedar-mantenimiento-predictivo-sando-agua-120x80.jpg 120w\" sizes=\"(max-width: 1200px) 100vw, 1200px\" \/>\t\t\t<\/div>\n\t<div class=\"total __bxCnt u-br-m u-verde-700 u-bg-white\">\n\t\t\t\t<div class=\"__bxTxt total u-nmB-lastchild u-nmT-firstchild u-pB-s\">\n\t\t\t<p class=\"ht-body-l u-bold\">Sando applies AI to the predictive maintenance of wastewater treatment plants<\/p>\n\t\t<\/div>\n\t\t<div class=\"__bxItems total\">\n\t\t\t\t\t\t\t\t<\/div>\n\t<\/div>\n\t<a href=\"https:\/\/www.sando.com\/en\/actualidad\/sando-applies-ai-to-the-predictive-maintenance-of-wastewater-treatment-plants\" title=\"Sando applies AI to the predictive maintenance of wastewater treatment plants\" class=\"__bxLink u-br-l u-verde-500\"><\/a>\t\t\t\t\t\t\t\n<\/div>\n\t\t\t\t\t\t\t\t\t<\/div>\r\n\t\t\t\t\t\t\t\t\t\t\t\t\t\t\t\t\t\t<div class=\"__item\">\r\n\r\n\t\t\t\t\t\t\t\t\t\t<div class=\"total m-cardPost u-br-l overflow-hidden --post-default\" data-max-width=\"500\">\n\t<div class=\"total __bxImg\">\n\t\t\t\t\t<img decoding=\"async\" src=\"https:\/\/www.sando.com\/contenido\/subidas\/2023\/09\/Althenia-gestion-residuos-industriales.jpg\" class=\"attachment-full size-full wp-post-image\" alt=\"Althenia Sando est\u00e1 especializada en la gesti\u00f3n de residuos industriales, con servicios de recogida, transporte, tratamiento y reciclaje.\" srcset=\"https:\/\/www.sando.com\/contenido\/subidas\/2023\/09\/Althenia-gestion-residuos-industriales.jpg 1200w, https:\/\/www.sando.com\/contenido\/subidas\/2023\/09\/Althenia-gestion-residuos-industriales-250x167.jpg 250w, https:\/\/www.sando.com\/contenido\/subidas\/2023\/09\/Althenia-gestion-residuos-industriales-768x512.jpg 768w, https:\/\/www.sando.com\/contenido\/subidas\/2023\/09\/Althenia-gestion-residuos-industriales-700x467.jpg 700w, https:\/\/www.sando.com\/contenido\/subidas\/2023\/09\/Althenia-gestion-residuos-industriales-120x80.jpg 120w\" sizes=\"(max-width: 1200px) 100vw, 1200px\" \/>\t\t\t<\/div>\n\t<div class=\"total __bxCnt u-br-m u-verde-700 u-bg-white\">\n\t\t\t\t<div class=\"__bxTxt total u-nmB-lastchild u-nmT-firstchild u-pB-s\">\n\t\t\t<p class=\"ht-body-l u-bold\"><a href=\"\/en\/althenia-sando\" title=\"Althenia Sando. Integral environmental services\" target=\"_blank\">Althenia Sando<\/a>, specialising in the integrated management of <a href=\"https:\/\/www.sando.com\/en\/specialisations\/cleaning-and-waste-management\/integrated-industrial-waste-management\" title=\"Integrated industrial waste management\" target=\"_blank\">industrial waste<\/a><\/p>\n\t\t<\/div>\n\t\t<div class=\"__bxItems total\">\n\t\t\t\t\t\t\t\t<\/div>\n\t<\/div>\n\t<a href=\"https:\/\/www.sando.com\/en\/actualidad\/althenia-sando-specialising-in-the-integrated-management-of-industrial-waste\" title=\"Althenia Sando, specialising in the integrated management of industrial waste\" class=\"__bxLink u-br-l u-verde-500\"><\/a>\t\t\t\t\t\t\t\n<\/div>\n\t\t\t\t\t\t\t\t\t<\/div>\r\n\t\t\t\t\t\t\t\t\t\t\t\t\t\t\t\t\t\t<div class=\"__item\">\r\n\r\n\t\t\t\t\t\t\t\t\t\t<div class=\"total m-cardPost u-br-l overflow-hidden --post-default\" data-max-width=\"500\">\n\t<div class=\"total __bxImg\">\n\t\t\t\t\t<img decoding=\"async\" src=\"https:\/\/www.sando.com\/contenido\/subidas\/2023\/11\/andemosa-dcor-dsor-sando-hormigones.jpg\" class=\"attachment-full size-full wp-post-image\" alt=\"\" srcset=\"https:\/\/www.sando.com\/contenido\/subidas\/2023\/11\/andemosa-dcor-dsor-sando-hormigones.jpg 1200w, https:\/\/www.sando.com\/contenido\/subidas\/2023\/11\/andemosa-dcor-dsor-sando-hormigones-250x167.jpg 250w, https:\/\/www.sando.com\/contenido\/subidas\/2023\/11\/andemosa-dcor-dsor-sando-hormigones-700x467.jpg 700w, https:\/\/www.sando.com\/contenido\/subidas\/2023\/11\/andemosa-dcor-dsor-sando-hormigones-768x512.jpg 768w, https:\/\/www.sando.com\/contenido\/subidas\/2023\/11\/andemosa-dcor-dsor-sando-hormigones-120x80.jpg 120w\" sizes=\"(max-width: 1200px) 100vw, 1200px\" \/>\t\t\t<\/div>\n\t<div class=\"total __bxCnt u-br-m u-verde-700 u-bg-white\">\n\t\t\t\t<div class=\"__bxTxt total u-nmB-lastchild u-nmT-firstchild u-pB-s\">\n\t\t\t<p class=\"ht-body-l u-bold\">ANDEMOSA obtains the following DCOR and DSOR quality and <a href=\"\/en\/sustainability\" title=\"Sustainable and efficient environmental solutions\" target=\"_blank\">Sustainability<\/a> labels for the manufacture of concrete<\/p>\n\t\t<\/div>\n\t\t<div class=\"__bxItems total\">\n\t\t\t\t\t\t\t\t<\/div>\n\t<\/div>\n\t<a href=\"https:\/\/www.sando.com\/en\/actualidad\/andemosa-obtains-the-following-dcor-and-dsor-quality-and-sustainability-labels-for-the-manufacture-of-concrete\" title=\"ANDEMOSA obtains the following DCOR and DSOR quality and sustainability labels for the manufacture of concrete\" class=\"__bxLink u-br-l u-verde-500\"><\/a>\t\t\t\t\t\t\t\n<\/div>\n\t\t\t\t\t\t\t\t\t<\/div>\r\n\t\t\t\t\t\t\t\t\t\t\t\t\t\t\t\t\t\t<div class=\"__item\">\r\n\r\n\t\t\t\t\t\t\t\t\t\t<div class=\"total m-cardPost u-br-l overflow-hidden --post-default\" data-max-width=\"500\">\n\t<div class=\"total __bxImg\">\n\t\t\t\t\t<img decoding=\"async\" src=\"https:\/\/www.sando.com\/contenido\/subidas\/2023\/08\/hospital-dia-oncologico-clinico-malaga.jpg\" class=\"attachment-full size-full wp-post-image\" alt=\"Sando construcci\u00f3n, especializada en la ejecuci\u00f3n de infraestructuras sanitarias, inicia las primeras remodelaciones del Hospital Virgen de la Victoria de M\u00e1laga. La obra, con un presupuesto de 4 millones de euros, consiste en la reforma y ampliaci\u00f3n del Hospital de D\u00eda Onco-Hematol\u00f3gico, que permitir\u00e1 duplicar la capacidad de atenci\u00f3n m\u00e9dica a los pacientes oncol\u00f3gicos.\" srcset=\"https:\/\/www.sando.com\/contenido\/subidas\/2023\/08\/hospital-dia-oncologico-clinico-malaga.jpg 1200w, https:\/\/www.sando.com\/contenido\/subidas\/2023\/08\/hospital-dia-oncologico-clinico-malaga-250x167.jpg 250w, https:\/\/www.sando.com\/contenido\/subidas\/2023\/08\/hospital-dia-oncologico-clinico-malaga-768x512.jpg 768w, https:\/\/www.sando.com\/contenido\/subidas\/2023\/08\/hospital-dia-oncologico-clinico-malaga-700x467.jpg 700w, https:\/\/www.sando.com\/contenido\/subidas\/2023\/08\/hospital-dia-oncologico-clinico-malaga-120x80.jpg 120w\" sizes=\"(max-width: 1200px) 100vw, 1200px\" \/>\t\t\t<\/div>\n\t<div class=\"total __bxCnt u-br-m u-verde-700 u-bg-white\">\n\t\t\t\t<div class=\"__bxTxt total u-nmB-lastchild u-nmT-firstchild u-pB-s\">\n\t\t\t<p class=\"ht-body-l u-bold\">Sando Construcci\u00f3n begins the refurbishment of the Virgen de la Victoria Hospital in Malaga<\/p>\n\t\t<\/div>\n\t\t<div class=\"__bxItems total\">\n\t\t\t\t\t\t\t\t<\/div>\n\t<\/div>\n\t<a href=\"https:\/\/www.sando.com\/en\/actualidad\/sando-construccion-begins-the-refurbishment-of-the-virgen-de-la-victoria-hospital-in-malaga\" title=\"Sando Construcci\u00f3n begins the refurbishment of the Virgen de la Victoria Hospital in Malaga\" class=\"__bxLink u-br-l u-verde-500\"><\/a>\t\t\t\t\t\t\t\n<\/div>\n\t\t\t\t\t\t\t\t\t<\/div>\r\n\t\t\t\t\t\t\t\t\t\t\t\t\t\t\t\t\t\t<div class=\"__item\">\r\n\r\n\t\t\t\t\t\t\t\t\t\t<div class=\"total m-cardPost u-br-l overflow-hidden --post-default\" data-max-width=\"500\">\n\t<div class=\"total __bxImg\">\n\t\t\t\t\t<img decoding=\"async\" src=\"https:\/\/www.sando.com\/contenido\/subidas\/2023\/08\/Obra-ferroviaria-AVE-Burgos-Vitoria.jpg\" class=\"attachment-full size-full wp-post-image\" alt=\"Sando Construcci\u00f3n realiza una obra ferroviaria para ADIF AV para la conexi\u00f3n de la l\u00ednea Burgos-Vitoria por m\u00e1s de 27,5 millones de euros.\" srcset=\"https:\/\/www.sando.com\/contenido\/subidas\/2023\/08\/Obra-ferroviaria-AVE-Burgos-Vitoria.jpg 1200w, https:\/\/www.sando.com\/contenido\/subidas\/2023\/08\/Obra-ferroviaria-AVE-Burgos-Vitoria-250x167.jpg 250w, https:\/\/www.sando.com\/contenido\/subidas\/2023\/08\/Obra-ferroviaria-AVE-Burgos-Vitoria-768x512.jpg 768w, https:\/\/www.sando.com\/contenido\/subidas\/2023\/08\/Obra-ferroviaria-AVE-Burgos-Vitoria-700x467.jpg 700w, https:\/\/www.sando.com\/contenido\/subidas\/2023\/08\/Obra-ferroviaria-AVE-Burgos-Vitoria-120x80.jpg 120w\" sizes=\"(max-width: 1200px) 100vw, 1200px\" \/>\t\t\t<\/div>\n\t<div class=\"total __bxCnt u-br-m u-verde-700 u-bg-white\">\n\t\t\t\t<div class=\"__bxTxt total u-nmB-lastchild u-nmT-firstchild u-pB-s\">\n\t\t\t<p class=\"ht-body-l u-bold\">Sando Construcci\u00f3n carries out the <a href=\"\/en\/specialisations\/transport-infrastructure\/passenger-transport\/railway\" title=\"Construction of railroad tracks\" target=\"_blank\">Railway<\/a> works for the AVE Burgos-Vitoria high-speed train connection in Alava<\/p>\n\t\t<\/div>\n\t\t<div class=\"__bxItems total\">\n\t\t\t\t\t\t\t\t<\/div>\n\t<\/div>\n\t<a href=\"https:\/\/www.sando.com\/en\/actualidad\/sando-construccion-carries-out-the-railway-works-for-the-ave-burgos-vitoria-high-speed-train-connection-in-alava\" title=\"Sando Construcci\u00f3n carries out the railway works for the AVE Burgos-Vitoria high-speed train connection in Alava\" class=\"__bxLink u-br-l u-verde-500\"><\/a>\t\t\t\t\t\t\t\n<\/div>\n\t\t\t\t\t\t\t\t\t<\/div>\r\n\t\t\t\t\t\t\t\t\t\t\t\t\t\t\t\t\t\t<div class=\"__item\">\r\n\r\n\t\t\t\t\t\t\t\t\t\t<div class=\"total m-cardPost u-br-l overflow-hidden --post-default\" data-max-width=\"500\">\n\t<div class=\"total __bxImg\">\n\t\t\t\t\t<img decoding=\"async\" src=\"https:\/\/www.sando.com\/contenido\/subidas\/2023\/08\/Construccion-de-urbanizacion-tortola-de-henares.jpg\" class=\"attachment-full size-full wp-post-image\" alt=\"Sando Construcci\u00f3n ejecutar\u00e1 la urbanizaci\u00f3n del sector 4 de T\u00f3rtola de Henares por 12,4 millones de euros\" srcset=\"https:\/\/www.sando.com\/contenido\/subidas\/2023\/08\/Construccion-de-urbanizacion-tortola-de-henares.jpg 1200w, https:\/\/www.sando.com\/contenido\/subidas\/2023\/08\/Construccion-de-urbanizacion-tortola-de-henares-250x167.jpg 250w, https:\/\/www.sando.com\/contenido\/subidas\/2023\/08\/Construccion-de-urbanizacion-tortola-de-henares-768x512.jpg 768w, https:\/\/www.sando.com\/contenido\/subidas\/2023\/08\/Construccion-de-urbanizacion-tortola-de-henares-700x467.jpg 700w, https:\/\/www.sando.com\/contenido\/subidas\/2023\/08\/Construccion-de-urbanizacion-tortola-de-henares-120x80.jpg 120w\" sizes=\"(max-width: 1200px) 100vw, 1200px\" \/>\t\t\t<\/div>\n\t<div class=\"total __bxCnt u-br-m u-verde-700 u-bg-white\">\n\t\t\t\t<div class=\"__bxTxt total u-nmB-lastchild u-nmT-firstchild u-pB-s\">\n\t\t\t<p class=\"ht-body-l u-bold\">Sando Construcci\u00f3n to carry out the urban development of sector 4 in T\u00f3rtola de Henares for 12.4 million euros<\/p>\n\t\t<\/div>\n\t\t<div class=\"__bxItems total\">\n\t\t\t\t\t\t\t\t<\/div>\n\t<\/div>\n\t<a href=\"https:\/\/www.sando.com\/en\/actualidad\/sando-construccion-to-carry-out-the-urban-development-of-sector-4-in-tortola-de-henares-for-12-4-million-euros\" title=\"Sando Construcci\u00f3n to carry out the urban development of sector 4 in T\u00f3rtola de Henares for 12.4 million euros\" class=\"__bxLink u-br-l u-verde-500\"><\/a>\t\t\t\t\t\t\t\n<\/div>\n\t\t\t\t\t\t\t\t\t<\/div>\r\n\t\t\t\t\t\t\t\t\t\r\n\t\t\t\t<\/div>\r\n\r\n\t\t\t\t<div class=\"__footer total u-pT-s\">\r\n\t\t\t\t\t<div class=\"__bx d-flex gap-4\">\r\n\t\t\t\t\t\t<div class=\"__arrow-prev a-arrowSliderCircle\" role=\"button\" aria-label=\"Anterior\">\r\n\t\t\t\t\t\t\t<svg class=\"a-icon\"><use xlink:href=\"#icon-arrow-green-left-max\" href=\"\/i.svg#icon-arrow-green-left-max\"><\/use><\/svg>\r\n\t\t\t\t\t\t<\/div>\r\n\t\t\t\t\t\t<div class=\"__arrow-next a-arrowSliderCircle\" role=\"button\" aria-label=\"Siguiente\">\r\n\t\t\t\t\t\t\t<svg class=\"a-icon\"><use xlink:href=\"#icon-arrow-green-right-max\" href=\"\/i.svg#icon-arrow-green-right-max\"><\/use><\/svg>\r\n\t\t\t\t\t\t<\/div>\r\n\t\t\t\t\t<\/div>\r\n\t\t\t\t\t<div class=\"__bx d-flex\">\r\n\t\t\t\t\t\t<div class=\"__counter\">\r\n\t\t\t\t\t\t\t<span class=\"ht-body-m u-bold __pageInfo\"><\/span>\r\n\t\t\t\t\t\t<\/div>\r\n\t\t\t\t\t<\/div>\r\n\t\t\t\t<\/div>\r\n\t\t\t<\/div>\r\n\r\n\t\t\t\t\t\t<\/div>\r\n\t\t\t\t\t\t<div class=\"total d-block d-lg-none u-pT-xl u-verde-700\">\r\n\t\t\t\t<a href=\"\/en\/news\/category\/innovation\" title=\"News \" class=\"a-btn-primary\" >\r\n\t\t\t\t\tSee all\t\t\t\r\n\t\t\t\t\t<svg class=\"__icon u-verde-500\">\r\n\t\t\t\t\t\t<use xlink:href=\"#icon-arrow-green-right\" href=\"\/i.svg#icon-arrow-green-right\"><\/use>\r\n\t\t\t\t\t<\/svg>\r\n\t\t\t\t<\/a>\t\t\t\t\r\n\t\t\t<\/div>\r\n\t\t\t\t\t<\/div>\r\n\t<\/div>\r\n<\/div>\n\n<div class=\"container-full u-mB-l u-verde-700 block-slider-content-posts\"> \r\n\t<div class=\"container-max\">\r\n\t\t<div class=\"total u-bg-white u-br-l u-pTB-xl u-pLR-container overflow-hidden\">\r\n\t\t\t\r\n\t\t\t\t\t\t\r\n\r\n\r\n\t\t\t<div class=\"container-medium u-verde-700\">\t\t\r\n\t\t\t\r\n\t\t\t<div class=\"m-slideDemo js-sldContentPost\">\r\n\t\t\t\t<div class=\"__loader u-bg-gray-500 u-br-m\">\r\n\t\t\t\t\t<div class=\"loader-01 u-verde-700\"><\/div>\r\n\t\t\t\t<\/div>\r\n\r\n\t\t\t\t<div class=\"__loop total\" \r\n\t\t\t\t\tdata-slidetoshow=\"1\"\r\n\t\t\t\t\tdata-slidetoshow-mob=\"1\"\r\n\t\t\t\t\tdata-slidetoshow-med=\"1\"\r\n\t\t\t\t\tdata-color-accent=\"u-verde-500\" \r\n\t\t\t\t\tstyle=\"opacity: 0; visibility:0;\">\r\n\t\t\t\t\t\r\n\t\t\t\t\t\t\t\t\t\t\t\t\t\t<div class=\"__item\">\r\n\r\n\t\t\t\t\t\t\t\t\t\t<div class=\"total m-cardPost u-br-l overflow-hidden --post-default\" data-max-width=\"500\">\n\t<div class=\"total __bxImg\">\n\t\t\t\t\t<img decoding=\"async\" src=\"https:\/\/www.sando.com\/contenido\/subidas\/2025\/11\/EDAR-Guadalmansa-Ejecutada-por-Sando-Construccion-b-scaled-e1764242835769.jpg\" class=\"attachment-full size-full wp-post-image\" alt=\"El proyecto DEAR, cofinanciado por CTA y con colaboraci\u00f3n de la Universidad de M\u00e1laga, plantea la desalinizaci\u00f3n electrodial\u00edtica para reducir la conductividad del agua y aprovechar los productos qu\u00edmicos existentes en el agua.\" \/>\t\t\t<\/div>\n\t<div class=\"total __bxCnt u-br-m u-verde-700 u-bg-gray-200\">\n\t\t\t\t<div class=\"__bxTxt total u-nmB-lastchild u-nmT-firstchild u-pB-s\">\n\t\t\t<p class=\"ht-body-l u-bold\"><a href=\"\/en\/sando-agua\" title=\"Sando Agua. Building resilient and innovative infrastructures.\" target=\"_blank\">Sando Agua<\/a> Researches the Reuse of Wastewater for Irrigation Through Electrodialysis<\/p>\n\t\t<\/div>\n\t\t<div class=\"__bxItems total\">\n\t\t\t\t\t\t\t\t<\/div>\n\t<\/div>\n\t<a href=\"https:\/\/www.sando.com\/en\/actualidad\/sando-agua-researches-the-reuse-of-wastewater-for-irrigation-through-electrodialysis\" title=\"Sando Agua Researches the Reuse of Wastewater for Irrigation Through Electrodialysis\" class=\"__bxLink u-br-l u-verde-500\"><\/a>\t\t\t\t\t\t\t\n<\/div>\n\t\t\t\t\t\t\t\t\t<\/div>\r\n\t\t\t\t\t\t\t\t\t\t\t\t\t\t\t\t\t\t<div class=\"__item\">\r\n\r\n\t\t\t\t\t\t\t\t\t\t<div class=\"total m-cardPost u-br-l overflow-hidden --post-default\" data-max-width=\"500\">\n\t<div class=\"total __bxImg\">\n\t\t\t\t\t<img decoding=\"async\" src=\"https:\/\/www.sando.com\/contenido\/subidas\/2025\/11\/Hospital-Oncohematologico-2.jpg\" class=\"attachment-full size-full wp-post-image\" alt=\"El nuevo Hospital de D\u00eda Oncohematol\u00f3gico de M\u00e1laga, situado en el Hospital Universitario Virgen de la Victoria, ha abierto sus puertas tras la inauguraci\u00f3n por parte del presidente de la Junta de Andaluc\u00eda, Juan Manuel Moreno. \nSando Construcci\u00f3n, a trav\u00e9s de su l\u00ednea especializada en proyectos sanitarios, ha llevado a cabo unas obras que han triplicado el espacio y la capacidad con una inversi\u00f3n de cinco millones de euros.\" srcset=\"https:\/\/www.sando.com\/contenido\/subidas\/2025\/11\/Hospital-Oncohematologico-2.jpg 1201w, https:\/\/www.sando.com\/contenido\/subidas\/2025\/11\/Hospital-Oncohematologico-2-250x167.jpg 250w, https:\/\/www.sando.com\/contenido\/subidas\/2025\/11\/Hospital-Oncohematologico-2-700x466.jpg 700w, https:\/\/www.sando.com\/contenido\/subidas\/2025\/11\/Hospital-Oncohematologico-2-768x512.jpg 768w, https:\/\/www.sando.com\/contenido\/subidas\/2025\/11\/Hospital-Oncohematologico-2-120x80.jpg 120w\" sizes=\"(max-width: 1201px) 100vw, 1201px\" \/>\t\t\t<\/div>\n\t<div class=\"total __bxCnt u-br-m u-verde-700 u-bg-gray-200\">\n\t\t\t\t<div class=\"__bxTxt total u-nmB-lastchild u-nmT-firstchild u-pB-s\">\n\t\t\t<p class=\"ht-body-l u-bold\">Sando Construcci\u00f3n Triples the Capacity of M\u00e1laga\u2019s Oncohaematology Day Hospital<\/p>\n\t\t<\/div>\n\t\t<div class=\"__bxItems total\">\n\t\t\t\t\t\t\t\t<\/div>\n\t<\/div>\n\t<a href=\"https:\/\/www.sando.com\/en\/actualidad\/sando-construccion-triples-the-capacity-of-malagas-oncohaematology-day-hospital\" title=\"Sando Construcci\u00f3n Triples the Capacity of M\u00e1laga\u2019s Oncohaematology Day Hospital\" class=\"__bxLink u-br-l u-verde-500\"><\/a>\t\t\t\t\t\t\t\n<\/div>\n\t\t\t\t\t\t\t\t\t<\/div>\r\n\t\t\t\t\t\t\t\t\t\t\t\t\t\t\t\t\t\t<div class=\"__item\">\r\n\r\n\t\t\t\t\t\t\t\t\t\t<div class=\"total m-cardPost u-br-l overflow-hidden --post-default\" data-max-width=\"500\">\n\t<div class=\"total __bxImg\">\n\t\t\t\t\t<img decoding=\"async\" src=\"https:\/\/www.sando.com\/contenido\/subidas\/2025\/11\/20251113MJB-_mi_0001-scaled-e1763118135893.jpg\" class=\"attachment-full size-full wp-post-image\" alt=\"El ministro del Interior, Fernando Grande-Marlaska, ha inaugurado en Madrid, la sede de la Unidad Central de Seguridad Privada de la Polic\u00eda Nacional. Un proyecto ejecutado por Sando Construcci\u00f3n con una inversi\u00f3n de 6,4 millones de euros, dentro del Plan de Infraestructuras para la Seguridad del Estado 2019-2025.\" \/>\t\t\t<\/div>\n\t<div class=\"total __bxCnt u-br-m u-verde-700 u-bg-gray-200\">\n\t\t\t\t<div class=\"__bxTxt total u-nmB-lastchild u-nmT-firstchild u-pB-s\">\n\t\t\t<p class=\"ht-body-l u-bold\">Spain\u2019s Minister of the Interior Inaugurates the National Police Central Private Security Unit Headquarters Built by Sando Construcci\u00f3n<\/p>\n\t\t<\/div>\n\t\t<div class=\"__bxItems total\">\n\t\t\t\t\t\t\t\t<\/div>\n\t<\/div>\n\t<a href=\"https:\/\/www.sando.com\/en\/actualidad\/spains-minister-of-the-interior-inaugurates-the-national-police-central-private-security-unit-headquarters-built-by-sando-construccion\" title=\"Spain\u2019s Minister of the Interior Inaugurates the National Police Central Private Security Unit Headquarters Built by Sando Construcci\u00f3n\" class=\"__bxLink u-br-l u-verde-500\"><\/a>\t\t\t\t\t\t\t\n<\/div>\n\t\t\t\t\t\t\t\t\t<\/div>\r\n\t\t\t\t\t\t\t\t\t\t\t\t\t\t\t\t\t\t<div class=\"__item\">\r\n\r\n\t\t\t\t\t\t\t\t\t\t<div class=\"total m-cardPost u-br-l overflow-hidden --post-default\" data-max-width=\"500\">\n\t<div class=\"total __bxImg\">\n\t\t\t\t\t<img decoding=\"async\" src=\"https:\/\/www.sando.com\/contenido\/subidas\/2025\/11\/Primera-Piedra.jpg\" class=\"attachment-full size-full wp-post-image\" alt=\"Las obras de ampliaci\u00f3n de la carretera entre Almonte y El Roc\u00edo con un carril BUS-VAO reversible incorporar\u00e1n un sistema piloto dise\u00f1ado espec\u00edficamente para esta carretera en colaboraci\u00f3n con la Direcci\u00f3n General de Tr\u00e1fico (DGT) que determinar\u00e1 el sentido de la circulaci\u00f3n en funci\u00f3n de la demanda del tr\u00e1fico.\" srcset=\"https:\/\/www.sando.com\/contenido\/subidas\/2025\/11\/Primera-Piedra.jpg 930w, https:\/\/www.sando.com\/contenido\/subidas\/2025\/11\/Primera-Piedra-250x147.jpg 250w, https:\/\/www.sando.com\/contenido\/subidas\/2025\/11\/Primera-Piedra-700x412.jpg 700w, https:\/\/www.sando.com\/contenido\/subidas\/2025\/11\/Primera-Piedra-768x453.jpg 768w, https:\/\/www.sando.com\/contenido\/subidas\/2025\/11\/Primera-Piedra-120x71.jpg 120w\" sizes=\"(max-width: 930px) 100vw, 930px\" \/>\t\t\t<\/div>\n\t<div class=\"total __bxCnt u-br-m u-verde-700 u-bg-gray-200\">\n\t\t\t\t<div class=\"__bxTxt total u-nmB-lastchild u-nmT-firstchild u-pB-s\">\n\t\t\t<p class=\"ht-body-l u-bold\">Sando Construcci\u00f3n Begins Works to Upgrade the Road Between Almonte and El Roc\u00edo with a Reversible BUS-VAO Lane Using Sustainable MASAI Asphalt<\/p>\n\t\t<\/div>\n\t\t<div class=\"__bxItems total\">\n\t\t\t\t\t\t\t\t<\/div>\n\t<\/div>\n\t<a href=\"https:\/\/www.sando.com\/en\/actualidad\/sando-construccion-begins-works-to-upgrade-the-road-between-almonte-and-el-rocio-with-a-reversible-bus-vao-lane-using-sustainable-masai-asphalt\" title=\"Sando Construcci\u00f3n Begins Works to Upgrade the Road Between Almonte and El Roc\u00edo with a Reversible BUS-VAO Lane Using Sustainable MASAI Asphalt\" class=\"__bxLink u-br-l u-verde-500\"><\/a>\t\t\t\t\t\t\t\n<\/div>\n\t\t\t\t\t\t\t\t\t<\/div>\r\n\t\t\t\t\t\t\t\t\t\t\t\t\t\t\t\t\t\t<div class=\"__item\">\r\n\r\n\t\t\t\t\t\t\t\t\t\t<div class=\"total m-cardPost u-br-l overflow-hidden --post-default\" data-max-width=\"500\">\n\t<div class=\"total __bxImg\">\n\t\t\t\t\t<img decoding=\"async\" src=\"https:\/\/www.sando.com\/contenido\/subidas\/2025\/10\/III-Foro-de-proveedores-sostenibles-20-e1761914687585.jpg\" class=\"attachment-full size-full wp-post-image\" alt=\"https:\/\/www.icex.es\/\" \/>\t\t\t<\/div>\n\t<div class=\"total __bxCnt u-br-m u-verde-700 u-bg-gray-200\">\n\t\t\t\t<div class=\"__bxTxt total u-nmB-lastchild u-nmT-firstchild u-pB-s\">\n\t\t\t<p class=\"ht-body-l u-bold\">Sando Exceeds Its Training Target by 54% in the UN Global Compact Spain Sustainable Suppliers Programme<\/p>\n\t\t<\/div>\n\t\t<div class=\"__bxItems total\">\n\t\t\t\t\t\t\t\t<\/div>\n\t<\/div>\n\t<a href=\"https:\/\/www.sando.com\/en\/actualidad\/sando-exceeds-its-training-target-by-54-in-the-un-global-compact-spain-sustainable-suppliers-programme\" title=\"Sando Exceeds Its Training Target by 54% in the UN Global Compact Spain Sustainable Suppliers Programme\" class=\"__bxLink u-br-l u-verde-500\"><\/a>\t\t\t\t\t\t\t\n<\/div>\n\t\t\t\t\t\t\t\t\t<\/div>\r\n\t\t\t\t\t\t\t\t\t\t\t\t\t\t\t\t\t\t<div class=\"__item\">\r\n\r\n\t\t\t\t\t\t\t\t\t\t<div class=\"total m-cardPost u-br-l overflow-hidden --post-default\" data-max-width=\"500\">\n\t<div class=\"total __bxImg\">\n\t\t\t\t\t<img decoding=\"async\" src=\"https:\/\/www.sando.com\/contenido\/subidas\/2025\/10\/WhatsApp-Image-2025-10-27-at-17.25.46-10-e1761731631835.jpeg\" class=\"attachment-full size-full wp-post-image\" alt=\"La colocaci\u00f3n de la primera piedra del nuevo Centro Territorial de Castilla y Le\u00f3n de RTVE marca el inicio de las obras de construcci\u00f3n de un proyecto que unificar\u00e1 en un mismo espacio las instalaciones de Televisi\u00f3n Espa\u00f1ola (TVE) y Radio Nacional de Espa\u00f1a (RNE) en la Ciudad de la Comunicaci\u00f3n de Valladolid. La ejecutar\u00e1 Sando Construcci\u00f3n.\" \/>\t\t\t<\/div>\n\t<div class=\"total __bxCnt u-br-m u-verde-700 u-bg-gray-200\">\n\t\t\t\t<div class=\"__bxTxt total u-nmB-lastchild u-nmT-firstchild u-pB-s\">\n\t\t\t<p class=\"ht-body-l u-bold\">Sando Construcci\u00f3n Lays the First Stone of RTVE\u2019s Castilla y Le\u00f3n Regional Centre in Valladolid<\/p>\n\t\t<\/div>\n\t\t<div class=\"__bxItems total\">\n\t\t\t\t\t\t\t\t<\/div>\n\t<\/div>\n\t<a href=\"https:\/\/www.sando.com\/en\/actualidad\/sando-construccion-lays-the-first-stone-of-rtves-castilla-y-leon-regional-centre-in-valladolid\" title=\"Sando Construcci\u00f3n Lays the First Stone of RTVE\u2019s Castilla y Le\u00f3n Regional Centre in Valladolid\" class=\"__bxLink u-br-l u-verde-500\"><\/a>\t\t\t\t\t\t\t\n<\/div>\n\t\t\t\t\t\t\t\t\t<\/div>\r\n\t\t\t\t\t\t\t\t\t\t\t\t\t\t\t\t\t\t<div class=\"__item\">\r\n\r\n\t\t\t\t\t\t\t\t\t\t<div class=\"total m-cardPost u-br-l overflow-hidden --post-default\" data-max-width=\"500\">\n\t<div class=\"total __bxImg\">\n\t\t\t\t\t<img decoding=\"async\" src=\"https:\/\/www.sando.com\/contenido\/subidas\/2025\/10\/veleta-peak-4715581_1280-e1761567531564.jpg\" class=\"attachment-full size-full wp-post-image\" alt=\"Cetursa ha adjudicado a Conacon Sando un proyecto que implicar\u00e1 la modernizaci\u00f3n integral del sistema de alumbrado en varias pistas de la estaci\u00f3n de esqu\u00ed de Sierra Nevada, en Granada. Este actuaci\u00f3n, orientada a consolidar un modelo de gesti\u00f3n m\u00e1s eficiente y respetuoso con el entorno natural, se ubica dentro del Plan Estrat\u00e9gico Sierra Nevada 2020-2030.\" \/>\t\t\t<\/div>\n\t<div class=\"total __bxCnt u-br-m u-verde-700 u-bg-gray-200\">\n\t\t\t\t<div class=\"__bxTxt total u-nmB-lastchild u-nmT-firstchild u-pB-s\">\n\t\t\t<p class=\"ht-body-l u-bold\"><a href=\"https:\/\/www.sando.com\/en\/conacon-sando\" title=\"Sustainable infrastructure maintenance and energy solutions\" target=\"_blank\">Conacon<\/a> Sando to modernize Sierra Nevada&#8217;s lighting system<\/p>\n\t\t<\/div>\n\t\t<div class=\"__bxItems total\">\n\t\t\t\t\t\t\t\t<\/div>\n\t<\/div>\n\t<a href=\"https:\/\/www.sando.com\/en\/actualidad\/conacon-sando-to-modernize-sierra-nevadas-lighting-system\" title=\"Conacon Sando to modernize Sierra Nevada&#8217;s lighting system\" class=\"__bxLink u-br-l u-verde-500\"><\/a>\t\t\t\t\t\t\t\n<\/div>\n\t\t\t\t\t\t\t\t\t<\/div>\r\n\t\t\t\t\t\t\t\t\t\t\t\t\t\t\t\t\t\t<div class=\"__item\">\r\n\r\n\t\t\t\t\t\t\t\t\t\t<div class=\"total m-cardPost u-br-l overflow-hidden --post-default\" data-max-width=\"500\">\n\t<div class=\"total __bxImg\">\n\t\t\t\t\t<img decoding=\"async\" src=\"https:\/\/www.sando.com\/contenido\/subidas\/2025\/10\/FOTO-PORTADA-FOLLETO-Y-TRASERA--scaled-e1761304454254.jpg\" class=\"attachment-full size-full wp-post-image\" alt=\"La nueva comisar\u00eda provincial de la Polic\u00eda Nacional en Soria, realizada por Sando Construcci\u00f3n, ha sido reconocida en la tercera edici\u00f3n de los Premios Saint-Gobain a la Mejor Pr\u00e1ctica de Construcci\u00f3n Sostenible en Espa\u00f1a, en la categor\u00eda de Administraci\u00f3n P\u00fablica. El galard\u00f3n, otorgado al promotor, la Sociedad de Infraestructuras y Equipamientos Penitenciarios y de la Seguridad del Estado (SIEPSE), destaca el compromiso del proyecto con la sostenibilidad, la eficiencia energ\u00e9tica y la econom\u00eda circular.\" \/>\t\t\t<\/div>\n\t<div class=\"total __bxCnt u-br-m u-verde-700 u-bg-gray-200\">\n\t\t\t\t<div class=\"__bxTxt total u-nmB-lastchild u-nmT-firstchild u-pB-s\">\n\t\t\t<p class=\"ht-body-l u-bold\">National Police Station in Soria, Built by Sando Construcci\u00f3n, Wins Saint-Gobain Award for Best <a href=\"https:\/\/www.sando.com\/en\/sustainability\/sustainable-construction\" title=\"At Sando we are leaders in sustainable construction\" target=\"_blank\">Sustainable construction<\/a> Practice<\/p>\n\t\t<\/div>\n\t\t<div class=\"__bxItems total\">\n\t\t\t\t\t\t\t\t<\/div>\n\t<\/div>\n\t<a href=\"https:\/\/www.sando.com\/en\/actualidad\/national-police-station-in-soria-built-by-sando-construccion-wins-saint-gobain-award-for-best-sustainable-construction-practice\" title=\"National Police Station in Soria, Built by Sando Construcci\u00f3n, Wins Saint-Gobain Award for Best Sustainable Construction Practice\" class=\"__bxLink u-br-l u-verde-500\"><\/a>\t\t\t\t\t\t\t\n<\/div>\n\t\t\t\t\t\t\t\t\t<\/div>\r\n\t\t\t\t\t\t\t\t\t\t\t\t\t\t\t\t\t\t<div class=\"__item\">\r\n\r\n\t\t\t\t\t\t\t\t\t\t<div class=\"total m-cardPost u-br-l overflow-hidden --post-default\" data-max-width=\"500\">\n\t<div class=\"total __bxImg\">\n\t\t\t\t\t<img decoding=\"async\" src=\"https:\/\/www.sando.com\/contenido\/subidas\/2025\/10\/0215595-628-e1760697683775.jpg\" class=\"attachment-full size-full wp-post-image\" alt=\"El proyecto de rehabilitaci\u00f3n del Caminito del Rey en M\u00e1laga ha dejado huella. Sando Construcci\u00f3n hizo realidad hace diez a\u00f1os la recuperaci\u00f3n de un elemento clave del patrimonio hist\u00f3rico e industrial de la provincia. Un hito que ha impulsado el desarrollo econ\u00f3mico y social de la comarca y que supone un impacto econ\u00f3mico anual de 64 millones de euros. Anoche se present\u00f3 un documental sobre lo que ha significado este proyecto: \u201cEl esp\u00edritu del Caminito\u201d.\" \/>\t\t\t<\/div>\n\t<div class=\"total __bxCnt u-br-m u-verde-700 u-bg-gray-200\">\n\t\t\t\t<div class=\"__bxTxt total u-nmB-lastchild u-nmT-firstchild u-pB-s\">\n\t\t\t<p class=\"ht-body-l u-bold\">Documentary \u201cThe Spirit of the Caminito\u201d tells the story of how Sando Construcci\u00f3n restored the Caminito del Rey<\/p>\n\t\t<\/div>\n\t\t<div class=\"__bxItems total\">\n\t\t\t\t\t\t\t\t<\/div>\n\t<\/div>\n\t<a href=\"https:\/\/www.sando.com\/en\/actualidad\/documentary-the-spirit-of-the-caminito-tells-the-story-of-how-sando-construccion-restored-the-caminito-del-rey\" title=\"Documentary \u201cThe Spirit of the Caminito\u201d tells the story of how Sando Construcci\u00f3n restored the Caminito del Rey\" class=\"__bxLink u-br-l u-verde-500\"><\/a>\t\t\t\t\t\t\t\n<\/div>\n\t\t\t\t\t\t\t\t\t<\/div>\r\n\t\t\t\t\t\t\t\t\t\t\t\t\t\t\t\t\t\t<div class=\"__item\">\r\n\r\n\t\t\t\t\t\t\t\t\t\t<div class=\"total m-cardPost u-br-l overflow-hidden --post-default\" data-max-width=\"500\">\n\t<div class=\"total __bxImg\">\n\t\t\t\t\t<img decoding=\"async\" src=\"https:\/\/www.sando.com\/contenido\/subidas\/2025\/10\/Firma-Convenio-Rincon-Victoria-Conacon-Sando-2.jpg\" class=\"attachment-full size-full wp-post-image\" alt=\"El alcalde de Rinc\u00f3n de la Victoria, Francisco Salado, y el presidente ejecutivo de Sando, Luis S\u00e1nchez Manzano, han suscrito el nuevo contrato por el que Conacon Sando prestar\u00e1 los servicios de conservaci\u00f3n, mantenimiento y reparaci\u00f3n de las infraestructuras, edificaciones, playas y equipamientos vinculados al Ayuntamiento.\" srcset=\"https:\/\/www.sando.com\/contenido\/subidas\/2025\/10\/Firma-Convenio-Rincon-Victoria-Conacon-Sando-2.jpg 1200w, https:\/\/www.sando.com\/contenido\/subidas\/2025\/10\/Firma-Convenio-Rincon-Victoria-Conacon-Sando-2-250x167.jpg 250w, https:\/\/www.sando.com\/contenido\/subidas\/2025\/10\/Firma-Convenio-Rincon-Victoria-Conacon-Sando-2-700x467.jpg 700w, https:\/\/www.sando.com\/contenido\/subidas\/2025\/10\/Firma-Convenio-Rincon-Victoria-Conacon-Sando-2-768x512.jpg 768w, https:\/\/www.sando.com\/contenido\/subidas\/2025\/10\/Firma-Convenio-Rincon-Victoria-Conacon-Sando-2-120x80.jpg 120w\" sizes=\"(max-width: 1200px) 100vw, 1200px\" \/>\t\t\t<\/div>\n\t<div class=\"total __bxCnt u-br-m u-verde-700 u-bg-gray-200\">\n\t\t\t\t<div class=\"__bxTxt total u-nmB-lastchild u-nmT-firstchild u-pB-s\">\n\t\t\t<p class=\"ht-body-l u-bold\">Rinc\u00f3n de la Victoria City Council and Conacon Sando sign contract for the maintenance of municipal infrastructure, buildings and beaches<\/p>\n\t\t<\/div>\n\t\t<div class=\"__bxItems total\">\n\t\t\t\t\t\t\t\t<\/div>\n\t<\/div>\n\t<a href=\"https:\/\/www.sando.com\/en\/actualidad\/rincon-de-la-victoria-city-council-and-conacon-sando-sign-contract-for-the-maintenance-of-municipal-infrastructure-buildings-and-beaches\" title=\"Rinc\u00f3n de la Victoria City Council and Conacon Sando sign contract for the maintenance of municipal infrastructure, buildings and beaches\" class=\"__bxLink u-br-l u-verde-500\"><\/a>\t\t\t\t\t\t\t\n<\/div>\n\t\t\t\t\t\t\t\t\t<\/div>\r\n\t\t\t\t\t\t\t\t\t\t\t\t\t\t\t\t\t\t<div class=\"__item\">\r\n\r\n\t\t\t\t\t\t\t\t\t\t<div class=\"total m-cardPost u-br-l overflow-hidden --post-default\" data-max-width=\"500\">\n\t<div class=\"total __bxImg\">\n\t\t\t\t\t<img decoding=\"async\" src=\"https:\/\/www.sando.com\/contenido\/subidas\/2025\/10\/Gasinera-Cogersa-Conacon-Sando1.jpg\" class=\"attachment-full size-full wp-post-image\" alt=\"Conacon Sando, adjudicataria del proceso p\u00fablico de contrataci\u00f3n, ha concluido la ejecuci\u00f3n de la estaci\u00f3n de carga de gas natural vehicular para el Consorcio para la Gesti\u00f3n de los Residuos S\u00f3lidos de Asturias (COGERSA). La gasinera se ubica en el Centro de Tratamiento de Residuos de La Zoreda, en Ser\u00edn (Gij\u00f3n).\" srcset=\"https:\/\/www.sando.com\/contenido\/subidas\/2025\/10\/Gasinera-Cogersa-Conacon-Sando1.jpg 1200w, https:\/\/www.sando.com\/contenido\/subidas\/2025\/10\/Gasinera-Cogersa-Conacon-Sando1-250x166.jpg 250w, https:\/\/www.sando.com\/contenido\/subidas\/2025\/10\/Gasinera-Cogersa-Conacon-Sando1-700x466.jpg 700w, https:\/\/www.sando.com\/contenido\/subidas\/2025\/10\/Gasinera-Cogersa-Conacon-Sando1-768x511.jpg 768w, https:\/\/www.sando.com\/contenido\/subidas\/2025\/10\/Gasinera-Cogersa-Conacon-Sando1-120x80.jpg 120w\" sizes=\"(max-width: 1200px) 100vw, 1200px\" \/>\t\t\t<\/div>\n\t<div class=\"total __bxCnt u-br-m u-verde-700 u-bg-gray-200\">\n\t\t\t\t<div class=\"__bxTxt total u-nmB-lastchild u-nmT-firstchild u-pB-s\">\n\t\t\t<p class=\"ht-body-l u-bold\">Conacon Sando completes new natural gas refuelling station for COGERSA in Asturias<\/p>\n\t\t<\/div>\n\t\t<div class=\"__bxItems total\">\n\t\t\t\t\t\t\t\t<\/div>\n\t<\/div>\n\t<a href=\"https:\/\/www.sando.com\/en\/actualidad\/conacon-sando-completes-new-natural-gas-refuelling-station-for-cogersa-in-asturias\" title=\"Conacon Sando completes new natural gas refuelling station for COGERSA in Asturias\" class=\"__bxLink u-br-l u-verde-500\"><\/a>\t\t\t\t\t\t\t\n<\/div>\n\t\t\t\t\t\t\t\t\t<\/div>\r\n\t\t\t\t\t\t\t\t\t\t\t\t\t\t\t\t\t\t<div class=\"__item\">\r\n\r\n\t\t\t\t\t\t\t\t\t\t<div class=\"total m-cardPost u-br-l overflow-hidden --post-default\" data-max-width=\"500\">\n\t<div class=\"total __bxImg\">\n\t\t\t\t\t<img decoding=\"async\" src=\"https:\/\/www.sando.com\/contenido\/subidas\/2025\/09\/foto-limpieza-ELA-2-e1758730028979.jpg\" class=\"attachment-full size-full wp-post-image\" alt=\"Este verano Althenia Sando ha prestado por primera vez el servicio de recogida de residuos, limpieza viaria y de playas en la Costa de Granada, concretamente en la Entidad Local Aut\u00f3noma de Carchuna-Calahonda.\" \/>\t\t\t<\/div>\n\t<div class=\"total __bxCnt u-br-m u-verde-700 u-bg-gray-200\">\n\t\t\t\t<div class=\"__bxTxt total u-nmB-lastchild u-nmT-firstchild u-pB-s\">\n\t\t\t<p class=\"ht-body-l u-bold\">New Althenia Sando service for <a href=\"https:\/\/www.sando.com\/en\/specialisations\/cleaning-and-waste-management\" title=\"Waste management\" target=\"_blank\">Waste<\/a> collection, <a href=\"https:\/\/www.sando.com\/en\/specialisations\/cleaning-and-waste-management\/street-clea\" title=\"Cleaning solutions for public roads\" target=\"_blank\">Street cleaning<\/a> and beach maintenance on the Costa de Granada<\/p>\n\t\t<\/div>\n\t\t<div class=\"__bxItems total\">\n\t\t\t\t\t\t\t\t<\/div>\n\t<\/div>\n\t<a href=\"https:\/\/www.sando.com\/en\/actualidad\/new-althenia-sando-service-for-waste-collection-street-cleaning-and-beach-maintenance-on-the-costa-de-granada\" title=\"New Althenia Sando service for waste collection, street cleaning and beach maintenance on the Costa de Granada\" class=\"__bxLink u-br-l u-verde-500\"><\/a>\t\t\t\t\t\t\t\n<\/div>\n\t\t\t\t\t\t\t\t\t<\/div>\r\n\t\t\t\t\t\t\t\t\t\t\t\t\t\t\t\t\t\t<div class=\"__item\">\r\n\r\n\t\t\t\t\t\t\t\t\t\t<div class=\"total m-cardPost u-br-l overflow-hidden --post-default\" data-max-width=\"500\">\n\t<div class=\"total __bxImg\">\n\t\t\t\t\t<img decoding=\"async\" src=\"https:\/\/www.sando.com\/contenido\/subidas\/2025\/09\/BIM-Conacon-2.png\" class=\"attachment-full size-full wp-post-image\" alt=\"AENOR ha certificado a Conacon Sando en la gesti\u00f3n de la informaci\u00f3n mediante metodolog\u00eda BIM, conforme a la norma internacional ISO 19650.\" srcset=\"https:\/\/www.sando.com\/contenido\/subidas\/2025\/09\/BIM-Conacon-2.png 1200w, https:\/\/www.sando.com\/contenido\/subidas\/2025\/09\/BIM-Conacon-2-250x167.png 250w, https:\/\/www.sando.com\/contenido\/subidas\/2025\/09\/BIM-Conacon-2-700x467.png 700w, https:\/\/www.sando.com\/contenido\/subidas\/2025\/09\/BIM-Conacon-2-768x512.png 768w, https:\/\/www.sando.com\/contenido\/subidas\/2025\/09\/BIM-Conacon-2-120x80.png 120w\" sizes=\"(max-width: 1200px) 100vw, 1200px\" \/>\t\t\t<\/div>\n\t<div class=\"total __bxCnt u-br-m u-verde-700 u-bg-gray-200\">\n\t\t\t\t<div class=\"__bxTxt total u-nmB-lastchild u-nmT-firstchild u-pB-s\">\n\t\t\t<p class=\"ht-body-l u-bold\">Conacon Sando achieves AENOR certification in BIM for infrastructure maintenance<\/p>\n\t\t<\/div>\n\t\t<div class=\"__bxItems total\">\n\t\t\t\t\t\t\t\t<\/div>\n\t<\/div>\n\t<a href=\"https:\/\/www.sando.com\/en\/actualidad\/conacon-sando-achieves-aenor-certification-in-bim-for-infrastructure-maintenance\" title=\"Conacon Sando achieves AENOR certification in BIM for infrastructure maintenance\" class=\"__bxLink u-br-l u-verde-500\"><\/a>\t\t\t\t\t\t\t\n<\/div>\n\t\t\t\t\t\t\t\t\t<\/div>\r\n\t\t\t\t\t\t\t\t\t\t\t\t\t\t\t\t\t\t<div class=\"__item\">\r\n\r\n\t\t\t\t\t\t\t\t\t\t<div class=\"total m-cardPost u-br-l overflow-hidden --post-default\" data-max-width=\"500\">\n\t<div class=\"total __bxImg\">\n\t\t\t\t\t<img decoding=\"async\" src=\"https:\/\/www.sando.com\/contenido\/subidas\/2025\/09\/piscina4.jpg\" class=\"attachment-full size-full wp-post-image\" alt=\"Sando Construcci\u00f3n, como empresa adjudicataria de las obras de rehabilitaci\u00f3n de la piscina universitaria de Fuentenueva en Granada, contin\u00faa con el desarrollo de este proyecto impulsado por la Junta de Andaluc\u00eda, a trav\u00e9s de la Agencia de Obra P\u00fablica y con el apoyo de la\u00a0Universidad de Granada.\" srcset=\"https:\/\/www.sando.com\/contenido\/subidas\/2025\/09\/piscina4.jpg 900w, https:\/\/www.sando.com\/contenido\/subidas\/2025\/09\/piscina4-250x141.jpg 250w, https:\/\/www.sando.com\/contenido\/subidas\/2025\/09\/piscina4-700x394.jpg 700w, https:\/\/www.sando.com\/contenido\/subidas\/2025\/09\/piscina4-768x433.jpg 768w, https:\/\/www.sando.com\/contenido\/subidas\/2025\/09\/piscina4-120x68.jpg 120w\" sizes=\"(max-width: 900px) 100vw, 900px\" \/>\t\t\t<\/div>\n\t<div class=\"total __bxCnt u-br-m u-verde-700 u-bg-gray-200\">\n\t\t\t\t<div class=\"__bxTxt total u-nmB-lastchild u-nmT-firstchild u-pB-s\">\n\t\t\t<p class=\"ht-body-l u-bold\">Sando Construcci\u00f3n progresses with the rehabilitation of the Fuentenueva University swimming pool in Granada<\/p>\n\t\t<\/div>\n\t\t<div class=\"__bxItems total\">\n\t\t\t\t\t\t\t\t<\/div>\n\t<\/div>\n\t<a href=\"https:\/\/www.sando.com\/en\/actualidad\/sando-construccion-progresses-with-the-rehabilitation-of-the-fuentenueva-university-swimming-pool-in-granada\" title=\"Sando Construcci\u00f3n progresses with the rehabilitation of the Fuentenueva University swimming pool in Granada\" class=\"__bxLink u-br-l u-verde-500\"><\/a>\t\t\t\t\t\t\t\n<\/div>\n\t\t\t\t\t\t\t\t\t<\/div>\r\n\t\t\t\t\t\t\t\t\t\t\t\t\t\t\t\t\t\t<div class=\"__item\">\r\n\r\n\t\t\t\t\t\t\t\t\t\t<div class=\"total m-cardPost u-br-l overflow-hidden --post-default\" data-max-width=\"500\">\n\t<div class=\"total __bxImg\">\n\t\t\t\t\t<img decoding=\"async\" src=\"https:\/\/www.sando.com\/contenido\/subidas\/2025\/08\/3.10.2-hormigones-villarosa-scaled-e1754917665911.jpg\" class=\"attachment-full size-full wp-post-image\" alt=\"La empresa Andemosa ha logrado renovar las distintas certificaciones de calidad en homig\u00f3nque le permiten cumplir con las exigencias legales y ofrecer un producto de m\u00e1ximas garant\u00edas en el mercado.\" \/>\t\t\t<\/div>\n\t<div class=\"total __bxCnt u-br-m u-verde-700 u-bg-gray-200\">\n\t\t\t\t<div class=\"__bxTxt total u-nmB-lastchild u-nmT-firstchild u-pB-s\">\n\t\t\t<p class=\"ht-body-l u-bold\">Andemosa renews all its quality certifications<\/p>\n\t\t<\/div>\n\t\t<div class=\"__bxItems total\">\n\t\t\t\t\t\t\t\t<\/div>\n\t<\/div>\n\t<a href=\"https:\/\/www.sando.com\/en\/actualidad\/andemosa-renews-all-its-quality-certifications\" title=\"Andemosa renews all its quality certifications\" class=\"__bxLink u-br-l u-verde-500\"><\/a>\t\t\t\t\t\t\t\n<\/div>\n\t\t\t\t\t\t\t\t\t<\/div>\r\n\t\t\t\t\t\t\t\t\t\t\t\t\t\t\t\t\t\t<div class=\"__item\">\r\n\r\n\t\t\t\t\t\t\t\t\t\t<div class=\"total m-cardPost u-br-l overflow-hidden --post-default\" data-max-width=\"500\">\n\t<div class=\"total __bxImg\">\n\t\t\t\t\t<img decoding=\"async\" src=\"https:\/\/www.sando.com\/contenido\/subidas\/2025\/08\/WhatsApp-Image-2025-06-26-at-14.22.48-e1754920912115.jpeg\" class=\"attachment-full size-full wp-post-image\" alt=\"El Club Deportivo de Lucha Los Campitos ha rematado una gran temporada con tres triunfos. Un a\u00f1o m\u00e1s Fundaci\u00f3n Sando, comprometida con el deporte tradicional Canario, ha apoyado a este club que mantiene equipos en todas las categor\u00edas, incluidas las femeninas y que adem\u00e1s es el \u00fanico de Santa Cruz de Tenerife.\" \/>\t\t\t<\/div>\n\t<div class=\"total __bxCnt u-br-m u-verde-700 u-bg-gray-200\">\n\t\t\t\t<div class=\"__bxTxt total u-nmB-lastchild u-nmT-firstchild u-pB-s\">\n\t\t\t<p class=\"ht-body-l u-bold\">Three key victories for Club Deportivo de Lucha Los Campitos this season<\/p>\n\t\t<\/div>\n\t\t<div class=\"__bxItems total\">\n\t\t\t\t\t\t\t\t<\/div>\n\t<\/div>\n\t<a href=\"https:\/\/www.sando.com\/en\/actualidad\/three-key-victories-for-club-deportivo-de-lucha-los-campitos-this-season\" title=\"Three key victories for Club Deportivo de Lucha Los Campitos this season\" class=\"__bxLink u-br-l u-verde-500\"><\/a>\t\t\t\t\t\t\t\n<\/div>\n\t\t\t\t\t\t\t\t\t<\/div>\r\n\t\t\t\t\t\t\t\t\t\t\t\t\t\t\t\t\t\t<div class=\"__item\">\r\n\r\n\t\t\t\t\t\t\t\t\t\t<div class=\"total m-cardPost u-br-l overflow-hidden --post-default\" data-max-width=\"500\">\n\t<div class=\"total __bxImg\">\n\t\t\t\t\t<img decoding=\"async\" src=\"https:\/\/www.sando.com\/contenido\/subidas\/2025\/08\/camponato-la-nucia-e1754919907640.png\" class=\"attachment-full size-full wp-post-image\" alt=\"El equipo de tenis de mesa de Primera Divisi\u00f3n Femenina Fundaci\u00f3n Sando NovaC\u00e1rtama ha cerrado la temporada con numerosos logros,\" \/>\t\t\t<\/div>\n\t<div class=\"total __bxCnt u-br-m u-verde-700 u-bg-gray-200\">\n\t\t\t\t<div class=\"__bxTxt total u-nmB-lastchild u-nmT-firstchild u-pB-s\">\n\t\t\t<p class=\"ht-body-l u-bold\">A season of triumphs for the young women\u2019s table tennis team Fundaci\u00f3n Sando NovaC\u00e1rtama<\/p>\n\t\t<\/div>\n\t\t<div class=\"__bxItems total\">\n\t\t\t\t\t\t\t\t<\/div>\n\t<\/div>\n\t<a href=\"https:\/\/www.sando.com\/en\/actualidad\/a-season-of-triumphs-for-the-young-womens-table-tennis-team-fundacion-sando-novacartama\" title=\"A season of triumphs for the young women\u2019s table tennis team Fundaci\u00f3n Sando NovaC\u00e1rtama\" class=\"__bxLink u-br-l u-verde-500\"><\/a>\t\t\t\t\t\t\t\n<\/div>\n\t\t\t\t\t\t\t\t\t<\/div>\r\n\t\t\t\t\t\t\t\t\t\t\t\t\t\t\t\t\t\t<div class=\"__item\">\r\n\r\n\t\t\t\t\t\t\t\t\t\t<div class=\"total m-cardPost u-br-l overflow-hidden --post-default\" data-max-width=\"500\">\n\t<div class=\"total __bxImg\">\n\t\t\t\t\t<img decoding=\"async\" src=\"https:\/\/www.sando.com\/contenido\/subidas\/2025\/07\/Tenerife-cruceros-Autoridad-Portuaria-e1753784829331.jpg\" class=\"attachment-full size-full wp-post-image\" alt=\"asistencia sanitaria\" \/>\t\t\t<\/div>\n\t<div class=\"total __bxCnt u-br-m u-verde-700 u-bg-gray-200\">\n\t\t\t\t<div class=\"__bxTxt total u-nmB-lastchild u-nmT-firstchild u-pB-s\">\n\t\t\t<p class=\"ht-body-l u-bold\">Port Authority of Santa Cruz de Tenerife Awards Althenia Sando the Cleaning Services Contract for Its Ports<\/p>\n\t\t<\/div>\n\t\t<div class=\"__bxItems total\">\n\t\t\t\t\t\t\t\t<\/div>\n\t<\/div>\n\t<a href=\"https:\/\/www.sando.com\/en\/actualidad\/port-authority-of-santa-cruz-de-tenerife-awards-althenia-sando-the-cleaning-services-contract-for-its-ports\" title=\"Port Authority of Santa Cruz de Tenerife Awards Althenia Sando the Cleaning Services Contract for Its Ports\" class=\"__bxLink u-br-l u-verde-500\"><\/a>\t\t\t\t\t\t\t\n<\/div>\n\t\t\t\t\t\t\t\t\t<\/div>\r\n\t\t\t\t\t\t\t\t\t\t\t\t\t\t\t\t\t\t<div class=\"__item\">\r\n\r\n\t\t\t\t\t\t\t\t\t\t<div class=\"total m-cardPost u-br-l overflow-hidden --post-default\" data-max-width=\"500\">\n\t<div class=\"total __bxImg\">\n\t\t\t\t\t<img decoding=\"async\" src=\"https:\/\/www.sando.com\/contenido\/subidas\/2025\/07\/model3D.png\" class=\"attachment-full size-full wp-post-image\" alt=\"El Caminito del Rey se consolida como referente nacional en la gesti\u00f3n de riesgos geol\u00f3gicos y de desprendimientos. El XI Simposio Nacional sobre Taludes y Laderas Inestables, celebrado en Bilbao, ha situado al paraje como uno de los grandes protagonistas del encuentro, al ser una de las entidades que m\u00e1s trabajos t\u00e9cnicos ha presentado en esta edici\u00f3n.\n\nLa UTE que gestiona el Caminito del Rey, formada por Sando Construcci\u00f3n, Mundo y Salzillo, ha coordinado la exposici\u00f3n de cuatro comunicaciones cient\u00edficas\" srcset=\"https:\/\/www.sando.com\/contenido\/subidas\/2025\/07\/model3D.png 1221w, https:\/\/www.sando.com\/contenido\/subidas\/2025\/07\/model3D-250x131.png 250w, https:\/\/www.sando.com\/contenido\/subidas\/2025\/07\/model3D-700x367.png 700w, https:\/\/www.sando.com\/contenido\/subidas\/2025\/07\/model3D-768x403.png 768w, https:\/\/www.sando.com\/contenido\/subidas\/2025\/07\/model3D-120x63.png 120w\" sizes=\"(max-width: 1221px) 100vw, 1221px\" \/>\t\t\t<\/div>\n\t<div class=\"total __bxCnt u-br-m u-verde-700 u-bg-gray-200\">\n\t\t\t\t<div class=\"__bxTxt total u-nmB-lastchild u-nmT-firstchild u-pB-s\">\n\t\t\t<p class=\"ht-body-l u-bold\">El Caminito del Rey becomes a national benchmark in geological and rockfall risk management<\/p>\n\t\t<\/div>\n\t\t<div class=\"__bxItems total\">\n\t\t\t\t\t\t\t\t<\/div>\n\t<\/div>\n\t<a href=\"https:\/\/www.sando.com\/en\/actualidad\/el-caminito-del-rey-becomes-a-national-benchmark-in-geological-and-rockfall-risk-management\" title=\"El Caminito del Rey becomes a national benchmark in geological and rockfall risk management\" class=\"__bxLink u-br-l u-verde-500\"><\/a>\t\t\t\t\t\t\t\n<\/div>\n\t\t\t\t\t\t\t\t\t<\/div>\r\n\t\t\t\t\t\t\t\t\t\t\t\t\t\t\t\t\t\t<div class=\"__item\">\r\n\r\n\t\t\t\t\t\t\t\t\t\t<div class=\"total m-cardPost u-br-l overflow-hidden --post-default\" data-max-width=\"500\">\n\t<div class=\"total __bxImg\">\n\t\t\t\t\t<img decoding=\"async\" src=\"https:\/\/www.sando.com\/contenido\/subidas\/2025\/07\/Melia-ME_-Prueba-rrss-2_3-copia-bj.jpg\" class=\"attachment-full size-full wp-post-image\" alt=\"un nuevo referente del lujo en la Costa del Sol\" srcset=\"https:\/\/www.sando.com\/contenido\/subidas\/2025\/07\/Melia-ME_-Prueba-rrss-2_3-copia-bj.jpg 1200w, https:\/\/www.sando.com\/contenido\/subidas\/2025\/07\/Melia-ME_-Prueba-rrss-2_3-copia-bj-250x167.jpg 250w, https:\/\/www.sando.com\/contenido\/subidas\/2025\/07\/Melia-ME_-Prueba-rrss-2_3-copia-bj-700x467.jpg 700w, https:\/\/www.sando.com\/contenido\/subidas\/2025\/07\/Melia-ME_-Prueba-rrss-2_3-copia-bj-768x512.jpg 768w, https:\/\/www.sando.com\/contenido\/subidas\/2025\/07\/Melia-ME_-Prueba-rrss-2_3-copia-bj-120x80.jpg 120w\" sizes=\"(max-width: 1200px) 100vw, 1200px\" \/>\t\t\t<\/div>\n\t<div class=\"total __bxCnt u-br-m u-verde-700 u-bg-gray-200\">\n\t\t\t\t<div class=\"__bxTxt total u-nmB-lastchild u-nmT-firstchild u-pB-s\">\n\t\t\t<p class=\"ht-body-l u-bold\">Sando Construcci\u00f3n Completes Full Refurbishment of ME Marbella by Meli\u00e1 Hotel in Puerto Ban\u00fas<\/p>\n\t\t<\/div>\n\t\t<div class=\"__bxItems total\">\n\t\t\t\t\t\t\t\t<\/div>\n\t<\/div>\n\t<a href=\"https:\/\/www.sando.com\/en\/actualidad\/sando-construccion-completes-full-refurbishment-of-me-marbella-by-melia-hotel-in-puerto-banus\" title=\"Sando Construcci\u00f3n Completes Full Refurbishment of ME Marbella by Meli\u00e1 Hotel in Puerto Ban\u00fas\" class=\"__bxLink u-br-l u-verde-500\"><\/a>\t\t\t\t\t\t\t\n<\/div>\n\t\t\t\t\t\t\t\t\t<\/div>\r\n\t\t\t\t\t\t\t\t\t\t\t\t\t\t\t\t\t\t<div class=\"__item\">\r\n\r\n\t\t\t\t\t\t\t\t\t\t<div class=\"total m-cardPost u-br-l overflow-hidden --post-default\" data-max-width=\"500\">\n\t<div class=\"total __bxImg\">\n\t\t\t\t\t<img decoding=\"async\" src=\"https:\/\/www.sando.com\/contenido\/subidas\/2025\/07\/jardindelrecuerdoalthenia.jpg\" class=\"attachment-full size-full wp-post-image\" alt=\"Althenia Sando ha participado en la confecci\u00f3n del libro El Jard\u00edn del Recuerdo: \u00e1rboles para la eternidad, editado por el Parque Cementerio de M\u00e1laga, Parcemasa. Una obra escrita al alim\u00f3n por \u00c1ngel Enrique Salvo Tierra, Rafael Guerrero G\u00f3mez, Roc\u00edo Guerrero del R\u00edo y Pablo Cozano P\u00e9rez, y que pone en valor el patrimonio bot\u00e1nico del espacio verde hom\u00f3nimo, recientemente inaugurado.\" srcset=\"https:\/\/www.sando.com\/contenido\/subidas\/2025\/07\/jardindelrecuerdoalthenia.jpg 1200w, https:\/\/www.sando.com\/contenido\/subidas\/2025\/07\/jardindelrecuerdoalthenia-250x147.jpg 250w, https:\/\/www.sando.com\/contenido\/subidas\/2025\/07\/jardindelrecuerdoalthenia-700x412.jpg 700w, https:\/\/www.sando.com\/contenido\/subidas\/2025\/07\/jardindelrecuerdoalthenia-768x452.jpg 768w, https:\/\/www.sando.com\/contenido\/subidas\/2025\/07\/jardindelrecuerdoalthenia-120x71.jpg 120w\" sizes=\"(max-width: 1200px) 100vw, 1200px\" \/>\t\t\t<\/div>\n\t<div class=\"total __bxCnt u-br-m u-verde-700 u-bg-gray-200\">\n\t\t\t\t<div class=\"__bxTxt total u-nmB-lastchild u-nmT-firstchild u-pB-s\">\n\t\t\t<p class=\"ht-body-l u-bold\">Althenia Sando contributes to the publication of the book El Jard\u00edn del Recuerdo<\/p>\n\t\t<\/div>\n\t\t<div class=\"__bxItems total\">\n\t\t\t\t\t\t\t\t<\/div>\n\t<\/div>\n\t<a href=\"https:\/\/www.sando.com\/en\/actualidad\/althenia-sando-contributes-to-the-publication-of-the-book-el-jardin-del-recuerdo\" title=\"Althenia Sando contributes to the publication of the book El Jard\u00edn del Recuerdo\" class=\"__bxLink u-br-l u-verde-500\"><\/a>\t\t\t\t\t\t\t\n<\/div>\n\t\t\t\t\t\t\t\t\t<\/div>\r\n\t\t\t\t\t\t\t\t\t\t\t\t\t\t\t\t\t\t<div class=\"__item\">\r\n\r\n\t\t\t\t\t\t\t\t\t\t<div class=\"total m-cardPost u-br-l overflow-hidden --post-default\" data-max-width=\"500\">\n\t<div class=\"total __bxImg\">\n\t\t\t\t\t<img decoding=\"async\" src=\"https:\/\/www.sando.com\/contenido\/subidas\/2025\/07\/WhatsApp-Image-2025-07-03-at-13.06.47-1-e1753361495394.jpeg\" class=\"attachment-full size-full wp-post-image\" alt=\"El presidente de la Junta de Andaluc\u00eda,\u00a0Juanma Moreno, ha visitado esta ma\u00f1ana las obras de la\u00a0L\u00ednea 2 del Metro de M\u00e1laga al Hospital Civil, en el tramo\u00a0Hilera\u2013Eugenio Gross, que ejecuta la empresa\u00a0Sando Construcci\u00f3n en UTE.\" \/>\t\t\t<\/div>\n\t<div class=\"total __bxCnt u-br-m u-verde-700 u-bg-gray-200\">\n\t\t\t\t<div class=\"__bxTxt total u-nmB-lastchild u-nmT-firstchild u-pB-s\">\n\t\t\t<p class=\"ht-body-l u-bold\">President of the Junta de Andaluc\u00eda Visits Construction Works on M\u00e1laga Metro Line 2 Extension to Hospital Civil<\/p>\n\t\t<\/div>\n\t\t<div class=\"__bxItems total\">\n\t\t\t\t\t\t\t\t<\/div>\n\t<\/div>\n\t<a href=\"https:\/\/www.sando.com\/en\/actualidad\/president-of-the-junta-de-andalucia-visits-construction-works-on-malaga-metro-line-2-extension-to-hospital-civil\" title=\"President of the Junta de Andaluc\u00eda Visits Construction Works on M\u00e1laga Metro Line 2 Extension to Hospital Civil\" class=\"__bxLink u-br-l u-verde-500\"><\/a>\t\t\t\t\t\t\t\n<\/div>\n\t\t\t\t\t\t\t\t\t<\/div>\r\n\t\t\t\t\t\t\t\t\t\t\t\t\t\t\t\t\t\t<div class=\"__item\">\r\n\r\n\t\t\t\t\t\t\t\t\t\t<div class=\"total m-cardPost u-br-l overflow-hidden --post-default\" data-max-width=\"500\">\n\t<div class=\"total __bxImg\">\n\t\t\t\t\t<img decoding=\"async\" src=\"https:\/\/www.sando.com\/contenido\/subidas\/2025\/06\/Entrega-Woman-Foward.jpg\" class=\"attachment-full size-full wp-post-image\" alt=\"La tercera edici\u00f3n del Ranking de Empresas por la Igualdad, que organiza la Fundaci\u00f3n Woman Forward, ha posicionado a Sando Construcci\u00f3n entre las diez primeras compa\u00f1\u00edas en materia de igualdad del pa\u00eds. Concretamente, Sando Construcci\u00f3n ha ascendido al puesto noveno del ranking, liderado en esta edici\u00f3n por la farmac\u00e9utica Bayer.\" srcset=\"https:\/\/www.sando.com\/contenido\/subidas\/2025\/06\/Entrega-Woman-Foward.jpg 906w, https:\/\/www.sando.com\/contenido\/subidas\/2025\/06\/Entrega-Woman-Foward-250x331.jpg 250w, https:\/\/www.sando.com\/contenido\/subidas\/2025\/06\/Entrega-Woman-Foward-700x927.jpg 700w, https:\/\/www.sando.com\/contenido\/subidas\/2025\/06\/Entrega-Woman-Foward-768x1017.jpg 768w, https:\/\/www.sando.com\/contenido\/subidas\/2025\/06\/Entrega-Woman-Foward-120x159.jpg 120w\" sizes=\"(max-width: 906px) 100vw, 906px\" \/>\t\t\t<\/div>\n\t<div class=\"total __bxCnt u-br-m u-verde-700 u-bg-gray-200\">\n\t\t\t\t<div class=\"__bxTxt total u-nmB-lastchild u-nmT-firstchild u-pB-s\">\n\t\t\t<p class=\"ht-body-l u-bold\">Sando ranks among Spain\u2019s top ten companies for equality in the III Woman Forward Foundation Ranking<\/p>\n\t\t<\/div>\n\t\t<div class=\"__bxItems total\">\n\t\t\t\t\t\t\t\t<\/div>\n\t<\/div>\n\t<a href=\"https:\/\/www.sando.com\/en\/actualidad\/sando-ranks-among-spains-top-ten-companies-for-equality-in-the-iii-woman-forward-foundation-ranking\" title=\"Sando ranks among Spain\u2019s top ten companies for equality in the III Woman Forward Foundation Ranking\" class=\"__bxLink u-br-l u-verde-500\"><\/a>\t\t\t\t\t\t\t\n<\/div>\n\t\t\t\t\t\t\t\t\t<\/div>\r\n\t\t\t\t\t\t\t\t\t\t\t\t\t\t\t\t\t\t<div class=\"__item\">\r\n\r\n\t\t\t\t\t\t\t\t\t\t<div class=\"total m-cardPost u-br-l overflow-hidden --post-default\" data-max-width=\"500\">\n\t<div class=\"total __bxImg\">\n\t\t\t\t\t<img decoding=\"async\" src=\"https:\/\/www.sando.com\/contenido\/subidas\/2025\/07\/grupo1-scaled-e1751461173403.jpg\" class=\"attachment-full size-full wp-post-image\" alt=\"\" \/>\t\t\t<\/div>\n\t<div class=\"total __bxCnt u-br-m u-verde-700 u-bg-gray-200\">\n\t\t\t\t<div class=\"__bxTxt total u-nmB-lastchild u-nmT-firstchild u-pB-s\">\n\t\t\t<p class=\"ht-body-l u-bold\">Fundaci\u00f3n Sando fosters young talent through the Fundaci\u00f3n M\u00e1laga Talento Scholarships<\/p>\n\t\t<\/div>\n\t\t<div class=\"__bxItems total\">\n\t\t\t\t\t\t\t\t<\/div>\n\t<\/div>\n\t<a href=\"https:\/\/www.sando.com\/en\/actualidad\/fundacion-sando-fosters-young-talent-through-the-fundacion-malaga-talento-scholarships\" title=\"Fundaci\u00f3n Sando fosters young talent through the Fundaci\u00f3n M\u00e1laga Talento Scholarships\" class=\"__bxLink u-br-l u-verde-500\"><\/a>\t\t\t\t\t\t\t\n<\/div>\n\t\t\t\t\t\t\t\t\t<\/div>\r\n\t\t\t\t\t\t\t\t\t\r\n\t\t\t\t<\/div>\r\n\r\n\t\t\t\t<div class=\"__footer total u-pT-s\">\r\n\t\t\t\t\t<div class=\"__bx d-flex gap-4\">\r\n\t\t\t\t\t\t<div class=\"__arrow-prev a-arrowSliderCircle\" role=\"button\" aria-label=\"Anterior\">\r\n\t\t\t\t\t\t\t<svg class=\"a-icon\"><use xlink:href=\"#icon-arrow-green-left-max\" href=\"\/i.svg#icon-arrow-green-left-max\"><\/use><\/svg>\r\n\t\t\t\t\t\t<\/div>\r\n\t\t\t\t\t\t<div class=\"__arrow-next a-arrowSliderCircle\" role=\"button\" aria-label=\"Siguiente\">\r\n\t\t\t\t\t\t\t<svg class=\"a-icon\"><use xlink:href=\"#icon-arrow-green-right-max\" href=\"\/i.svg#icon-arrow-green-right-max\"><\/use><\/svg>\r\n\t\t\t\t\t\t<\/div>\r\n\t\t\t\t\t<\/div>\r\n\t\t\t\t\t<div class=\"__bx d-flex\">\r\n\t\t\t\t\t\t<div class=\"__counter\">\r\n\t\t\t\t\t\t\t<span class=\"ht-body-m u-bold __pageInfo\"><\/span>\r\n\t\t\t\t\t\t<\/div>\r\n\t\t\t\t\t<\/div>\r\n\t\t\t\t<\/div>\r\n\t\t\t<\/div>\r\n\r\n\t\t\t\t\t\t<\/div>\r\n\t\t\t\t\t<\/div>\r\n\t<\/div>\r\n<\/div>","protected":false},"excerpt":{"rendered":"","protected":false},"author":4,"featured_media":15165,"parent":38512,"menu_order":0,"comment_status":"closed","ping_status":"closed","template":"","meta":{"_acf_changed":false,"footnotes":""},"tax_brand":[1763,1765],"tax_services":[1536,1534],"tax_location":[],"class_list":["post-38518","page","type-page","status-publish","has-post-thumbnail","hentry","tax_brand-conacon-en","tax_brand-sando-construccion-en"],"acf":[],"yoast_head":"<!-- This site is optimized with the Yoast SEO plugin v27.4 - https:\/\/yoast.com\/product\/yoast-seo-wordpress\/ -->\n<title>Building operational and safe healthcare facilities - Sando<\/title>\n<meta name=\"description\" content=\"We build operational and safe healthcare facilities with a focus on people and professionals\" \/>\n<meta name=\"robots\" content=\"index, follow, max-snippet:-1, max-image-preview:large, max-video-preview:-1\" \/>\n<link rel=\"canonical\" href=\"https:\/\/www.sando.com\/en\/specialisations\/sustainable-building\/sanitary\" \/>\n<meta property=\"og:locale\" content=\"en_US\" \/>\n<meta property=\"og:type\" content=\"article\" \/>\n<meta property=\"og:title\" content=\"Building operational and safe healthcare facilities - Sando\" \/>\n<meta property=\"og:description\" content=\"We build operational and safe healthcare facilities with a focus on people and professionals\" \/>\n<meta property=\"og:url\" content=\"https:\/\/www.sando.com\/en\/specialisations\/sustainable-building\/sanitary\" \/>\n<meta property=\"og:site_name\" content=\"Sando\" \/>\n<meta property=\"article:modified_time\" content=\"2024-10-29T12:09:14+00:00\" \/>\n<meta property=\"og:image\" content=\"https:\/\/www.sando.com\/contenido\/subidas\/2023\/10\/sanitarias-hospital-virgen-del-rocio-4.jpg\" \/>\n\t<meta property=\"og:image:width\" content=\"1900\" \/>\n\t<meta property=\"og:image:height\" content=\"900\" \/>\n\t<meta property=\"og:image:type\" content=\"image\/jpeg\" \/>\n<meta name=\"twitter:card\" content=\"summary_large_image\" \/>\n<meta name=\"twitter:label1\" content=\"Est. reading time\" \/>\n\t<meta name=\"twitter:data1\" content=\"9 minutes\" \/>\n<script type=\"application\/ld+json\" class=\"yoast-schema-graph\">{\"@context\":\"https:\\\/\\\/schema.org\",\"@graph\":[{\"@type\":\"WebPage\",\"@id\":\"https:\\\/\\\/www.sando.com\\\/en\\\/specialisations\\\/sustainable-building\\\/sanitary\",\"url\":\"https:\\\/\\\/www.sando.com\\\/en\\\/specialisations\\\/sustainable-building\\\/sanitary\",\"name\":\"Building operational and safe healthcare facilities - Sando\",\"isPartOf\":{\"@id\":\"https:\\\/\\\/www.sando.com\\\/en#website\"},\"primaryImageOfPage\":{\"@id\":\"https:\\\/\\\/www.sando.com\\\/en\\\/specialisations\\\/sustainable-building\\\/sanitary#primaryimage\"},\"image\":{\"@id\":\"https:\\\/\\\/www.sando.com\\\/en\\\/specialisations\\\/sustainable-building\\\/sanitary#primaryimage\"},\"thumbnailUrl\":\"https:\\\/\\\/www.sando.com\\\/contenido\\\/subidas\\\/2023\\\/10\\\/sanitarias-hospital-virgen-del-rocio-4.jpg\",\"datePublished\":\"2023-11-01T18:44:56+00:00\",\"dateModified\":\"2024-10-29T12:09:14+00:00\",\"description\":\"We build operational and safe healthcare facilities with a focus on people and professionals\",\"breadcrumb\":{\"@id\":\"https:\\\/\\\/www.sando.com\\\/en\\\/specialisations\\\/sustainable-building\\\/sanitary#breadcrumb\"},\"inLanguage\":\"en-US\",\"potentialAction\":[{\"@type\":\"ReadAction\",\"target\":[\"https:\\\/\\\/www.sando.com\\\/en\\\/specialisations\\\/sustainable-building\\\/sanitary\"]}]},{\"@type\":\"ImageObject\",\"inLanguage\":\"en-US\",\"@id\":\"https:\\\/\\\/www.sando.com\\\/en\\\/specialisations\\\/sustainable-building\\\/sanitary#primaryimage\",\"url\":\"https:\\\/\\\/www.sando.com\\\/contenido\\\/subidas\\\/2023\\\/10\\\/sanitarias-hospital-virgen-del-rocio-4.jpg\",\"contentUrl\":\"https:\\\/\\\/www.sando.com\\\/contenido\\\/subidas\\\/2023\\\/10\\\/sanitarias-hospital-virgen-del-rocio-4.jpg\",\"width\":1900,\"height\":900,\"caption\":\"Hospital Universitario Virgen del Roc\u00edo (Rosa Amarilla)\"},{\"@type\":\"BreadcrumbList\",\"@id\":\"https:\\\/\\\/www.sando.com\\\/en\\\/specialisations\\\/sustainable-building\\\/sanitary#breadcrumb\",\"itemListElement\":[{\"@type\":\"ListItem\",\"position\":1,\"name\":\"Portada\",\"item\":\"https:\\\/\\\/www.sando.com\\\/en\"},{\"@type\":\"ListItem\",\"position\":2,\"name\":\"Specialisations\",\"item\":\"https:\\\/\\\/www.sando.com\\\/en\\\/specialisations\"},{\"@type\":\"ListItem\",\"position\":3,\"name\":\"Sustainable building\",\"item\":\"https:\\\/\\\/www.sando.com\\\/en\\\/specialisations\\\/sustainable-building\"},{\"@type\":\"ListItem\",\"position\":4,\"name\":\"Sanitary\"}]},{\"@type\":\"WebSite\",\"@id\":\"https:\\\/\\\/www.sando.com\\\/en#website\",\"url\":\"https:\\\/\\\/www.sando.com\\\/en\",\"name\":\"Sando\",\"description\":\"\",\"publisher\":{\"@id\":\"https:\\\/\\\/www.sando.com\\\/en#organization\"},\"potentialAction\":[{\"@type\":\"SearchAction\",\"target\":{\"@type\":\"EntryPoint\",\"urlTemplate\":\"https:\\\/\\\/www.sando.com\\\/en?s={search_term_string}\"},\"query-input\":{\"@type\":\"PropertyValueSpecification\",\"valueRequired\":true,\"valueName\":\"search_term_string\"}}],\"inLanguage\":\"en-US\"},{\"@type\":\"Organization\",\"@id\":\"https:\\\/\\\/www.sando.com\\\/en#organization\",\"name\":\"Sando\",\"url\":\"https:\\\/\\\/www.sando.com\\\/en\",\"logo\":{\"@type\":\"ImageObject\",\"inLanguage\":\"en-US\",\"@id\":\"https:\\\/\\\/www.sando.com\\\/en#\\\/schema\\\/logo\\\/image\\\/\",\"url\":\"\",\"contentUrl\":\"\",\"caption\":\"Sando\"},\"image\":{\"@id\":\"https:\\\/\\\/www.sando.com\\\/en#\\\/schema\\\/logo\\\/image\\\/\"}}]}<\/script>\n<!-- \/ Yoast SEO plugin. -->","yoast_head_json":{"title":"Building operational and safe healthcare facilities - Sando","description":"We build operational and safe healthcare facilities with a focus on people and professionals","robots":{"index":"index","follow":"follow","max-snippet":"max-snippet:-1","max-image-preview":"max-image-preview:large","max-video-preview":"max-video-preview:-1"},"canonical":"https:\/\/www.sando.com\/en\/specialisations\/sustainable-building\/sanitary","og_locale":"en_US","og_type":"article","og_title":"Building operational and safe healthcare facilities - Sando","og_description":"We build operational and safe healthcare facilities with a focus on people and professionals","og_url":"https:\/\/www.sando.com\/en\/specialisations\/sustainable-building\/sanitary","og_site_name":"Sando","article_modified_time":"2024-10-29T12:09:14+00:00","og_image":[{"width":1900,"height":900,"url":"https:\/\/www.sando.com\/contenido\/subidas\/2023\/10\/sanitarias-hospital-virgen-del-rocio-4.jpg","type":"image\/jpeg"}],"twitter_card":"summary_large_image","twitter_misc":{"Est. reading time":"9 minutes"},"schema":{"@context":"https:\/\/schema.org","@graph":[{"@type":"WebPage","@id":"https:\/\/www.sando.com\/en\/specialisations\/sustainable-building\/sanitary","url":"https:\/\/www.sando.com\/en\/specialisations\/sustainable-building\/sanitary","name":"Building operational and safe healthcare facilities - Sando","isPartOf":{"@id":"https:\/\/www.sando.com\/en#website"},"primaryImageOfPage":{"@id":"https:\/\/www.sando.com\/en\/specialisations\/sustainable-building\/sanitary#primaryimage"},"image":{"@id":"https:\/\/www.sando.com\/en\/specialisations\/sustainable-building\/sanitary#primaryimage"},"thumbnailUrl":"https:\/\/www.sando.com\/contenido\/subidas\/2023\/10\/sanitarias-hospital-virgen-del-rocio-4.jpg","datePublished":"2023-11-01T18:44:56+00:00","dateModified":"2024-10-29T12:09:14+00:00","description":"We build operational and safe healthcare facilities with a focus on people and professionals","breadcrumb":{"@id":"https:\/\/www.sando.com\/en\/specialisations\/sustainable-building\/sanitary#breadcrumb"},"inLanguage":"en-US","potentialAction":[{"@type":"ReadAction","target":["https:\/\/www.sando.com\/en\/specialisations\/sustainable-building\/sanitary"]}]},{"@type":"ImageObject","inLanguage":"en-US","@id":"https:\/\/www.sando.com\/en\/specialisations\/sustainable-building\/sanitary#primaryimage","url":"https:\/\/www.sando.com\/contenido\/subidas\/2023\/10\/sanitarias-hospital-virgen-del-rocio-4.jpg","contentUrl":"https:\/\/www.sando.com\/contenido\/subidas\/2023\/10\/sanitarias-hospital-virgen-del-rocio-4.jpg","width":1900,"height":900,"caption":"Hospital Universitario Virgen del Roc\u00edo (Rosa Amarilla)"},{"@type":"BreadcrumbList","@id":"https:\/\/www.sando.com\/en\/specialisations\/sustainable-building\/sanitary#breadcrumb","itemListElement":[{"@type":"ListItem","position":1,"name":"Portada","item":"https:\/\/www.sando.com\/en"},{"@type":"ListItem","position":2,"name":"Specialisations","item":"https:\/\/www.sando.com\/en\/specialisations"},{"@type":"ListItem","position":3,"name":"Sustainable building","item":"https:\/\/www.sando.com\/en\/specialisations\/sustainable-building"},{"@type":"ListItem","position":4,"name":"Sanitary"}]},{"@type":"WebSite","@id":"https:\/\/www.sando.com\/en#website","url":"https:\/\/www.sando.com\/en","name":"Sando","description":"","publisher":{"@id":"https:\/\/www.sando.com\/en#organization"},"potentialAction":[{"@type":"SearchAction","target":{"@type":"EntryPoint","urlTemplate":"https:\/\/www.sando.com\/en?s={search_term_string}"},"query-input":{"@type":"PropertyValueSpecification","valueRequired":true,"valueName":"search_term_string"}}],"inLanguage":"en-US"},{"@type":"Organization","@id":"https:\/\/www.sando.com\/en#organization","name":"Sando","url":"https:\/\/www.sando.com\/en","logo":{"@type":"ImageObject","inLanguage":"en-US","@id":"https:\/\/www.sando.com\/en#\/schema\/logo\/image\/","url":"","contentUrl":"","caption":"Sando"},"image":{"@id":"https:\/\/www.sando.com\/en#\/schema\/logo\/image\/"}}]}},"_links":{"self":[{"href":"https:\/\/www.sando.com\/en\/wp-json\/wp\/v2\/pages\/38518","targetHints":{"allow":["GET"]}}],"collection":[{"href":"https:\/\/www.sando.com\/en\/wp-json\/wp\/v2\/pages"}],"about":[{"href":"https:\/\/www.sando.com\/en\/wp-json\/wp\/v2\/types\/page"}],"author":[{"embeddable":true,"href":"https:\/\/www.sando.com\/en\/wp-json\/wp\/v2\/users\/4"}],"replies":[{"embeddable":true,"href":"https:\/\/www.sando.com\/en\/wp-json\/wp\/v2\/comments?post=38518"}],"version-history":[{"count":0,"href":"https:\/\/www.sando.com\/en\/wp-json\/wp\/v2\/pages\/38518\/revisions"}],"up":[{"embeddable":true,"href":"https:\/\/www.sando.com\/en\/wp-json\/wp\/v2\/pages\/38512"}],"wp:featuredmedia":[{"embeddable":true,"href":"https:\/\/www.sando.com\/en\/wp-json\/wp\/v2\/media\/15165"}],"wp:attachment":[{"href":"https:\/\/www.sando.com\/en\/wp-json\/wp\/v2\/media?parent=38518"}],"wp:term":[{"taxonomy":"tax_brand","embeddable":true,"href":"https:\/\/www.sando.com\/en\/wp-json\/wp\/v2\/tax_brand?post=38518"},{"taxonomy":"tax_services","embeddable":true,"href":"https:\/\/www.sando.com\/en\/wp-json\/wp\/v2\/tax_services?post=38518"},{"taxonomy":"tax_location","embeddable":true,"href":"https:\/\/www.sando.com\/en\/wp-json\/wp\/v2\/tax_location?post=38518"}],"curies":[{"name":"wp","href":"https:\/\/api.w.org\/{rel}","templated":true}]}}