{"id":38785,"date":"2023-11-02T11:22:05","date_gmt":"2023-11-02T11:22:05","guid":{"rendered":"https:\/\/www.sando.com\/sustainability\/strategy"},"modified":"2024-10-30T08:13:16","modified_gmt":"2024-10-30T08:13:16","slug":"strategy","status":"publish","type":"page","link":"https:\/\/www.sando.com\/en\/sustainability\/strategy","title":{"rendered":"Strategy"},"content":{"rendered":"\n\n    \n\n        <div class=\"total u-pT-xs u-pB-m u-pLR-container\">\n    <div class=\"container-max\">\n    <div class=\"row row-cols-1 g-3\">\n    \n\n    <div class=\"col\"><div class=\"total m-card --cardMax u-br-l u-pT-xxxl overflow-hidden u-white u-bg-verde-500\">\n    \t<div class=\"total __bxImg\">\n\t\t<img loading=\"lazy\" decoding=\"async\" width=\"1900\" height=\"900\" src=\"https:\/\/www.sando.com\/contenido\/subidas\/2023\/11\/Estrategia-Sostenibilidad-Cabecera-SANDO.jpg\" class=\"attachment-full size-full\" alt=\"\" srcset=\"https:\/\/www.sando.com\/contenido\/subidas\/2023\/11\/Estrategia-Sostenibilidad-Cabecera-SANDO.jpg 1900w, https:\/\/www.sando.com\/contenido\/subidas\/2023\/11\/Estrategia-Sostenibilidad-Cabecera-SANDO-250x118.jpg 250w, https:\/\/www.sando.com\/contenido\/subidas\/2023\/11\/Estrategia-Sostenibilidad-Cabecera-SANDO-700x332.jpg 700w, https:\/\/www.sando.com\/contenido\/subidas\/2023\/11\/Estrategia-Sostenibilidad-Cabecera-SANDO-768x364.jpg 768w, https:\/\/www.sando.com\/contenido\/subidas\/2023\/11\/Estrategia-Sostenibilidad-Cabecera-SANDO-1536x728.jpg 1536w, https:\/\/www.sando.com\/contenido\/subidas\/2023\/11\/Estrategia-Sostenibilidad-Cabecera-SANDO-120x57.jpg 120w\" sizes=\"auto, (max-width: 1900px) 100vw, 1900px\" \/> \n\t<\/div>\n    \t<div class=\"container-medium\">\n\t\t<div class=\"__bxCnt u-pLR-container\">\n                        <div class=\"__bxTxt total u-nmB-lastchild u-nmT-firstchild\" style=\"max-width: 680px;\">\n                                <p class=\"ht-body-m u-bold uppercase\"><a href=\"\/en\/sustainability\" title=\"Sustainable and efficient environmental solutions\" target=\"_blank\">Sustainability<\/a><\/p>\n                                <p><span class=\"ht-two u-light\">Stepping stones to achieve our goals<\/span><\/p>\n            <\/div>\n                            <div class=\"__bxBtn total\">\n                    <div class=\"a-subtitArrow u-white\">\n                        <div class=\"__bxText ht-body-m uppercase u-bold\">we tell you more<\/div>\n                        <svg class=\"__icon\">\n                            <use xlink:href=\"#icon-border-arrow-down\" href=\"\/i.svg#icon-border-arrow-down\"><\/use>\n                        <\/svg>\n                    <\/div>\n                <\/div>\n            \t\t<\/div> \n\t<\/div>\n<\/div><\/div>\n\n    \n        <\/div>\n    <\/div>\n    <\/div>\n    \n\n\n\n\n<div class=\"total u-pLR-container\">\n    <div class=\"container-medium\">\n        <div class=\"total u-pT-s u-pB-s\">\n            <div class=\"total u-pB-xs \">\n                <ol class=\"m-breadcrumb\" itemscope itemtype=\"http:\/\/schema.org\/BreadcrumbList\"><li itemprop=\"itemListElement\" itemscope itemtype=\"http:\/\/schema.org\/ListItem\"><a href=\"https:\/\/www.sando.com\/en\" itemprop=\"item\"><span itemprop=\"name\">Home<\/span><\/a><meta itemprop=\"position\" content=\"1\" \/><\/li><\/ol>            <\/div>\n            <p class=\"ht-three u-light\">Strategy<\/p>\n        <\/div>\n    <\/div>\n<\/div>\n\n\n<div class=\"container-full u-mB-l u-verde-700 block-slider-content-posts\"> \r\n\t<div class=\"container-max\">\r\n\t\t<div class=\"total u-bg-white u-br-l u-pTB-xl u-pLR-container overflow-hidden\">\r\n\t\t\t\r\n\t\t\t\t\t\t<div class=\"container-medium\">\r\n\t\t\t\t<div class=\"row row-cols-1 row-cols-lg-2 d-flex justify-content-between u-pB-s\">\r\n\t\t\t\t\t<div class=\"col\">\r\n\t\t\t\t\t\t\t\t\t\t\t\t<div class=\"a-tagTitle u-verde-700\">\r\n\t\t\t\t\t\t\t<svg class=\"u-verde-500\" width=\"9\" height=\"20\" viewBox=\"0 0 9 20\" fill=\"none\" xmlns=\"http:\/\/www.w3.org\/2000\/svg\">\r\n\t\t\t\t\t\t\t\t<path d=\"M0 0C6.414 0 8.78101 3.93299 8.78101 9.92699C8.78101 15.921 6.414 19.853 0 19.853V16.112C3.13 16.112 3.97101 13.668 3.97101 9.92699C3.97101 6.22699 3.131 3.78 0 3.78V0Z\" fill=\"currentColor\"\/>\r\n\t\t\t\t\t\t\t<\/svg>\r\n\t\t\t\t\t\t\t<h2>leading change<\/h2>\t\t\t\t\t\t<\/div>\t\r\n\t\t\t\t\t\t\t\t\t\t\t<\/div>\r\n\t\t\t\t\t<div class=\"col d-none justify-content-end d-lg-flex u-verde-700\">\r\n\t\t\t\t\t\t\t\t\t\t\t<\/div>\r\n\t\t\t\t<\/div>\r\n\t\t\t<\/div>\r\n\t\t\t\t\t\t<div class=\"container-medium u-verde-700\">\r\n\t\t\t\t<div class=\"total u-pB-l u-nmB-lastchild u-nmT-firstchild\" style=\"max-width: 800px;\">\r\n\t\t\t\t<p><span class=\"u-light ht-two\">We aspire to become a sector benchmark in contributing to sustainable development.<br \/>\n<\/span><\/p>\n\t\t\r\n\t\t\t\t<\/div>\r\n\t\t\t<\/div>\r\n\t\t\t\t\t\t\t\t\t<div class=\"container-small\">\r\n\t\t\t\t<div class=\"total u-nmB-lastchild u-nmT-firstchild u-pB-xl\" style=\"max-width: 1000px;\">\r\n\t\t\t\t<p><span style=\"font-weight: 400;\">We have, therefore, integrated sustainability into the strategic management of all the companies that make up the group, pursuing a balance between the economic, environmental and social dimensions and investing efforts to create value in the communities in which the company is located. <strong>Our sustainability strategy focuses on impact management through five areas of action:<\/strong> <\/span><\/p>\n\t\t\t\t<\/div>\r\n\t\t\t<\/div>\r\n\t\t\t\r\n\r\n\r\n\t\t\t<div class=\"container-medium u-verde-700\">\t\t\r\n\t\t\t\r\n\t\t\t<div class=\"m-slideDemo js-sldContentPost\">\r\n\t\t\t\t<div class=\"__loader u-bg-gray-500 u-br-m\">\r\n\t\t\t\t\t<div class=\"loader-01 u-verde-700\"><\/div>\r\n\t\t\t\t<\/div>\r\n\r\n\t\t\t\t<div class=\"__loop total\" \r\n\t\t\t\t\tdata-slidetoshow=\"2\"\r\n\t\t\t\t\tdata-slidetoshow-mob=\"1\"\r\n\t\t\t\t\tdata-slidetoshow-med=\"1\"\r\n\t\t\t\t\tdata-color-accent=\"u-verde-500\" \r\n\t\t\t\t\tstyle=\"opacity: 0; visibility:0;\">\r\n\t\t\t\t\t\r\n\t\t\t\t\t\t\t\t\t\t\t\t\t\t<div class=\"__item\">\r\n\t\t\t\t\t\t\t\t\t\t<div class=\"m-cardText u-bg-gray-200 u-verde-700\">\r\n\t\t\t\t\t\t\t\t\t\t\t<p><span class=\"uppercase ht-body u-bold\">01<\/span><\/p>\n<h3 class=\"ht-three u-light u-verde-500\">Ethical and sustainable governance<\/h3>\n<p>Implementing measures enabling regulatory compliance, anti-corruption, information privacy, ethical conduct, transparency, and good governance.<\/p>\n<p><span class=\"uppercase ht-body u-bold\"><a href=\"https:\/\/www.sando.com\/en\/code-of-conduct\"><a href=\"https:\/\/www.sando.com\/en\/code-of-conduct\">Learn more<\/a><\/a><\/span><\/p>\n\t\t\t\t\t\t\t\t\t\t<\/div>\r\n\t\t\t\t\t\t\t\t\t<\/div>\r\n\t\t\t\t\t\t\t\t\t\t\t\t\t\t\t\t\t<div class=\"__item\">\r\n\t\t\t\t\t\t\t\t\t\t<div class=\"m-cardText u-bg-gray-200 u-verde-700\">\r\n\t\t\t\t\t\t\t\t\t\t\t<p><span class=\"uppercase ht-body u-bold\">02<\/span><\/p>\n<h3 class=\"ht-three u-light u-verde-500\">Innovation and excellence in our services<\/h3>\n<p>With the design of technological solutions that increase efficiency, the integration of sustainability in the services offered to clients, quality as a top priority in operations, and the promotion and strengthening of R&amp;D&amp;i activities.<\/p>\n<p><span class=\"uppercase ht-body u-bold\"><a href=\"https:\/\/www.sando.com\/en\/innovation\"><a href=\"https:\/\/www.sando.com\/en\/innovation\">learn more<\/a><\/a><\/span><\/p>\n\t\t\t\t\t\t\t\t\t\t<\/div>\r\n\t\t\t\t\t\t\t\t\t<\/div>\r\n\t\t\t\t\t\t\t\t\t\t\t\t\t\t\t\t\t<div class=\"__item\">\r\n\t\t\t\t\t\t\t\t\t\t<div class=\"m-cardText u-bg-gray-200 u-verde-700\">\r\n\t\t\t\t\t\t\t\t\t\t\t<p><span class=\"uppercase ht-body u-bold\">03<\/span><\/p>\n<h3 class=\"ht-three u-light u-verde-500\">Integrated environmental management<\/h3>\n<p>With the circular economy as a cornerstone of operations, a commitment to carbon footprint reduction, energy efficiency and responsible use of resources, and the design of research projects to benefit the environment.<\/p>\n<p><span class=\"uppercase ht-body u-bold\"><a href=\"https:\/\/www.sando.com\/en\/sustainability\/quality\"><a href=\"https:\/\/www.sando.com\/en\/sustainability\/quality\">learn more<\/a><\/a><\/span><\/p>\n\t\t\t\t\t\t\t\t\t\t<\/div>\r\n\t\t\t\t\t\t\t\t\t<\/div>\r\n\t\t\t\t\t\t\t\t\t\t\t\t\t\t\t\t\t<div class=\"__item\">\r\n\t\t\t\t\t\t\t\t\t\t<div class=\"m-cardText u-bg-gray-200 u-verde-700\">\r\n\t\t\t\t\t\t\t\t\t\t\t<p><span class=\"uppercase ht-body u-bold\">04<\/span><\/p>\n<h3 class=\"ht-three u-light u-verde-500\">Committed to our team<\/h3>\n<p>Working towards integrating diversity and effective equality, ensuring the highest standards of health and safety, taking care of working conditions and work-life balance, and investing in training and professional development of our team.<\/p>\n<p><span class=\"uppercase ht-body u-bold\"><a href=\"https:\/\/www.sando.com\/en\/people\"><a href=\"https:\/\/www.sando.com\/en\/people\">learn more<\/a><\/a><\/span><\/p>\n\t\t\t\t\t\t\t\t\t\t<\/div>\r\n\t\t\t\t\t\t\t\t\t<\/div>\r\n\t\t\t\t\t\t\t\t\t\t\t\t\t\t\t\t\t<div class=\"__item\">\r\n\t\t\t\t\t\t\t\t\t\t<div class=\"m-cardText u-bg-gray-200 u-verde-700\">\r\n\t\t\t\t\t\t\t\t\t\t\t<p><span class=\"uppercase ht-body u-bold\">05<\/span><\/p>\n<h3 class=\"ht-three u-light u-verde-500\">Creating value for the community:<\/h3>\n<p>Integrating Human Rights throughout the value chain with social and environmental awareness actions and involvement in local communities, primarily through the Sando Fundaci\u00f3n.<\/p>\n<p><span class=\"uppercase ht-body u-bold\"><a href=\"https:\/\/www.sando.com\/en\/fundacion-sando\"><a href=\"https:\/\/www.sando.com\/en\/fundacion-sando\">learn more<\/a><\/a><\/span><\/p>\n\t\t\t\t\t\t\t\t\t\t<\/div>\r\n\t\t\t\t\t\t\t\t\t<\/div>\r\n\t\t\t\t\t\t\t\t\r\n\t\t\t\t<\/div>\r\n\r\n\t\t\t\t<div class=\"__footer total u-pT-s\">\r\n\t\t\t\t\t<div class=\"__bx d-flex gap-4\">\r\n\t\t\t\t\t\t<div class=\"__arrow-prev a-arrowSliderCircle\" role=\"button\" aria-label=\"Anterior\">\r\n\t\t\t\t\t\t\t<svg class=\"a-icon\"><use xlink:href=\"#icon-arrow-green-left-max\" href=\"\/i.svg#icon-arrow-green-left-max\"><\/use><\/svg>\r\n\t\t\t\t\t\t<\/div>\r\n\t\t\t\t\t\t<div class=\"__arrow-next a-arrowSliderCircle\" role=\"button\" aria-label=\"Siguiente\">\r\n\t\t\t\t\t\t\t<svg class=\"a-icon\"><use xlink:href=\"#icon-arrow-green-right-max\" href=\"\/i.svg#icon-arrow-green-right-max\"><\/use><\/svg>\r\n\t\t\t\t\t\t<\/div>\r\n\t\t\t\t\t<\/div>\r\n\t\t\t\t\t<div class=\"__bx d-flex\">\r\n\t\t\t\t\t\t<div class=\"__counter\">\r\n\t\t\t\t\t\t\t<span class=\"ht-body-m u-bold __pageInfo\"><\/span>\r\n\t\t\t\t\t\t<\/div>\r\n\t\t\t\t\t<\/div>\r\n\t\t\t\t<\/div>\r\n\t\t\t<\/div>\r\n\r\n\t\t\t\t\t\t<\/div>\r\n\t\t\t\t\t<\/div>\r\n\t<\/div>\r\n<\/div>\n\n\n\n        <div class=\"total u-pTB-l u-pLR-container\">\n    <div class=\"container-medium\">\n    <div class=\"row row-cols-1 row-cols-xl-1 g-4\">\n    \n\n    \n\n    <div class=\"col\"><div class=\"total m-card u-br-l overflow-hidden u-white u-bg-verde-500\">\n    \t<div class=\"total __bxImg\">\n\t\t<img loading=\"lazy\" decoding=\"async\" width=\"1900\" height=\"900\" src=\"https:\/\/www.sando.com\/contenido\/subidas\/2023\/11\/proyectos-sostenibilidad-cabecera-2-sando.jpg\" class=\"attachment-full size-full\" alt=\"\" srcset=\"https:\/\/www.sando.com\/contenido\/subidas\/2023\/11\/proyectos-sostenibilidad-cabecera-2-sando.jpg 1900w, https:\/\/www.sando.com\/contenido\/subidas\/2023\/11\/proyectos-sostenibilidad-cabecera-2-sando-250x118.jpg 250w, https:\/\/www.sando.com\/contenido\/subidas\/2023\/11\/proyectos-sostenibilidad-cabecera-2-sando-700x332.jpg 700w, https:\/\/www.sando.com\/contenido\/subidas\/2023\/11\/proyectos-sostenibilidad-cabecera-2-sando-768x364.jpg 768w, https:\/\/www.sando.com\/contenido\/subidas\/2023\/11\/proyectos-sostenibilidad-cabecera-2-sando-1536x728.jpg 1536w, https:\/\/www.sando.com\/contenido\/subidas\/2023\/11\/proyectos-sostenibilidad-cabecera-2-sando-120x57.jpg 120w\" sizes=\"auto, (max-width: 1900px) 100vw, 1900px\" \/> \n\t<\/div>\n    \t<div class=\"__bxCnt u-pLR-container\">\n        \t\t<div class=\"__bxTxt total u-nmB-lastchild u-nmT-firstchild\" style=\"max-width: 680px;\">\n                        <p class=\"ht-body-m u-bold uppercase\"><h2>Sustainable projects<\/h2><\/p>\n            \t\t\t<p><span class=\"ht-two u-light\">Acting to generate a positive social and environmental footprint<\/span><\/p>\n\t\t<\/div>\n                    <div class=\"__bxBtn total\">\n                <a href=\"\/en\/sustainability\/sustainable-projects\" title=\"Get to know our projects\"class=\"a-btn-primary u-white --without-br\">\n                    Get to know our projects                    <svg class=\"__icon\">\n                        <use xlink:href=\"#icon-border-arrow-right\" href=\"\/i.svg#icon-border-arrow-right\"><\/use>\n                    <\/svg>\n                <\/a>\n            <\/div>    \n\n            \t<\/div>\n<\/div>\n<\/div>\n\n    \n        <\/div>\n    <\/div>\n    <\/div>\n    \n\n\n\n\n<div class=\"container-full u-mB-l u-verde-700 block-text-varios js-block-text-varios\"> \r\n\t<div class=\"container-max\">\r\n\t\t<div class=\"total u-bg-white u-br-l u-pTB-xl u-pLR-container overflow-hidden\">\r\n\t\t\t\t\t\t<div class=\"container-medium\">\r\n\t\t\t\t<div class=\"row row-cols-1 row-cols-lg-2 d-flex justify-content-between u-pB-s\" id=\"contenido\">\r\n\t\t\t\t\t<div class=\"col\">\r\n\t\t\t\t\t\t\t\t\t\t\t\t<div class=\"a-tagTitle u-verde-700\">\r\n\t\t\t\t\t\t\t<svg class=\"u-verde-500\" width=\"9\" height=\"20\" viewBox=\"0 0 9 20\" fill=\"none\" xmlns=\"http:\/\/www.w3.org\/2000\/svg\">\r\n\t\t\t\t\t\t\t\t<path d=\"M0 0C6.414 0 8.78101 3.93299 8.78101 9.92699C8.78101 15.921 6.414 19.853 0 19.853V16.112C3.13 16.112 3.97101 13.668 3.97101 9.92699C3.97101 6.22699 3.131 3.78 0 3.78V0Z\" fill=\"currentColor\"\/>\r\n\t\t\t\t\t\t\t<\/svg>\r\n\t\t\t\t\t\t\tleading change\t\t\t\t\t\t<\/div>\t\r\n\t\t\t\t\t\t\t\t\t\t\t<\/div>\r\n\t\t\t\t\t<div class=\"col d-none justify-content-end d-lg-flex u-verde-700\">\r\n\t\t\t\t\t\t\t\t\t\t\t<\/div>\r\n\t\t\t\t<\/div>\r\n\t\t\t<\/div>\r\n\t\t\t\t\t\t\t\t\t<div class=\"container-small\">\r\n\t\t\t\t<div class=\"total u-nmB-lastchild u-nmT-firstchild u-pB-xl\" style=\"max-width: 1000px;\">\r\n\t\t\t\t<p><span style=\"font-weight: 400;\">In addition, our commitment to contribute to the significant global challenges is reflected in our membership of the Global Compact through the Sando Fundaci\u00f3n.<br \/>\n<\/span><\/p>\n<p><span class=\"u-semiBold\" style=\"font-weight: 400;\">As signatories to this UN initiative, we are committed to its Ten Principles and the Sustainable Development Goals. <\/span><\/p>\n<p><span style=\"font-weight: 400;\">That is why, in any of the operations that we undertake in any of the Sando areas, sustainability in environmental, economic and social terms is always present. <\/span><\/p>\n<p><span style=\"font-weight: 400;\">Our sustainability principles are set out in our corporate policies and our Code of Conduct. We are committed to respecting the environment when developing our business activity and minimising its impact All Sando professionals subscribe to the Code and must act accordingly. As well as the contractors and suppliers with whom we collaborate.<\/span><\/p>\n<p><span style=\"font-weight: 400;\">In line with our environmental commitment, we have an Environmental and Energy Management System under the UNE EN ISO 14001 and UNE EN ISO 50001 standards. We are committed to disseminating and raising awareness of environmental protection and energy efficiency. To monitor compliance with the indicators and principles of the Management System, we have tools such as internal and external ecological assessments, internal audits, and a system for recording incidents and complaints from both the market and internally through regulated channels.<\/span><\/p>\n\t\t\t\t<\/div>\r\n\t\t\t<\/div>\r\n\t\t\t\r\n\r\n\r\n\t\t\t\r\n\t\t\t\r\n\t\t\t\t\t<\/div>\r\n\t<\/div>\r\n<\/div>\r\n\r\n\n\n\n\n<div class=\"container-full u-mB-l u-verde-700 block-slider-content-posts\"> \r\n\t<div class=\"container-max\">\r\n\t\t<div class=\"total u-bg-verde-200 u-br-l u-pTB-xl u-pLR-container overflow-hidden\">\r\n\t\t\t\r\n\t\t\t\t\t\t<div class=\"container-medium\">\r\n\t\t\t\t<div class=\"row row-cols-1 row-cols-lg-2 d-flex justify-content-between u-pB-s\">\r\n\t\t\t\t\t<div class=\"col\">\r\n\t\t\t\t\t\t\t\t\t\t\t\t<div class=\"a-tagTitle u-verde-700\">\r\n\t\t\t\t\t\t\t<svg class=\"u-verde-500\" width=\"9\" height=\"20\" viewBox=\"0 0 9 20\" fill=\"none\" xmlns=\"http:\/\/www.w3.org\/2000\/svg\">\r\n\t\t\t\t\t\t\t\t<path d=\"M0 0C6.414 0 8.78101 3.93299 8.78101 9.92699C8.78101 15.921 6.414 19.853 0 19.853V16.112C3.13 16.112 3.97101 13.668 3.97101 9.92699C3.97101 6.22699 3.131 3.78 0 3.78V0Z\" fill=\"currentColor\"\/>\r\n\t\t\t\t\t\t\t<\/svg>\r\n\t\t\t\t\t\t\t<h2>CSR news<\/h2>\t\t\t\t\t\t<\/div>\t\r\n\t\t\t\t\t\t\t\t\t\t\t<\/div>\r\n\t\t\t\t\t<div class=\"col d-none justify-content-end d-lg-flex u-verde-700\">\r\n\t\t\t\t\t\t\t\t\t\t\t\t<a href=\"\/en\/news\/category\/corporate-social-responsibility\" title=\"CSR news\" class=\"a-btn-primary\" >\r\n\t\t\t\t\t\t\tSee all\t\t\t\r\n\t\t\t\t\t\t\t<svg class=\"__icon u-verde-500\">\r\n\t\t\t\t\t\t\t\t<use xlink:href=\"#icon-arrow-green-right\" href=\"\/i.svg#icon-arrow-green-right\"><\/use>\r\n\t\t\t\t\t\t\t<\/svg>\r\n\t\t\t\t\t\t<\/a>\r\n\t\t\t\t\t\t\t\t\t\t\t<\/div>\r\n\t\t\t\t<\/div>\r\n\t\t\t<\/div>\r\n\t\t\t\t\t\t\r\n\r\n\r\n\t\t\t<div class=\"container-medium u-verde-700\">\t\t\r\n\t\t\t\r\n\t\t\t<div class=\"m-slideDemo js-sldContentPost\">\r\n\t\t\t\t<div class=\"__loader u-bg-gray-500 u-br-m\">\r\n\t\t\t\t\t<div class=\"loader-01 u-verde-700\"><\/div>\r\n\t\t\t\t<\/div>\r\n\r\n\t\t\t\t<div class=\"__loop total\" \r\n\t\t\t\t\tdata-slidetoshow=\"3\"\r\n\t\t\t\t\tdata-slidetoshow-mob=\"1\"\r\n\t\t\t\t\tdata-slidetoshow-med=\"2\"\r\n\t\t\t\t\tdata-color-accent=\"u-verde-500\" \r\n\t\t\t\t\tstyle=\"opacity: 0; visibility:0;\">\r\n\t\t\t\t\t\r\n\t\t\t\t\t\t\t\t\t\t\t\t\t\t<div class=\"__item\">\r\n\r\n\t\t\t\t\t\t\t\t\t\t<div class=\"total m-cardPost u-br-l overflow-hidden --post-default\" data-max-width=\"500\">\n\t<div class=\"total __bxImg\">\n\t\t\t\t\t<img decoding=\"async\" src=\"https:\/\/www.sando.com\/contenido\/subidas\/2025\/08\/3.10.2-hormigones-villarosa-scaled-e1754917665911.jpg\" class=\"attachment-full size-full wp-post-image\" alt=\"La empresa Andemosa ha logrado renovar las distintas certificaciones de calidad en homig\u00f3nque le permiten cumplir con las exigencias legales y ofrecer un producto de m\u00e1ximas garant\u00edas en el mercado.\" \/>\t\t\t<\/div>\n\t<div class=\"total __bxCnt u-br-m u-verde-700 u-bg-white\">\n\t\t\t\t<div class=\"__bxTxt total u-nmB-lastchild u-nmT-firstchild u-pB-s\">\n\t\t\t<p class=\"ht-body-l u-bold\">Andemosa renews all its quality certifications<\/p>\n\t\t<\/div>\n\t\t<div class=\"__bxItems total\">\n\t\t\t\t\t\t\t\t<\/div>\n\t<\/div>\n\t<a href=\"https:\/\/www.sando.com\/en\/actualidad\/andemosa-renews-all-its-quality-certifications\" title=\"Andemosa renews all its quality certifications\" class=\"__bxLink u-br-l u-verde-500\"><\/a>\t\t\t\t\t\t\t\n<\/div>\n\t\t\t\t\t\t\t\t\t<\/div>\r\n\t\t\t\t\t\t\t\t\t\t\t\t\t\t\t\t\t\t<div class=\"__item\">\r\n\r\n\t\t\t\t\t\t\t\t\t\t<div class=\"total m-cardPost u-br-l overflow-hidden --post-default\" data-max-width=\"500\">\n\t<div class=\"total __bxImg\">\n\t\t\t\t\t<img decoding=\"async\" src=\"https:\/\/www.sando.com\/contenido\/subidas\/2025\/08\/WhatsApp-Image-2025-06-26-at-14.22.48-e1754920912115.jpeg\" class=\"attachment-full size-full wp-post-image\" alt=\"El Club Deportivo de Lucha Los Campitos ha rematado una gran temporada con tres triunfos. Un a\u00f1o m\u00e1s Fundaci\u00f3n Sando, comprometida con el deporte tradicional Canario, ha apoyado a este club que mantiene equipos en todas las categor\u00edas, incluidas las femeninas y que adem\u00e1s es el \u00fanico de Santa Cruz de Tenerife.\" \/>\t\t\t<\/div>\n\t<div class=\"total __bxCnt u-br-m u-verde-700 u-bg-white\">\n\t\t\t\t<div class=\"__bxTxt total u-nmB-lastchild u-nmT-firstchild u-pB-s\">\n\t\t\t<p class=\"ht-body-l u-bold\">Three key victories for Club Deportivo de Lucha Los Campitos this season<\/p>\n\t\t<\/div>\n\t\t<div class=\"__bxItems total\">\n\t\t\t\t\t\t\t\t<\/div>\n\t<\/div>\n\t<a href=\"https:\/\/www.sando.com\/en\/actualidad\/three-key-victories-for-club-deportivo-de-lucha-los-campitos-this-season\" title=\"Three key victories for Club Deportivo de Lucha Los Campitos this season\" class=\"__bxLink u-br-l u-verde-500\"><\/a>\t\t\t\t\t\t\t\n<\/div>\n\t\t\t\t\t\t\t\t\t<\/div>\r\n\t\t\t\t\t\t\t\t\t\t\t\t\t\t\t\t\t\t<div class=\"__item\">\r\n\r\n\t\t\t\t\t\t\t\t\t\t<div class=\"total m-cardPost u-br-l overflow-hidden --post-default\" data-max-width=\"500\">\n\t<div class=\"total __bxImg\">\n\t\t\t\t\t<img decoding=\"async\" src=\"https:\/\/www.sando.com\/contenido\/subidas\/2025\/08\/camponato-la-nucia-e1754919907640.png\" class=\"attachment-full size-full wp-post-image\" alt=\"El equipo de tenis de mesa de Primera Divisi\u00f3n Femenina Fundaci\u00f3n Sando NovaC\u00e1rtama ha cerrado la temporada con numerosos logros,\" \/>\t\t\t<\/div>\n\t<div class=\"total __bxCnt u-br-m u-verde-700 u-bg-white\">\n\t\t\t\t<div class=\"__bxTxt total u-nmB-lastchild u-nmT-firstchild u-pB-s\">\n\t\t\t<p class=\"ht-body-l u-bold\">A season of triumphs for the young women\u2019s table tennis team Fundaci\u00f3n Sando NovaC\u00e1rtama<\/p>\n\t\t<\/div>\n\t\t<div class=\"__bxItems total\">\n\t\t\t\t\t\t\t\t<\/div>\n\t<\/div>\n\t<a href=\"https:\/\/www.sando.com\/en\/actualidad\/a-season-of-triumphs-for-the-young-womens-table-tennis-team-fundacion-sando-novacartama\" title=\"A season of triumphs for the young women\u2019s table tennis team Fundaci\u00f3n Sando NovaC\u00e1rtama\" class=\"__bxLink u-br-l u-verde-500\"><\/a>\t\t\t\t\t\t\t\n<\/div>\n\t\t\t\t\t\t\t\t\t<\/div>\r\n\t\t\t\t\t\t\t\t\t\t\t\t\t\t\t\t\t\t<div class=\"__item\">\r\n\r\n\t\t\t\t\t\t\t\t\t\t<div class=\"total m-cardPost u-br-l overflow-hidden --post-default\" data-max-width=\"500\">\n\t<div class=\"total __bxImg\">\n\t\t\t\t\t<img decoding=\"async\" src=\"https:\/\/www.sando.com\/contenido\/subidas\/2025\/06\/Entrega-Woman-Foward.jpg\" class=\"attachment-full size-full wp-post-image\" alt=\"La tercera edici\u00f3n del Ranking de Empresas por la Igualdad, que organiza la Fundaci\u00f3n Woman Forward, ha posicionado a Sando Construcci\u00f3n entre las diez primeras compa\u00f1\u00edas en materia de igualdad del pa\u00eds. Concretamente, Sando Construcci\u00f3n ha ascendido al puesto noveno del ranking, liderado en esta edici\u00f3n por la farmac\u00e9utica Bayer.\" srcset=\"https:\/\/www.sando.com\/contenido\/subidas\/2025\/06\/Entrega-Woman-Foward.jpg 906w, https:\/\/www.sando.com\/contenido\/subidas\/2025\/06\/Entrega-Woman-Foward-250x331.jpg 250w, https:\/\/www.sando.com\/contenido\/subidas\/2025\/06\/Entrega-Woman-Foward-700x927.jpg 700w, https:\/\/www.sando.com\/contenido\/subidas\/2025\/06\/Entrega-Woman-Foward-768x1017.jpg 768w, https:\/\/www.sando.com\/contenido\/subidas\/2025\/06\/Entrega-Woman-Foward-120x159.jpg 120w\" sizes=\"(max-width: 906px) 100vw, 906px\" \/>\t\t\t<\/div>\n\t<div class=\"total __bxCnt u-br-m u-verde-700 u-bg-white\">\n\t\t\t\t<div class=\"__bxTxt total u-nmB-lastchild u-nmT-firstchild u-pB-s\">\n\t\t\t<p class=\"ht-body-l u-bold\">Sando ranks among Spain\u2019s top ten companies for equality in the III Woman Forward Foundation Ranking<\/p>\n\t\t<\/div>\n\t\t<div class=\"__bxItems total\">\n\t\t\t\t\t\t\t\t<\/div>\n\t<\/div>\n\t<a href=\"https:\/\/www.sando.com\/en\/actualidad\/sando-ranks-among-spains-top-ten-companies-for-equality-in-the-iii-woman-forward-foundation-ranking\" title=\"Sando ranks among Spain\u2019s top ten companies for equality in the III Woman Forward Foundation Ranking\" class=\"__bxLink u-br-l u-verde-500\"><\/a>\t\t\t\t\t\t\t\n<\/div>\n\t\t\t\t\t\t\t\t\t<\/div>\r\n\t\t\t\t\t\t\t\t\t\t\t\t\t\t\t\t\t\t<div class=\"__item\">\r\n\r\n\t\t\t\t\t\t\t\t\t\t<div class=\"total m-cardPost u-br-l overflow-hidden --post-default\" data-max-width=\"500\">\n\t<div class=\"total __bxImg\">\n\t\t\t\t\t<img decoding=\"async\" src=\"https:\/\/www.sando.com\/contenido\/subidas\/2025\/07\/grupo1-scaled-e1751461173403.jpg\" class=\"attachment-full size-full wp-post-image\" alt=\"\" \/>\t\t\t<\/div>\n\t<div class=\"total __bxCnt u-br-m u-verde-700 u-bg-white\">\n\t\t\t\t<div class=\"__bxTxt total u-nmB-lastchild u-nmT-firstchild u-pB-s\">\n\t\t\t<p class=\"ht-body-l u-bold\">Fundaci\u00f3n Sando fosters young talent through the Fundaci\u00f3n M\u00e1laga Talento Scholarships<\/p>\n\t\t<\/div>\n\t\t<div class=\"__bxItems total\">\n\t\t\t\t\t\t\t\t<\/div>\n\t<\/div>\n\t<a href=\"https:\/\/www.sando.com\/en\/actualidad\/fundacion-sando-fosters-young-talent-through-the-fundacion-malaga-talento-scholarships\" title=\"Fundaci\u00f3n Sando fosters young talent through the Fundaci\u00f3n M\u00e1laga Talento Scholarships\" class=\"__bxLink u-br-l u-verde-500\"><\/a>\t\t\t\t\t\t\t\n<\/div>\n\t\t\t\t\t\t\t\t\t<\/div>\r\n\t\t\t\t\t\t\t\t\t\t\t\t\t\t\t\t\t\t<div class=\"__item\">\r\n\r\n\t\t\t\t\t\t\t\t\t\t<div class=\"total m-cardPost u-br-l overflow-hidden --post-default\" data-max-width=\"500\">\n\t<div class=\"total __bxImg\">\n\t\t\t\t\t<img decoding=\"async\" src=\"https:\/\/www.sando.com\/contenido\/subidas\/2025\/06\/STEM-e1750682528212.png\" class=\"attachment-full size-full wp-post-image\" alt=\"Sando Construcci\u00f3n renueva un a\u00f1o m\u00e1s su adhesi\u00f3n al programa \u201cMentoring de excelencia para el desarrollo del talento STEM femenino\u201d, encuadrado dentro del proyecto Mujer e Ingenier\u00eda que promueve la Real Academia de Ingenier\u00eda (RAI).\" \/>\t\t\t<\/div>\n\t<div class=\"total __bxCnt u-br-m u-verde-700 u-bg-white\">\n\t\t\t\t<div class=\"__bxTxt total u-nmB-lastchild u-nmT-firstchild u-pB-s\">\n\t\t\t<p class=\"ht-body-l u-bold\"><a href=\"\/en\/sando-construccion\" title=\"Sando Construcci\u00f3n. Building resilient and innovative infrastructures\" target=\"_blank\">Sando Construcci\u00f3n<\/a> supports the Royal Academy of Engineering\u2019s initiative to develop female STEM talent<\/p>\n\t\t<\/div>\n\t\t<div class=\"__bxItems total\">\n\t\t\t\t\t\t\t\t<\/div>\n\t<\/div>\n\t<a href=\"https:\/\/www.sando.com\/en\/actualidad\/sando-construccion-supports-the-royal-academy-of-engineerings-initiative-to-develop-female-stem-talent\" title=\"Sando Construcci\u00f3n supports the Royal Academy of Engineering\u2019s initiative to develop female STEM talent\" class=\"__bxLink u-br-l u-verde-500\"><\/a>\t\t\t\t\t\t\t\n<\/div>\n\t\t\t\t\t\t\t\t\t<\/div>\r\n\t\t\t\t\t\t\t\t\t\t\t\t\t\t\t\t\t\t<div class=\"__item\">\r\n\r\n\t\t\t\t\t\t\t\t\t\t<div class=\"total m-cardPost u-br-l overflow-hidden --post-default\" data-max-width=\"500\">\n\t<div class=\"total __bxImg\">\n\t\t\t\t\t<img decoding=\"async\" src=\"https:\/\/www.sando.com\/contenido\/subidas\/2025\/06\/luis-machuca-libro-ed.png\" class=\"attachment-full size-full wp-post-image\" alt=\"Esta semana se ha presentado el libro monogr\u00e1fico Luis Machuca Santa-Cruz, Obra completa 1972\u20132024, una publicaci\u00f3n en la que Sando participa y que recoge la memoria gr\u00e1fica de su extensa trayectoria profesional.\" srcset=\"https:\/\/www.sando.com\/contenido\/subidas\/2025\/06\/luis-machuca-libro-ed.png 1200w, https:\/\/www.sando.com\/contenido\/subidas\/2025\/06\/luis-machuca-libro-ed-250x167.png 250w, https:\/\/www.sando.com\/contenido\/subidas\/2025\/06\/luis-machuca-libro-ed-700x467.png 700w, https:\/\/www.sando.com\/contenido\/subidas\/2025\/06\/luis-machuca-libro-ed-768x512.png 768w, https:\/\/www.sando.com\/contenido\/subidas\/2025\/06\/luis-machuca-libro-ed-120x80.png 120w\" sizes=\"(max-width: 1200px) 100vw, 1200px\" \/>\t\t\t<\/div>\n\t<div class=\"total __bxCnt u-br-m u-verde-700 u-bg-white\">\n\t\t\t\t<div class=\"__bxTxt total u-nmB-lastchild u-nmT-firstchild u-pB-s\">\n\t\t\t<p class=\"ht-body-l u-bold\">Luis Machuca Santa-Cruz: Half a Century of Architecture with a M\u00e1laga Signature<\/p>\n\t\t<\/div>\n\t\t<div class=\"__bxItems total\">\n\t\t\t\t\t\t\t\t<\/div>\n\t<\/div>\n\t<a href=\"https:\/\/www.sando.com\/en\/actualidad\/luis-machuca-santa-cruz-half-a-century-of-architecture-with-a-malaga-signature\" title=\"Luis Machuca Santa-Cruz: Half a Century of Architecture with a M\u00e1laga Signature\" class=\"__bxLink u-br-l u-verde-500\"><\/a>\t\t\t\t\t\t\t\n<\/div>\n\t\t\t\t\t\t\t\t\t<\/div>\r\n\t\t\t\t\t\t\t\t\t\t\t\t\t\t\t\t\t\t<div class=\"__item\">\r\n\r\n\t\t\t\t\t\t\t\t\t\t<div class=\"total m-cardPost u-br-l overflow-hidden --post-default\" data-max-width=\"500\">\n\t<div class=\"total __bxImg\">\n\t\t\t\t\t<img decoding=\"async\" src=\"https:\/\/www.sando.com\/contenido\/subidas\/2025\/06\/J81A1419-ft.jpg\" class=\"attachment-full size-full wp-post-image\" alt=\"Esta \u00faltima semana, nuestro presidente de honor,\u00a0Jos\u00e9 Luis S\u00e1nchez Dom\u00ednguez, ha sido reconocido por la\u00a0Asociaci\u00f3n Provincial de Constructores y Promotores de M\u00e1laga (ACP M\u00e1laga)\u00a0con motivo de su 50 aniversario. Un homenaje que pone en valor su papel como\u00a0fundador de la entidad\u00a0y su contribuci\u00f3n al desarrollo del sector en la provincia.\" srcset=\"https:\/\/www.sando.com\/contenido\/subidas\/2025\/06\/J81A1419-ft.jpg 1627w, https:\/\/www.sando.com\/contenido\/subidas\/2025\/06\/J81A1419-ft-250x349.jpg 250w, https:\/\/www.sando.com\/contenido\/subidas\/2025\/06\/J81A1419-ft-700x977.jpg 700w, https:\/\/www.sando.com\/contenido\/subidas\/2025\/06\/J81A1419-ft-768x1072.jpg 768w, https:\/\/www.sando.com\/contenido\/subidas\/2025\/06\/J81A1419-ft-1101x1536.jpg 1101w, https:\/\/www.sando.com\/contenido\/subidas\/2025\/06\/J81A1419-ft-1468x2048.jpg 1468w, https:\/\/www.sando.com\/contenido\/subidas\/2025\/06\/J81A1419-ft-120x167.jpg 120w\" sizes=\"(max-width: 1627px) 100vw, 1627px\" \/>\t\t\t<\/div>\n\t<div class=\"total __bxCnt u-br-m u-verde-700 u-bg-white\">\n\t\t\t\t<div class=\"__bxTxt total u-nmB-lastchild u-nmT-firstchild u-pB-s\">\n\t\t\t<p class=\"ht-body-l u-bold\">ACP M\u00e1laga Honours Jos\u00e9 Luis S\u00e1nchez Dom\u00ednguez<\/p>\n\t\t<\/div>\n\t\t<div class=\"__bxItems total\">\n\t\t\t\t\t\t\t\t<\/div>\n\t<\/div>\n\t<a href=\"https:\/\/www.sando.com\/en\/actualidad\/acp-malaga-honours-jose-luis-sanchez-dominguez\" title=\"ACP M\u00e1laga Honours Jos\u00e9 Luis S\u00e1nchez Dom\u00ednguez\" class=\"__bxLink u-br-l u-verde-500\"><\/a>\t\t\t\t\t\t\t\n<\/div>\n\t\t\t\t\t\t\t\t\t<\/div>\r\n\t\t\t\t\t\t\t\t\t\r\n\t\t\t\t<\/div>\r\n\r\n\t\t\t\t<div class=\"__footer total u-pT-s\">\r\n\t\t\t\t\t<div class=\"__bx d-flex gap-4\">\r\n\t\t\t\t\t\t<div class=\"__arrow-prev a-arrowSliderCircle\" role=\"button\" aria-label=\"Anterior\">\r\n\t\t\t\t\t\t\t<svg class=\"a-icon\"><use xlink:href=\"#icon-arrow-green-left-max\" href=\"\/i.svg#icon-arrow-green-left-max\"><\/use><\/svg>\r\n\t\t\t\t\t\t<\/div>\r\n\t\t\t\t\t\t<div class=\"__arrow-next a-arrowSliderCircle\" role=\"button\" aria-label=\"Siguiente\">\r\n\t\t\t\t\t\t\t<svg class=\"a-icon\"><use xlink:href=\"#icon-arrow-green-right-max\" href=\"\/i.svg#icon-arrow-green-right-max\"><\/use><\/svg>\r\n\t\t\t\t\t\t<\/div>\r\n\t\t\t\t\t<\/div>\r\n\t\t\t\t\t<div class=\"__bx d-flex\">\r\n\t\t\t\t\t\t<div class=\"__counter\">\r\n\t\t\t\t\t\t\t<span class=\"ht-body-m u-bold __pageInfo\"><\/span>\r\n\t\t\t\t\t\t<\/div>\r\n\t\t\t\t\t<\/div>\r\n\t\t\t\t<\/div>\r\n\t\t\t<\/div>\r\n\r\n\t\t\t\t\t\t<\/div>\r\n\t\t\t\t\t\t<div class=\"total d-block d-lg-none u-pT-xl u-verde-700\">\r\n\t\t\t\t<a href=\"\/en\/news\/category\/corporate-social-responsibility\" title=\"CSR news\" class=\"a-btn-primary\" >\r\n\t\t\t\t\tSee all\t\t\t\r\n\t\t\t\t\t<svg class=\"__icon u-verde-500\">\r\n\t\t\t\t\t\t<use xlink:href=\"#icon-arrow-green-right\" href=\"\/i.svg#icon-arrow-green-right\"><\/use>\r\n\t\t\t\t\t<\/svg>\r\n\t\t\t\t<\/a>\t\t\t\t\r\n\t\t\t<\/div>\r\n\t\t\t\t\t<\/div>\r\n\t<\/div>\r\n<\/div>\n\n<div class=\"container-full u-mB-l u-white block-slider-content-posts\"> \r\n\t<div class=\"container-max\">\r\n\t\t<div class=\"total u-bg-verde-700 u-br-l u-pTB-xl u-pLR-container overflow-hidden\">\r\n\t\t\t\r\n\t\t\t\t\t\t<div class=\"container-medium\">\r\n\t\t\t\t<div class=\"row row-cols-1 row-cols-lg-2 d-flex justify-content-between u-pB-s\">\r\n\t\t\t\t\t<div class=\"col\">\r\n\t\t\t\t\t\t\t\t\t\t\t\t<div class=\"a-tagTitle u-white\">\r\n\t\t\t\t\t\t\t<svg class=\"u-verde-500\" width=\"9\" height=\"20\" viewBox=\"0 0 9 20\" fill=\"none\" xmlns=\"http:\/\/www.w3.org\/2000\/svg\">\r\n\t\t\t\t\t\t\t\t<path d=\"M0 0C6.414 0 8.78101 3.93299 8.78101 9.92699C8.78101 15.921 6.414 19.853 0 19.853V16.112C3.13 16.112 3.97101 13.668 3.97101 9.92699C3.97101 6.22699 3.131 3.78 0 3.78V0Z\" fill=\"currentColor\"\/>\r\n\t\t\t\t\t\t\t<\/svg>\r\n\t\t\t\t\t\t\tYOU MAY BE INTERESTED IN\t\t\t\t\t\t<\/div>\t\r\n\t\t\t\t\t\t\t\t\t\t\t<\/div>\r\n\t\t\t\t\t<div class=\"col d-none justify-content-end d-lg-flex u-white\">\r\n\t\t\t\t\t\t\t\t\t\t\t<\/div>\r\n\t\t\t\t<\/div>\r\n\t\t\t<\/div>\r\n\t\t\t\t\t\t<div class=\"container-medium u-white\">\r\n\t\t\t\t<div class=\"total u-pB-l u-nmB-lastchild u-nmT-firstchild\" style=\"max-width: 800px;\">\r\n\t\t\t\t<p><span class=\"ht-two u-light\">More about sustainability<\/span><\/p>\n\t\t\r\n\t\t\t\t<\/div>\r\n\t\t\t<\/div>\r\n\t\t\t\t\t\t\r\n\r\n\r\n\t\t\t<div class=\"container-medium u-white\">\t\t\r\n\t\t\t\r\n\t\t\t<div class=\"m-slideDemo js-sldContentPost\">\r\n\t\t\t\t<div class=\"__loader u-bg-gray-500 u-br-m\">\r\n\t\t\t\t\t<div class=\"loader-01 u-white\"><\/div>\r\n\t\t\t\t<\/div>\r\n\r\n\t\t\t\t<div class=\"__loop total\" \r\n\t\t\t\t\tdata-slidetoshow=\"2\"\r\n\t\t\t\t\tdata-slidetoshow-mob=\"1\"\r\n\t\t\t\t\tdata-slidetoshow-med=\"2\"\r\n\t\t\t\t\tdata-color-accent=\"u-verde-500\" \r\n\t\t\t\t\tstyle=\"opacity: 0; visibility:0;\">\r\n\t\t\t\t\t\r\n\t\t\t\t\t\t\t\t\t\t\t\t\t\t<div class=\"__item\">\r\n\r\n\t\t\t\t\t\t\t\t\t\t\n\n\n\n\t\t\t\n<div class=\"total m-card --cardPage u-br-s overflow-hidden u-white u-bg-verde-500\">\n\t<div class=\"total __bxImg\">\n\t\t\t\t\t<img decoding=\"async\" src=\"https:\/\/www.sando.com\/contenido\/subidas\/2023\/11\/Estrategia-Sostenibilidad-Cabecera-SANDO.jpg\" class=\"attachment-full size-full wp-post-image\" alt=\"\" srcset=\"https:\/\/www.sando.com\/contenido\/subidas\/2023\/11\/Estrategia-Sostenibilidad-Cabecera-SANDO.jpg 1900w, https:\/\/www.sando.com\/contenido\/subidas\/2023\/11\/Estrategia-Sostenibilidad-Cabecera-SANDO-250x118.jpg 250w, https:\/\/www.sando.com\/contenido\/subidas\/2023\/11\/Estrategia-Sostenibilidad-Cabecera-SANDO-700x332.jpg 700w, https:\/\/www.sando.com\/contenido\/subidas\/2023\/11\/Estrategia-Sostenibilidad-Cabecera-SANDO-768x364.jpg 768w, https:\/\/www.sando.com\/contenido\/subidas\/2023\/11\/Estrategia-Sostenibilidad-Cabecera-SANDO-1536x728.jpg 1536w, https:\/\/www.sando.com\/contenido\/subidas\/2023\/11\/Estrategia-Sostenibilidad-Cabecera-SANDO-120x57.jpg 120w\" sizes=\"(max-width: 1900px) 100vw, 1900px\" \/>\t\t\t\n\t<\/div>\n\t<div class=\"__bxCnt u-pLR-container\">\n\t\t<div class=\"__bxTxt total u-nmB-lastchild u-nmT-firstchild\" style=\"max-width: 680px;\">\n\t\t\t\t\t\t<div class=\"__bxTitle\">\n\t\t\t\t\t\t\t\t<p class=\"ht-three u-light\">Strategy<\/p>\n\t\t\t<\/div>\n\t\t\t\t\t<\/div>\n\t\t<div class=\"__bxBtn total\">\n\t\t\t<a href=\"https:\/\/www.sando.com\/en\/sustainability\/strategy\" title=\"Strategy\" class=\"a-btn-primary u-white --without-br\">\n\t\t\t\tMore about\t\t\t\t\t\n\t\t\t\t<svg class=\"__icon\"><use xlink:href=\"#icon-border-arrow-right\" href=\"\/i.svg#icon-border-arrow-right\"><\/use><\/svg>\n\t\t\t<\/a>\n\t\t<\/div>\n\t<\/div>\n<\/div>\n\t\t\t\t\t\n\n\n\t\t\t\t\t\t\t\t\t<\/div>\r\n\t\t\t\t\t\t\t\t\t\t\t\t\t\t\t\t\t\t<div class=\"__item\">\r\n\r\n\t\t\t\t\t\t\t\t\t\t\n\n\n\n\t\t\t\n<div class=\"total m-card --cardPage u-br-s overflow-hidden u-white u-bg-verde-500\">\n\t<div class=\"total __bxImg\">\n\t\t\t\t\t<img decoding=\"async\" src=\"https:\/\/www.sando.com\/contenido\/subidas\/2023\/11\/ods-sostenibilidad-cabecera-sando-1.jpg\" class=\"attachment-full size-full wp-post-image\" alt=\"\" srcset=\"https:\/\/www.sando.com\/contenido\/subidas\/2023\/11\/ods-sostenibilidad-cabecera-sando-1.jpg 1900w, https:\/\/www.sando.com\/contenido\/subidas\/2023\/11\/ods-sostenibilidad-cabecera-sando-1-250x118.jpg 250w, https:\/\/www.sando.com\/contenido\/subidas\/2023\/11\/ods-sostenibilidad-cabecera-sando-1-700x332.jpg 700w, https:\/\/www.sando.com\/contenido\/subidas\/2023\/11\/ods-sostenibilidad-cabecera-sando-1-768x364.jpg 768w, https:\/\/www.sando.com\/contenido\/subidas\/2023\/11\/ods-sostenibilidad-cabecera-sando-1-1536x728.jpg 1536w, https:\/\/www.sando.com\/contenido\/subidas\/2023\/11\/ods-sostenibilidad-cabecera-sando-1-120x57.jpg 120w\" sizes=\"(max-width: 1900px) 100vw, 1900px\" \/>\t\t\t\n\t<\/div>\n\t<div class=\"__bxCnt u-pLR-container\">\n\t\t<div class=\"__bxTxt total u-nmB-lastchild u-nmT-firstchild\" style=\"max-width: 680px;\">\n\t\t\t\t\t\t<div class=\"__bxTitle\">\n\t\t\t\t\t\t\t\t<p class=\"ht-three u-light\">SDGs &#8211; Sustainable development goals<\/p>\n\t\t\t<\/div>\n\t\t\t\t\t<\/div>\n\t\t<div class=\"__bxBtn total\">\n\t\t\t<a href=\"https:\/\/www.sando.com\/en\/sustainability\/sdgs-sustainable-development-challenges\" title=\"SDGs &#8211; Sustainable development goals\" class=\"a-btn-primary u-white --without-br\">\n\t\t\t\tMore about\t\t\t\t\t\n\t\t\t\t<svg class=\"__icon\"><use xlink:href=\"#icon-border-arrow-right\" href=\"\/i.svg#icon-border-arrow-right\"><\/use><\/svg>\n\t\t\t<\/a>\n\t\t<\/div>\n\t<\/div>\n<\/div>\n\t\t\t\t\t\n\n\n\t\t\t\t\t\t\t\t\t<\/div>\r\n\t\t\t\t\t\t\t\t\t\t\t\t\t\t\t\t\t\t<div class=\"__item\">\r\n\r\n\t\t\t\t\t\t\t\t\t\t\n\n\n\n\t\t\t\n<div class=\"total m-card --cardPage u-br-s overflow-hidden u-white u-bg-verde-500\">\n\t<div class=\"total __bxImg\">\n\t\t\t\t\t<img decoding=\"async\" src=\"https:\/\/www.sando.com\/contenido\/subidas\/2023\/11\/Social-Sostenibilidad-Cabecera-SANDO.jpg\" class=\"attachment-full size-full wp-post-image\" alt=\"\" srcset=\"https:\/\/www.sando.com\/contenido\/subidas\/2023\/11\/Social-Sostenibilidad-Cabecera-SANDO.jpg 1900w, https:\/\/www.sando.com\/contenido\/subidas\/2023\/11\/Social-Sostenibilidad-Cabecera-SANDO-250x118.jpg 250w, https:\/\/www.sando.com\/contenido\/subidas\/2023\/11\/Social-Sostenibilidad-Cabecera-SANDO-700x332.jpg 700w, https:\/\/www.sando.com\/contenido\/subidas\/2023\/11\/Social-Sostenibilidad-Cabecera-SANDO-768x364.jpg 768w, https:\/\/www.sando.com\/contenido\/subidas\/2023\/11\/Social-Sostenibilidad-Cabecera-SANDO-1536x728.jpg 1536w, https:\/\/www.sando.com\/contenido\/subidas\/2023\/11\/Social-Sostenibilidad-Cabecera-SANDO-120x57.jpg 120w\" sizes=\"(max-width: 1900px) 100vw, 1900px\" \/>\t\t\t\n\t<\/div>\n\t<div class=\"__bxCnt u-pLR-container\">\n\t\t<div class=\"__bxTxt total u-nmB-lastchild u-nmT-firstchild\" style=\"max-width: 680px;\">\n\t\t\t\t\t\t<div class=\"__bxTitle\">\n\t\t\t\t\t\t\t\t<p class=\"ht-three u-light\">CSR &#8211; Social Action<\/p>\n\t\t\t<\/div>\n\t\t\t\t\t<\/div>\n\t\t<div class=\"__bxBtn total\">\n\t\t\t<a href=\"https:\/\/www.sando.com\/en\/sustainability\/csr-social-action\" title=\"CSR &#8211; Social Action\" class=\"a-btn-primary u-white --without-br\">\n\t\t\t\tMore about\t\t\t\t\t\n\t\t\t\t<svg class=\"__icon\"><use xlink:href=\"#icon-border-arrow-right\" href=\"\/i.svg#icon-border-arrow-right\"><\/use><\/svg>\n\t\t\t<\/a>\n\t\t<\/div>\n\t<\/div>\n<\/div>\n\t\t\t\t\t\n\n\n\t\t\t\t\t\t\t\t\t<\/div>\r\n\t\t\t\t\t\t\t\t\t\t\t\t\t\t\t\t\t\t<div class=\"__item\">\r\n\r\n\t\t\t\t\t\t\t\t\t\t\n\n\n\n\t\t\t\n<div class=\"total m-card --cardPage u-br-s overflow-hidden u-white u-bg-verde-500\">\n\t<div class=\"total __bxImg\">\n\t\t\t\t\t<img decoding=\"async\" src=\"https:\/\/www.sando.com\/contenido\/subidas\/2023\/11\/proyectos-sostenibilidad-cabecera-2-sando.jpg\" class=\"attachment-full size-full wp-post-image\" alt=\"\" srcset=\"https:\/\/www.sando.com\/contenido\/subidas\/2023\/11\/proyectos-sostenibilidad-cabecera-2-sando.jpg 1900w, https:\/\/www.sando.com\/contenido\/subidas\/2023\/11\/proyectos-sostenibilidad-cabecera-2-sando-250x118.jpg 250w, https:\/\/www.sando.com\/contenido\/subidas\/2023\/11\/proyectos-sostenibilidad-cabecera-2-sando-700x332.jpg 700w, https:\/\/www.sando.com\/contenido\/subidas\/2023\/11\/proyectos-sostenibilidad-cabecera-2-sando-768x364.jpg 768w, https:\/\/www.sando.com\/contenido\/subidas\/2023\/11\/proyectos-sostenibilidad-cabecera-2-sando-1536x728.jpg 1536w, https:\/\/www.sando.com\/contenido\/subidas\/2023\/11\/proyectos-sostenibilidad-cabecera-2-sando-120x57.jpg 120w\" sizes=\"(max-width: 1900px) 100vw, 1900px\" \/>\t\t\t\n\t<\/div>\n\t<div class=\"__bxCnt u-pLR-container\">\n\t\t<div class=\"__bxTxt total u-nmB-lastchild u-nmT-firstchild\" style=\"max-width: 680px;\">\n\t\t\t\t\t\t<div class=\"__bxTitle\">\n\t\t\t\t\t\t\t\t<p class=\"ht-three u-light\">Sustainable projects<\/p>\n\t\t\t<\/div>\n\t\t\t\t\t<\/div>\n\t\t<div class=\"__bxBtn total\">\n\t\t\t<a href=\"https:\/\/www.sando.com\/en\/sustainability\/sustainable-projects\" title=\"Sustainable projects\" class=\"a-btn-primary u-white --without-br\">\n\t\t\t\tMore about\t\t\t\t\t\n\t\t\t\t<svg class=\"__icon\"><use xlink:href=\"#icon-border-arrow-right\" href=\"\/i.svg#icon-border-arrow-right\"><\/use><\/svg>\n\t\t\t<\/a>\n\t\t<\/div>\n\t<\/div>\n<\/div>\n\t\t\t\t\t\n\n\n\t\t\t\t\t\t\t\t\t<\/div>\r\n\t\t\t\t\t\t\t\t\t\t\t\t\t\t\t\t\t\t<div class=\"__item\">\r\n\r\n\t\t\t\t\t\t\t\t\t\t\n\n\n\n\t\t\t\n<div class=\"total m-card --cardPage u-br-s overflow-hidden u-white u-bg-verde-500\">\n\t<div class=\"total __bxImg\">\n\t\t\t\t\t<img decoding=\"async\" src=\"https:\/\/www.sando.com\/contenido\/subidas\/2023\/11\/Calidad-Sostenibilidad-Cabecera-SANDO.jpg\" class=\"attachment-full size-full wp-post-image\" alt=\"\" srcset=\"https:\/\/www.sando.com\/contenido\/subidas\/2023\/11\/Calidad-Sostenibilidad-Cabecera-SANDO.jpg 1900w, https:\/\/www.sando.com\/contenido\/subidas\/2023\/11\/Calidad-Sostenibilidad-Cabecera-SANDO-250x118.jpg 250w, https:\/\/www.sando.com\/contenido\/subidas\/2023\/11\/Calidad-Sostenibilidad-Cabecera-SANDO-700x332.jpg 700w, https:\/\/www.sando.com\/contenido\/subidas\/2023\/11\/Calidad-Sostenibilidad-Cabecera-SANDO-768x364.jpg 768w, https:\/\/www.sando.com\/contenido\/subidas\/2023\/11\/Calidad-Sostenibilidad-Cabecera-SANDO-1536x728.jpg 1536w, https:\/\/www.sando.com\/contenido\/subidas\/2023\/11\/Calidad-Sostenibilidad-Cabecera-SANDO-120x57.jpg 120w\" sizes=\"(max-width: 1900px) 100vw, 1900px\" \/>\t\t\t\n\t<\/div>\n\t<div class=\"__bxCnt u-pLR-container\">\n\t\t<div class=\"__bxTxt total u-nmB-lastchild u-nmT-firstchild\" style=\"max-width: 680px;\">\n\t\t\t\t\t\t<div class=\"__bxTitle\">\n\t\t\t\t\t\t\t\t<p class=\"ht-three u-light\">Quality<\/p>\n\t\t\t<\/div>\n\t\t\t\t\t<\/div>\n\t\t<div class=\"__bxBtn total\">\n\t\t\t<a href=\"https:\/\/www.sando.com\/en\/sustainability\/quality\" title=\"Quality\" class=\"a-btn-primary u-white --without-br\">\n\t\t\t\tMore about\t\t\t\t\t\n\t\t\t\t<svg class=\"__icon\"><use xlink:href=\"#icon-border-arrow-right\" href=\"\/i.svg#icon-border-arrow-right\"><\/use><\/svg>\n\t\t\t<\/a>\n\t\t<\/div>\n\t<\/div>\n<\/div>\n\t\t\t\t\t\n\n\n\t\t\t\t\t\t\t\t\t<\/div>\r\n\t\t\t\t\t\t\t\t\t\r\n\t\t\t\t<\/div>\r\n\r\n\t\t\t\t<div class=\"__footer total u-pT-s\">\r\n\t\t\t\t\t<div class=\"__bx d-flex gap-4\">\r\n\t\t\t\t\t\t<div class=\"__arrow-prev a-arrowSliderCircle\" role=\"button\" aria-label=\"Anterior\">\r\n\t\t\t\t\t\t\t<svg class=\"a-icon\"><use xlink:href=\"#icon-arrow-green-left-max\" href=\"\/i.svg#icon-arrow-green-left-max\"><\/use><\/svg>\r\n\t\t\t\t\t\t<\/div>\r\n\t\t\t\t\t\t<div class=\"__arrow-next a-arrowSliderCircle\" role=\"button\" aria-label=\"Siguiente\">\r\n\t\t\t\t\t\t\t<svg class=\"a-icon\"><use xlink:href=\"#icon-arrow-green-right-max\" href=\"\/i.svg#icon-arrow-green-right-max\"><\/use><\/svg>\r\n\t\t\t\t\t\t<\/div>\r\n\t\t\t\t\t<\/div>\r\n\t\t\t\t\t<div class=\"__bx d-flex\">\r\n\t\t\t\t\t\t<div class=\"__counter\">\r\n\t\t\t\t\t\t\t<span class=\"ht-body-m u-bold __pageInfo\"><\/span>\r\n\t\t\t\t\t\t<\/div>\r\n\t\t\t\t\t<\/div>\r\n\t\t\t\t<\/div>\r\n\t\t\t<\/div>\r\n\r\n\t\t\t\t\t\t<\/div>\r\n\t\t\t\t\t<\/div>\r\n\t<\/div>\r\n<\/div>","protected":false},"excerpt":{"rendered":"","protected":false},"author":2,"featured_media":18085,"parent":38781,"menu_order":0,"comment_status":"closed","ping_status":"closed","template":"","meta":{"_acf_changed":false,"footnotes":""},"tax_brand":[1763,1765],"tax_services":[],"tax_location":[],"class_list":["post-38785","page","type-page","status-publish","has-post-thumbnail","hentry","tax_brand-conacon-en","tax_brand-sando-construccion-en"],"acf":[],"yoast_head":"<!-- This site is optimized with the Yoast SEO plugin v27.4 - https:\/\/yoast.com\/product\/yoast-seo-wordpress\/ -->\n<title>Strategy. Stepping stones to achieve our goals - Sando<\/title>\n<meta name=\"description\" content=\"Stepping stones to achieve our goals We aspire to become a sector benchmark in contributing to sustainable development.\" \/>\n<meta name=\"robots\" content=\"index, follow, max-snippet:-1, max-image-preview:large, max-video-preview:-1\" \/>\n<link rel=\"canonical\" href=\"https:\/\/www.sando.com\/en\/sustainability\/strategy\" \/>\n<meta property=\"og:locale\" content=\"en_US\" \/>\n<meta property=\"og:type\" content=\"article\" \/>\n<meta property=\"og:title\" content=\"Strategy. Stepping stones to achieve our goals - Sando\" \/>\n<meta property=\"og:description\" content=\"Stepping stones to achieve our goals We aspire to become a sector benchmark in contributing to sustainable development.\" \/>\n<meta property=\"og:url\" content=\"https:\/\/www.sando.com\/en\/sustainability\/strategy\" \/>\n<meta property=\"og:site_name\" content=\"Sando\" \/>\n<meta property=\"article:modified_time\" content=\"2024-10-30T08:13:16+00:00\" \/>\n<meta property=\"og:image\" content=\"https:\/\/www.sando.com\/contenido\/subidas\/2023\/11\/Estrategia-Sostenibilidad-Cabecera-SANDO.jpg\" \/>\n\t<meta property=\"og:image:width\" content=\"1900\" \/>\n\t<meta property=\"og:image:height\" content=\"900\" \/>\n\t<meta property=\"og:image:type\" content=\"image\/jpeg\" \/>\n<meta name=\"twitter:card\" content=\"summary_large_image\" \/>\n<meta name=\"twitter:label1\" content=\"Est. reading time\" \/>\n\t<meta name=\"twitter:data1\" content=\"3 minutes\" \/>\n<script type=\"application\/ld+json\" class=\"yoast-schema-graph\">{\"@context\":\"https:\\\/\\\/schema.org\",\"@graph\":[{\"@type\":\"WebPage\",\"@id\":\"https:\\\/\\\/www.sando.com\\\/en\\\/sustainability\\\/strategy\",\"url\":\"https:\\\/\\\/www.sando.com\\\/en\\\/sustainability\\\/strategy\",\"name\":\"Strategy. Stepping stones to achieve our goals - Sando\",\"isPartOf\":{\"@id\":\"https:\\\/\\\/www.sando.com\\\/en#website\"},\"primaryImageOfPage\":{\"@id\":\"https:\\\/\\\/www.sando.com\\\/en\\\/sustainability\\\/strategy#primaryimage\"},\"image\":{\"@id\":\"https:\\\/\\\/www.sando.com\\\/en\\\/sustainability\\\/strategy#primaryimage\"},\"thumbnailUrl\":\"https:\\\/\\\/www.sando.com\\\/contenido\\\/subidas\\\/2023\\\/11\\\/Estrategia-Sostenibilidad-Cabecera-SANDO.jpg\",\"datePublished\":\"2023-11-02T11:22:05+00:00\",\"dateModified\":\"2024-10-30T08:13:16+00:00\",\"description\":\"Stepping stones to achieve our goals We aspire to become a sector benchmark in contributing to sustainable development.\",\"breadcrumb\":{\"@id\":\"https:\\\/\\\/www.sando.com\\\/en\\\/sustainability\\\/strategy#breadcrumb\"},\"inLanguage\":\"en-US\",\"potentialAction\":[{\"@type\":\"ReadAction\",\"target\":[\"https:\\\/\\\/www.sando.com\\\/en\\\/sustainability\\\/strategy\"]}]},{\"@type\":\"ImageObject\",\"inLanguage\":\"en-US\",\"@id\":\"https:\\\/\\\/www.sando.com\\\/en\\\/sustainability\\\/strategy#primaryimage\",\"url\":\"https:\\\/\\\/www.sando.com\\\/contenido\\\/subidas\\\/2023\\\/11\\\/Estrategia-Sostenibilidad-Cabecera-SANDO.jpg\",\"contentUrl\":\"https:\\\/\\\/www.sando.com\\\/contenido\\\/subidas\\\/2023\\\/11\\\/Estrategia-Sostenibilidad-Cabecera-SANDO.jpg\",\"width\":1900,\"height\":900},{\"@type\":\"BreadcrumbList\",\"@id\":\"https:\\\/\\\/www.sando.com\\\/en\\\/sustainability\\\/strategy#breadcrumb\",\"itemListElement\":[{\"@type\":\"ListItem\",\"position\":1,\"name\":\"Portada\",\"item\":\"https:\\\/\\\/www.sando.com\\\/en\"},{\"@type\":\"ListItem\",\"position\":2,\"name\":\"Sustainability\",\"item\":\"https:\\\/\\\/www.sando.com\\\/en\\\/sustainability\"},{\"@type\":\"ListItem\",\"position\":3,\"name\":\"Strategy\"}]},{\"@type\":\"WebSite\",\"@id\":\"https:\\\/\\\/www.sando.com\\\/en#website\",\"url\":\"https:\\\/\\\/www.sando.com\\\/en\",\"name\":\"Sando\",\"description\":\"\",\"publisher\":{\"@id\":\"https:\\\/\\\/www.sando.com\\\/en#organization\"},\"potentialAction\":[{\"@type\":\"SearchAction\",\"target\":{\"@type\":\"EntryPoint\",\"urlTemplate\":\"https:\\\/\\\/www.sando.com\\\/en?s={search_term_string}\"},\"query-input\":{\"@type\":\"PropertyValueSpecification\",\"valueRequired\":true,\"valueName\":\"search_term_string\"}}],\"inLanguage\":\"en-US\"},{\"@type\":\"Organization\",\"@id\":\"https:\\\/\\\/www.sando.com\\\/en#organization\",\"name\":\"Sando\",\"url\":\"https:\\\/\\\/www.sando.com\\\/en\",\"logo\":{\"@type\":\"ImageObject\",\"inLanguage\":\"en-US\",\"@id\":\"https:\\\/\\\/www.sando.com\\\/en#\\\/schema\\\/logo\\\/image\\\/\",\"url\":\"\",\"contentUrl\":\"\",\"caption\":\"Sando\"},\"image\":{\"@id\":\"https:\\\/\\\/www.sando.com\\\/en#\\\/schema\\\/logo\\\/image\\\/\"}}]}<\/script>\n<!-- \/ Yoast SEO plugin. -->","yoast_head_json":{"title":"Strategy. Stepping stones to achieve our goals - Sando","description":"Stepping stones to achieve our goals We aspire to become a sector benchmark in contributing to sustainable development.","robots":{"index":"index","follow":"follow","max-snippet":"max-snippet:-1","max-image-preview":"max-image-preview:large","max-video-preview":"max-video-preview:-1"},"canonical":"https:\/\/www.sando.com\/en\/sustainability\/strategy","og_locale":"en_US","og_type":"article","og_title":"Strategy. Stepping stones to achieve our goals - Sando","og_description":"Stepping stones to achieve our goals We aspire to become a sector benchmark in contributing to sustainable development.","og_url":"https:\/\/www.sando.com\/en\/sustainability\/strategy","og_site_name":"Sando","article_modified_time":"2024-10-30T08:13:16+00:00","og_image":[{"width":1900,"height":900,"url":"https:\/\/www.sando.com\/contenido\/subidas\/2023\/11\/Estrategia-Sostenibilidad-Cabecera-SANDO.jpg","type":"image\/jpeg"}],"twitter_card":"summary_large_image","twitter_misc":{"Est. reading time":"3 minutes"},"schema":{"@context":"https:\/\/schema.org","@graph":[{"@type":"WebPage","@id":"https:\/\/www.sando.com\/en\/sustainability\/strategy","url":"https:\/\/www.sando.com\/en\/sustainability\/strategy","name":"Strategy. Stepping stones to achieve our goals - Sando","isPartOf":{"@id":"https:\/\/www.sando.com\/en#website"},"primaryImageOfPage":{"@id":"https:\/\/www.sando.com\/en\/sustainability\/strategy#primaryimage"},"image":{"@id":"https:\/\/www.sando.com\/en\/sustainability\/strategy#primaryimage"},"thumbnailUrl":"https:\/\/www.sando.com\/contenido\/subidas\/2023\/11\/Estrategia-Sostenibilidad-Cabecera-SANDO.jpg","datePublished":"2023-11-02T11:22:05+00:00","dateModified":"2024-10-30T08:13:16+00:00","description":"Stepping stones to achieve our goals We aspire to become a sector benchmark in contributing to sustainable development.","breadcrumb":{"@id":"https:\/\/www.sando.com\/en\/sustainability\/strategy#breadcrumb"},"inLanguage":"en-US","potentialAction":[{"@type":"ReadAction","target":["https:\/\/www.sando.com\/en\/sustainability\/strategy"]}]},{"@type":"ImageObject","inLanguage":"en-US","@id":"https:\/\/www.sando.com\/en\/sustainability\/strategy#primaryimage","url":"https:\/\/www.sando.com\/contenido\/subidas\/2023\/11\/Estrategia-Sostenibilidad-Cabecera-SANDO.jpg","contentUrl":"https:\/\/www.sando.com\/contenido\/subidas\/2023\/11\/Estrategia-Sostenibilidad-Cabecera-SANDO.jpg","width":1900,"height":900},{"@type":"BreadcrumbList","@id":"https:\/\/www.sando.com\/en\/sustainability\/strategy#breadcrumb","itemListElement":[{"@type":"ListItem","position":1,"name":"Portada","item":"https:\/\/www.sando.com\/en"},{"@type":"ListItem","position":2,"name":"Sustainability","item":"https:\/\/www.sando.com\/en\/sustainability"},{"@type":"ListItem","position":3,"name":"Strategy"}]},{"@type":"WebSite","@id":"https:\/\/www.sando.com\/en#website","url":"https:\/\/www.sando.com\/en","name":"Sando","description":"","publisher":{"@id":"https:\/\/www.sando.com\/en#organization"},"potentialAction":[{"@type":"SearchAction","target":{"@type":"EntryPoint","urlTemplate":"https:\/\/www.sando.com\/en?s={search_term_string}"},"query-input":{"@type":"PropertyValueSpecification","valueRequired":true,"valueName":"search_term_string"}}],"inLanguage":"en-US"},{"@type":"Organization","@id":"https:\/\/www.sando.com\/en#organization","name":"Sando","url":"https:\/\/www.sando.com\/en","logo":{"@type":"ImageObject","inLanguage":"en-US","@id":"https:\/\/www.sando.com\/en#\/schema\/logo\/image\/","url":"","contentUrl":"","caption":"Sando"},"image":{"@id":"https:\/\/www.sando.com\/en#\/schema\/logo\/image\/"}}]}},"_links":{"self":[{"href":"https:\/\/www.sando.com\/en\/wp-json\/wp\/v2\/pages\/38785","targetHints":{"allow":["GET"]}}],"collection":[{"href":"https:\/\/www.sando.com\/en\/wp-json\/wp\/v2\/pages"}],"about":[{"href":"https:\/\/www.sando.com\/en\/wp-json\/wp\/v2\/types\/page"}],"author":[{"embeddable":true,"href":"https:\/\/www.sando.com\/en\/wp-json\/wp\/v2\/users\/2"}],"replies":[{"embeddable":true,"href":"https:\/\/www.sando.com\/en\/wp-json\/wp\/v2\/comments?post=38785"}],"version-history":[{"count":0,"href":"https:\/\/www.sando.com\/en\/wp-json\/wp\/v2\/pages\/38785\/revisions"}],"up":[{"embeddable":true,"href":"https:\/\/www.sando.com\/en\/wp-json\/wp\/v2\/pages\/38781"}],"wp:featuredmedia":[{"embeddable":true,"href":"https:\/\/www.sando.com\/en\/wp-json\/wp\/v2\/media\/18085"}],"wp:attachment":[{"href":"https:\/\/www.sando.com\/en\/wp-json\/wp\/v2\/media?parent=38785"}],"wp:term":[{"taxonomy":"tax_brand","embeddable":true,"href":"https:\/\/www.sando.com\/en\/wp-json\/wp\/v2\/tax_brand?post=38785"},{"taxonomy":"tax_services","embeddable":true,"href":"https:\/\/www.sando.com\/en\/wp-json\/wp\/v2\/tax_services?post=38785"},{"taxonomy":"tax_location","embeddable":true,"href":"https:\/\/www.sando.com\/en\/wp-json\/wp\/v2\/tax_location?post=38785"}],"curies":[{"name":"wp","href":"https:\/\/api.w.org\/{rel}","templated":true}]}}