{"id":38789,"date":"2023-11-02T11:35:03","date_gmt":"2023-11-02T11:35:03","guid":{"rendered":"https:\/\/www.sando.com\/sustainability\/sdgs-sustainable-development-challenges"},"modified":"2024-10-29T13:10:06","modified_gmt":"2024-10-29T13:10:06","slug":"sdgs-sustainable-development-challenges","status":"publish","type":"page","link":"https:\/\/www.sando.com\/en\/sustainability\/sdgs-sustainable-development-challenges","title":{"rendered":"SDGs &#8211; Sustainable development goals"},"content":{"rendered":"\n\n    \n\n        <div class=\"total u-pT-xs u-pB-m u-pLR-container\">\n    <div class=\"container-max\">\n    <div class=\"row row-cols-1 g-3\">\n    \n\n    <div class=\"col\"><div class=\"total m-card --cardMax u-br-l u-pT-xxxl overflow-hidden u-white u-bg-verde-500\">\n    \t<div class=\"total __bxImg\">\n\t\t<img loading=\"lazy\" decoding=\"async\" width=\"1900\" height=\"900\" src=\"https:\/\/www.sando.com\/contenido\/subidas\/2023\/11\/ods-sostenibilidad-cabecera-sando-1.jpg\" class=\"attachment-full size-full\" alt=\"\" srcset=\"https:\/\/www.sando.com\/contenido\/subidas\/2023\/11\/ods-sostenibilidad-cabecera-sando-1.jpg 1900w, https:\/\/www.sando.com\/contenido\/subidas\/2023\/11\/ods-sostenibilidad-cabecera-sando-1-250x118.jpg 250w, https:\/\/www.sando.com\/contenido\/subidas\/2023\/11\/ods-sostenibilidad-cabecera-sando-1-700x332.jpg 700w, https:\/\/www.sando.com\/contenido\/subidas\/2023\/11\/ods-sostenibilidad-cabecera-sando-1-768x364.jpg 768w, https:\/\/www.sando.com\/contenido\/subidas\/2023\/11\/ods-sostenibilidad-cabecera-sando-1-1536x728.jpg 1536w, https:\/\/www.sando.com\/contenido\/subidas\/2023\/11\/ods-sostenibilidad-cabecera-sando-1-120x57.jpg 120w\" sizes=\"auto, (max-width: 1900px) 100vw, 1900px\" \/> \n\t<\/div>\n    \t<div class=\"container-medium\">\n\t\t<div class=\"__bxCnt u-pLR-container\">\n                        <div class=\"__bxTxt total u-nmB-lastchild u-nmT-firstchild\" style=\"max-width: 680px;\">\n                                <p class=\"ht-body-m u-bold uppercase\"><a href=\"\/en\/sustainability\" title=\"Sustainable and efficient environmental solutions\" target=\"_blank\">Sustainability<\/a><\/p>\n                                <p><span class=\"ht-two u-light\">We want to provide solutions to major global challenges<\/span><\/p>\n            <\/div>\n                            <div class=\"__bxBtn total\">\n                    <div class=\"a-subtitArrow u-white\">\n                        <div class=\"__bxText ht-body-m uppercase u-bold\">we tell you more<\/div>\n                        <svg class=\"__icon\">\n                            <use xlink:href=\"#icon-border-arrow-down\" href=\"\/i.svg#icon-border-arrow-down\"><\/use>\n                        <\/svg>\n                    <\/div>\n                <\/div>\n            \t\t<\/div> \n\t<\/div>\n<\/div><\/div>\n\n    \n        <\/div>\n    <\/div>\n    <\/div>\n    \n\n\n\n\n<div class=\"total u-pLR-container\">\n    <div class=\"container-medium\">\n        <div class=\"total u-pT-s u-pB-s\">\n            <div class=\"total u-pB-xs \">\n                <ol class=\"m-breadcrumb\" itemscope itemtype=\"http:\/\/schema.org\/BreadcrumbList\"><li itemprop=\"itemListElement\" itemscope itemtype=\"http:\/\/schema.org\/ListItem\"><a href=\"https:\/\/www.sando.com\/en\" itemprop=\"item\"><span itemprop=\"name\">Home<\/span><\/a><meta itemprop=\"position\" content=\"1\" \/><\/li><\/ol>            <\/div>\n            <p class=\"ht-three u-light\">SDGs &#8211; Sustainable development goals<\/p>\n        <\/div>\n    <\/div>\n<\/div>\n\n\n<div class=\"container-full u-mB-l u-verde-700 block-text-varios js-block-text-varios\"> \r\n\t<div class=\"container-max\">\r\n\t\t<div class=\"total u-bg-white u-br-l u-pTB-xl u-pLR-container overflow-hidden\">\r\n\t\t\t\t\t\t<div class=\"container-medium\">\r\n\t\t\t\t<div class=\"row row-cols-1 row-cols-lg-2 d-flex justify-content-between u-pB-s\" id=\"contenido\">\r\n\t\t\t\t\t<div class=\"col\">\r\n\t\t\t\t\t\t\t\t\t\t\t\t<div class=\"a-tagTitle u-verde-700\">\r\n\t\t\t\t\t\t\t<svg class=\"u-verde-500\" width=\"9\" height=\"20\" viewBox=\"0 0 9 20\" fill=\"none\" xmlns=\"http:\/\/www.w3.org\/2000\/svg\">\r\n\t\t\t\t\t\t\t\t<path d=\"M0 0C6.414 0 8.78101 3.93299 8.78101 9.92699C8.78101 15.921 6.414 19.853 0 19.853V16.112C3.13 16.112 3.97101 13.668 3.97101 9.92699C3.97101 6.22699 3.131 3.78 0 3.78V0Z\" fill=\"currentColor\"\/>\r\n\t\t\t\t\t\t\t<\/svg>\r\n\t\t\t\t\t\t\t<h2>Contributing to society<\/h2>\t\t\t\t\t\t<\/div>\t\r\n\t\t\t\t\t\t\t\t\t\t\t<\/div>\r\n\t\t\t\t\t<div class=\"col d-none justify-content-end d-lg-flex u-verde-700\">\r\n\t\t\t\t\t\t\t\t\t\t\t<\/div>\r\n\t\t\t\t<\/div>\r\n\t\t\t<\/div>\r\n\t\t\t\t\t\t<div class=\"container-medium u-verde-700\">\r\n\t\t\t\t<div class=\"total u-pB-l u-nmB-lastchild u-nmT-firstchild\" style=\"max-width: 800px;\">\r\n\t\t\t\t<p><span class=\"u-light ht-two\">Faced with significant global challenges such as the energy transition, resource scarcity and social gaps, the Sustainable Development Goals (SDGs) set out the roadmap for coordinated action between the various actors in society until 2030.<br \/>\n<\/span><\/p>\n\t\t\r\n\t\t\t\t<\/div>\r\n\t\t\t<\/div>\r\n\t\t\t\t\t\t\t\t\t<div class=\"container-small\">\r\n\t\t\t\t<div class=\"total u-nmB-lastchild u-nmT-firstchild u-pB-xl\" style=\"max-width: 1000px;\">\r\n\t\t\t\t<p><span class=\"u-semiBold ht-body-l\" style=\"font-weight: 400;\">Given the nature of our business, we have aligned our strategy to the contribution of the 2030 Agenda, considering the contribution to seven SDGs as a priority and critical. <\/span><\/p>\n<p><span class=\"ht-body-l\">The incorporation of these SDGs in the performance of our activity allows us to integrate principles of circular economy (SDG 12), decarbonisation (SDG 13), responsible use of resources (SDGs 9, 6, 11) or protection of biodiversity (SDG 15) in our business structure; and adding value to the proposals in the works and services projects.<\/span><\/p>\n<p><img loading=\"lazy\" decoding=\"async\" class=\"aligncenter wp-image-34272 size-full\" src=\"https:\/\/www.sando.com\/contenido\/subidas\/2024\/10\/ODS-12-13-9-6-1-15-ENG.png\" alt=\"\" width=\"850\" height=\"150\"><\/p>\n<p><span class=\"ht-body-l\">In line with our commitment to the fight against climate change (SDG 13), we have registered our footprint in the Registry of Carbon Footprint, offsetting and CO2 absorption projects of the Ministry for Ecological Transition and the Demographic Challenge. This certification covers our activities in the construction of projects such as <a href=\"\/en\/specialisations\/transport-infrastructure\/transport-and-mobility\/roads\" title=\"We build and renovate highways, freeways and roads\" target=\"_blank\">Roads<\/a> and motorways, urban rail transport lines, urban development, building and wastewater treatment plants.<\/span><\/p>\n<p><img loading=\"lazy\" decoding=\"async\" class=\"alignnone wp-image-34290 size-full\" src=\"https:\/\/www.sando.com\/contenido\/subidas\/2024\/10\/ODS-13-2-ENG.png\" alt=\"\" width=\"297\" height=\"150\"><\/p>\n<p><span class=\"ht-body-l\">We are also committed to the implementation of measures that contribute to other Sustainable Development Goals through actions such as the promotion of internal Equality Policies (SDG 5), the highest standards of health and safety for our team (SDG 3) and support through the Sando Fundaci\u00f3n for activities that promote the social and economic inclusion of vulnerable people (SDG 10).<\/span><\/p>\n<p><img loading=\"lazy\" decoding=\"async\" class=\"aligncenter wp-image-34270 size-full\" src=\"https:\/\/www.sando.com\/contenido\/subidas\/2024\/10\/ODS-5-3-10-1-ENG.png\" alt=\"\" width=\"425\" height=\"150\"><\/p>\n<p><span class=\"ht-body-l\">In the quest to create social value, Sando participates in the community through social, cultural, sporting and academic actions and sectoral information work. To this end, through its brands and the Sando Fundaci\u00f3n, it collaborates with various social entities, disseminating information and participating in activities that contribute to the inclusion of people and groups in vulnerable situations: helping to eradicate hunger (SDG 2) and poverty (SDG 1), reducing inequalities (SDG 10), education (SDG 4) and promoting culture and responsibility for the climate (SDG 11).<\/span><\/p>\n<p><img loading=\"lazy\" decoding=\"async\" class=\"aligncenter wp-image-34268 size-full\" src=\"https:\/\/www.sando.com\/contenido\/subidas\/2024\/10\/ODS-2-1-10-9-11-1-ENG.png\" alt=\"\" width=\"709\" height=\"150\"><\/p>\n\t\t\t\t<\/div>\r\n\t\t\t<\/div>\r\n\t\t\t\r\n\r\n\r\n\t\t\t\r\n\t\t\t\r\n\t\t\t\t\t<\/div>\r\n\t<\/div>\r\n<\/div>\r\n\r\n\n\n\n\n\n\n        <div class=\"total u-pTB-l u-pLR-container\">\n    <div class=\"container-medium\">\n    <div class=\"row row-cols-1 row-cols-xl-1 g-4\">\n    \n\n    \n\n    <div class=\"col\"><div class=\"total m-card u-br-l overflow-hidden u-white u-bg-verde-500\">\n    \t<div class=\"total __bxImg\">\n\t\t<img loading=\"lazy\" decoding=\"async\" width=\"1900\" height=\"900\" src=\"https:\/\/www.sando.com\/contenido\/subidas\/2023\/11\/proyectos-sostenibilidad-cabecera-2-sando.jpg\" class=\"attachment-full size-full\" alt=\"\" srcset=\"https:\/\/www.sando.com\/contenido\/subidas\/2023\/11\/proyectos-sostenibilidad-cabecera-2-sando.jpg 1900w, https:\/\/www.sando.com\/contenido\/subidas\/2023\/11\/proyectos-sostenibilidad-cabecera-2-sando-250x118.jpg 250w, https:\/\/www.sando.com\/contenido\/subidas\/2023\/11\/proyectos-sostenibilidad-cabecera-2-sando-700x332.jpg 700w, https:\/\/www.sando.com\/contenido\/subidas\/2023\/11\/proyectos-sostenibilidad-cabecera-2-sando-768x364.jpg 768w, https:\/\/www.sando.com\/contenido\/subidas\/2023\/11\/proyectos-sostenibilidad-cabecera-2-sando-1536x728.jpg 1536w, https:\/\/www.sando.com\/contenido\/subidas\/2023\/11\/proyectos-sostenibilidad-cabecera-2-sando-120x57.jpg 120w\" sizes=\"auto, (max-width: 1900px) 100vw, 1900px\" \/> \n\t<\/div>\n    \t<div class=\"__bxCnt u-pLR-container\">\n        \t\t<div class=\"__bxTxt total u-nmB-lastchild u-nmT-firstchild\" style=\"max-width: 680px;\">\n                        <p class=\"ht-body-m u-bold uppercase\"><h2>Sustainable projects<\/h2><\/p>\n            \t\t\t<p><span class=\"ht-two u-light\">Acting to generate a positive social and environmental footprint<\/span><\/p>\n\t\t<\/div>\n                    <div class=\"__bxBtn total\">\n                <a href=\"\/en\/sustainability\/sustainable-projects\" title=\"Get to know our projects\"class=\"a-btn-primary u-white --without-br\">\n                    Get to know our projects                    <svg class=\"__icon\">\n                        <use xlink:href=\"#icon-border-arrow-right\" href=\"\/i.svg#icon-border-arrow-right\"><\/use>\n                    <\/svg>\n                <\/a>\n            <\/div>    \n\n            \t<\/div>\n<\/div>\n<\/div>\n\n    \n        <\/div>\n    <\/div>\n    <\/div>\n    \n\n\n\n\n<div class=\"container-full u-mB-l u-verde-700 block-slider-content-posts\"> \r\n\t<div class=\"container-max\">\r\n\t\t<div class=\"total u-bg-verde-200 u-br-l u-pTB-xl u-pLR-container overflow-hidden\">\r\n\t\t\t\r\n\t\t\t\t\t\t<div class=\"container-medium\">\r\n\t\t\t\t<div class=\"row row-cols-1 row-cols-lg-2 d-flex justify-content-between u-pB-s\">\r\n\t\t\t\t\t<div class=\"col\">\r\n\t\t\t\t\t\t\t\t\t\t\t\t<div class=\"a-tagTitle u-verde-700\">\r\n\t\t\t\t\t\t\t<svg class=\"u-verde-500\" width=\"9\" height=\"20\" viewBox=\"0 0 9 20\" fill=\"none\" xmlns=\"http:\/\/www.w3.org\/2000\/svg\">\r\n\t\t\t\t\t\t\t\t<path d=\"M0 0C6.414 0 8.78101 3.93299 8.78101 9.92699C8.78101 15.921 6.414 19.853 0 19.853V16.112C3.13 16.112 3.97101 13.668 3.97101 9.92699C3.97101 6.22699 3.131 3.78 0 3.78V0Z\" fill=\"currentColor\"\/>\r\n\t\t\t\t\t\t\t<\/svg>\r\n\t\t\t\t\t\t\t<h2>CSR news<\/h2>\t\t\t\t\t\t<\/div>\t\r\n\t\t\t\t\t\t\t\t\t\t\t<\/div>\r\n\t\t\t\t\t<div class=\"col d-none justify-content-end d-lg-flex u-verde-700\">\r\n\t\t\t\t\t\t\t\t\t\t\t\t<a href=\"\/en\/news\/category\/corporate-social-responsibility\" title=\"CSR news\" class=\"a-btn-primary\" >\r\n\t\t\t\t\t\t\tSee all\t\t\t\r\n\t\t\t\t\t\t\t<svg class=\"__icon u-verde-500\">\r\n\t\t\t\t\t\t\t\t<use xlink:href=\"#icon-arrow-green-right\" href=\"\/i.svg#icon-arrow-green-right\"><\/use>\r\n\t\t\t\t\t\t\t<\/svg>\r\n\t\t\t\t\t\t<\/a>\r\n\t\t\t\t\t\t\t\t\t\t\t<\/div>\r\n\t\t\t\t<\/div>\r\n\t\t\t<\/div>\r\n\t\t\t\t\t\t\r\n\r\n\r\n\t\t\t<div class=\"container-medium u-verde-700\">\t\t\r\n\t\t\t\r\n\t\t\t<div class=\"m-slideDemo js-sldContentPost\">\r\n\t\t\t\t<div class=\"__loader u-bg-gray-500 u-br-m\">\r\n\t\t\t\t\t<div class=\"loader-01 u-verde-700\"><\/div>\r\n\t\t\t\t<\/div>\r\n\r\n\t\t\t\t<div class=\"__loop total\" \r\n\t\t\t\t\tdata-slidetoshow=\"3\"\r\n\t\t\t\t\tdata-slidetoshow-mob=\"1\"\r\n\t\t\t\t\tdata-slidetoshow-med=\"2\"\r\n\t\t\t\t\tdata-color-accent=\"u-verde-500\" \r\n\t\t\t\t\tstyle=\"opacity: 0; visibility:0;\">\r\n\t\t\t\t\t\r\n\t\t\t\t\t\t\t\t\t\t\t\t\t\t<div class=\"__item\">\r\n\r\n\t\t\t\t\t\t\t\t\t\t<div class=\"total m-cardPost u-br-l overflow-hidden --post-default\" data-max-width=\"500\">\n\t<div class=\"total __bxImg\">\n\t\t\t\t\t<img decoding=\"async\" src=\"https:\/\/www.sando.com\/contenido\/subidas\/2025\/08\/3.10.2-hormigones-villarosa-scaled-e1754917665911.jpg\" class=\"attachment-full size-full wp-post-image\" alt=\"La empresa Andemosa ha logrado renovar las distintas certificaciones de calidad en homig\u00f3nque le permiten cumplir con las exigencias legales y ofrecer un producto de m\u00e1ximas garant\u00edas en el mercado.\" \/>\t\t\t<\/div>\n\t<div class=\"total __bxCnt u-br-m u-verde-700 u-bg-white\">\n\t\t\t\t<div class=\"__bxTxt total u-nmB-lastchild u-nmT-firstchild u-pB-s\">\n\t\t\t<p class=\"ht-body-l u-bold\">Andemosa renews all its quality certifications<\/p>\n\t\t<\/div>\n\t\t<div class=\"__bxItems total\">\n\t\t\t\t\t\t\t\t<\/div>\n\t<\/div>\n\t<a href=\"https:\/\/www.sando.com\/en\/actualidad\/andemosa-renews-all-its-quality-certifications\" title=\"Andemosa renews all its quality certifications\" class=\"__bxLink u-br-l u-verde-500\"><\/a>\t\t\t\t\t\t\t\n<\/div>\n\t\t\t\t\t\t\t\t\t<\/div>\r\n\t\t\t\t\t\t\t\t\t\t\t\t\t\t\t\t\t\t<div class=\"__item\">\r\n\r\n\t\t\t\t\t\t\t\t\t\t<div class=\"total m-cardPost u-br-l overflow-hidden --post-default\" data-max-width=\"500\">\n\t<div class=\"total __bxImg\">\n\t\t\t\t\t<img decoding=\"async\" src=\"https:\/\/www.sando.com\/contenido\/subidas\/2025\/08\/WhatsApp-Image-2025-06-26-at-14.22.48-e1754920912115.jpeg\" class=\"attachment-full size-full wp-post-image\" alt=\"El Club Deportivo de Lucha Los Campitos ha rematado una gran temporada con tres triunfos. Un a\u00f1o m\u00e1s Fundaci\u00f3n Sando, comprometida con el deporte tradicional Canario, ha apoyado a este club que mantiene equipos en todas las categor\u00edas, incluidas las femeninas y que adem\u00e1s es el \u00fanico de Santa Cruz de Tenerife.\" \/>\t\t\t<\/div>\n\t<div class=\"total __bxCnt u-br-m u-verde-700 u-bg-white\">\n\t\t\t\t<div class=\"__bxTxt total u-nmB-lastchild u-nmT-firstchild u-pB-s\">\n\t\t\t<p class=\"ht-body-l u-bold\">Three key victories for Club Deportivo de Lucha Los Campitos this season<\/p>\n\t\t<\/div>\n\t\t<div class=\"__bxItems total\">\n\t\t\t\t\t\t\t\t<\/div>\n\t<\/div>\n\t<a href=\"https:\/\/www.sando.com\/en\/actualidad\/three-key-victories-for-club-deportivo-de-lucha-los-campitos-this-season\" title=\"Three key victories for Club Deportivo de Lucha Los Campitos this season\" class=\"__bxLink u-br-l u-verde-500\"><\/a>\t\t\t\t\t\t\t\n<\/div>\n\t\t\t\t\t\t\t\t\t<\/div>\r\n\t\t\t\t\t\t\t\t\t\t\t\t\t\t\t\t\t\t<div class=\"__item\">\r\n\r\n\t\t\t\t\t\t\t\t\t\t<div class=\"total m-cardPost u-br-l overflow-hidden --post-default\" data-max-width=\"500\">\n\t<div class=\"total __bxImg\">\n\t\t\t\t\t<img decoding=\"async\" src=\"https:\/\/www.sando.com\/contenido\/subidas\/2025\/08\/camponato-la-nucia-e1754919907640.png\" class=\"attachment-full size-full wp-post-image\" alt=\"El equipo de tenis de mesa de Primera Divisi\u00f3n Femenina Fundaci\u00f3n Sando NovaC\u00e1rtama ha cerrado la temporada con numerosos logros,\" \/>\t\t\t<\/div>\n\t<div class=\"total __bxCnt u-br-m u-verde-700 u-bg-white\">\n\t\t\t\t<div class=\"__bxTxt total u-nmB-lastchild u-nmT-firstchild u-pB-s\">\n\t\t\t<p class=\"ht-body-l u-bold\">A season of triumphs for the young women\u2019s table tennis team Fundaci\u00f3n Sando NovaC\u00e1rtama<\/p>\n\t\t<\/div>\n\t\t<div class=\"__bxItems total\">\n\t\t\t\t\t\t\t\t<\/div>\n\t<\/div>\n\t<a href=\"https:\/\/www.sando.com\/en\/actualidad\/a-season-of-triumphs-for-the-young-womens-table-tennis-team-fundacion-sando-novacartama\" title=\"A season of triumphs for the young women\u2019s table tennis team Fundaci\u00f3n Sando NovaC\u00e1rtama\" class=\"__bxLink u-br-l u-verde-500\"><\/a>\t\t\t\t\t\t\t\n<\/div>\n\t\t\t\t\t\t\t\t\t<\/div>\r\n\t\t\t\t\t\t\t\t\t\t\t\t\t\t\t\t\t\t<div class=\"__item\">\r\n\r\n\t\t\t\t\t\t\t\t\t\t<div class=\"total m-cardPost u-br-l overflow-hidden --post-default\" data-max-width=\"500\">\n\t<div class=\"total __bxImg\">\n\t\t\t\t\t<img decoding=\"async\" src=\"https:\/\/www.sando.com\/contenido\/subidas\/2025\/06\/Entrega-Woman-Foward.jpg\" class=\"attachment-full size-full wp-post-image\" alt=\"La tercera edici\u00f3n del Ranking de Empresas por la Igualdad, que organiza la Fundaci\u00f3n Woman Forward, ha posicionado a Sando Construcci\u00f3n entre las diez primeras compa\u00f1\u00edas en materia de igualdad del pa\u00eds. Concretamente, Sando Construcci\u00f3n ha ascendido al puesto noveno del ranking, liderado en esta edici\u00f3n por la farmac\u00e9utica Bayer.\" srcset=\"https:\/\/www.sando.com\/contenido\/subidas\/2025\/06\/Entrega-Woman-Foward.jpg 906w, https:\/\/www.sando.com\/contenido\/subidas\/2025\/06\/Entrega-Woman-Foward-250x331.jpg 250w, https:\/\/www.sando.com\/contenido\/subidas\/2025\/06\/Entrega-Woman-Foward-700x927.jpg 700w, https:\/\/www.sando.com\/contenido\/subidas\/2025\/06\/Entrega-Woman-Foward-768x1017.jpg 768w, https:\/\/www.sando.com\/contenido\/subidas\/2025\/06\/Entrega-Woman-Foward-120x159.jpg 120w\" sizes=\"(max-width: 906px) 100vw, 906px\" \/>\t\t\t<\/div>\n\t<div class=\"total __bxCnt u-br-m u-verde-700 u-bg-white\">\n\t\t\t\t<div class=\"__bxTxt total u-nmB-lastchild u-nmT-firstchild u-pB-s\">\n\t\t\t<p class=\"ht-body-l u-bold\">Sando ranks among Spain\u2019s top ten companies for equality in the III Woman Forward Foundation Ranking<\/p>\n\t\t<\/div>\n\t\t<div class=\"__bxItems total\">\n\t\t\t\t\t\t\t\t<\/div>\n\t<\/div>\n\t<a href=\"https:\/\/www.sando.com\/en\/actualidad\/sando-ranks-among-spains-top-ten-companies-for-equality-in-the-iii-woman-forward-foundation-ranking\" title=\"Sando ranks among Spain\u2019s top ten companies for equality in the III Woman Forward Foundation Ranking\" class=\"__bxLink u-br-l u-verde-500\"><\/a>\t\t\t\t\t\t\t\n<\/div>\n\t\t\t\t\t\t\t\t\t<\/div>\r\n\t\t\t\t\t\t\t\t\t\t\t\t\t\t\t\t\t\t<div class=\"__item\">\r\n\r\n\t\t\t\t\t\t\t\t\t\t<div class=\"total m-cardPost u-br-l overflow-hidden --post-default\" data-max-width=\"500\">\n\t<div class=\"total __bxImg\">\n\t\t\t\t\t<img decoding=\"async\" src=\"https:\/\/www.sando.com\/contenido\/subidas\/2025\/07\/grupo1-scaled-e1751461173403.jpg\" class=\"attachment-full size-full wp-post-image\" alt=\"\" \/>\t\t\t<\/div>\n\t<div class=\"total __bxCnt u-br-m u-verde-700 u-bg-white\">\n\t\t\t\t<div class=\"__bxTxt total u-nmB-lastchild u-nmT-firstchild u-pB-s\">\n\t\t\t<p class=\"ht-body-l u-bold\">Fundaci\u00f3n Sando fosters young talent through the Fundaci\u00f3n M\u00e1laga Talento Scholarships<\/p>\n\t\t<\/div>\n\t\t<div class=\"__bxItems total\">\n\t\t\t\t\t\t\t\t<\/div>\n\t<\/div>\n\t<a href=\"https:\/\/www.sando.com\/en\/actualidad\/fundacion-sando-fosters-young-talent-through-the-fundacion-malaga-talento-scholarships\" title=\"Fundaci\u00f3n Sando fosters young talent through the Fundaci\u00f3n M\u00e1laga Talento Scholarships\" class=\"__bxLink u-br-l u-verde-500\"><\/a>\t\t\t\t\t\t\t\n<\/div>\n\t\t\t\t\t\t\t\t\t<\/div>\r\n\t\t\t\t\t\t\t\t\t\t\t\t\t\t\t\t\t\t<div class=\"__item\">\r\n\r\n\t\t\t\t\t\t\t\t\t\t<div class=\"total m-cardPost u-br-l overflow-hidden --post-default\" data-max-width=\"500\">\n\t<div class=\"total __bxImg\">\n\t\t\t\t\t<img decoding=\"async\" src=\"https:\/\/www.sando.com\/contenido\/subidas\/2025\/06\/STEM-e1750682528212.png\" class=\"attachment-full size-full wp-post-image\" alt=\"Sando Construcci\u00f3n renueva un a\u00f1o m\u00e1s su adhesi\u00f3n al programa \u201cMentoring de excelencia para el desarrollo del talento STEM femenino\u201d, encuadrado dentro del proyecto Mujer e Ingenier\u00eda que promueve la Real Academia de Ingenier\u00eda (RAI).\" \/>\t\t\t<\/div>\n\t<div class=\"total __bxCnt u-br-m u-verde-700 u-bg-white\">\n\t\t\t\t<div class=\"__bxTxt total u-nmB-lastchild u-nmT-firstchild u-pB-s\">\n\t\t\t<p class=\"ht-body-l u-bold\"><a href=\"\/en\/sando-construccion\" title=\"Sando Construcci\u00f3n. Building resilient and innovative infrastructures\" target=\"_blank\">Sando Construcci\u00f3n<\/a> supports the Royal Academy of Engineering\u2019s initiative to develop female STEM talent<\/p>\n\t\t<\/div>\n\t\t<div class=\"__bxItems total\">\n\t\t\t\t\t\t\t\t<\/div>\n\t<\/div>\n\t<a href=\"https:\/\/www.sando.com\/en\/actualidad\/sando-construccion-supports-the-royal-academy-of-engineerings-initiative-to-develop-female-stem-talent\" title=\"Sando Construcci\u00f3n supports the Royal Academy of Engineering\u2019s initiative to develop female STEM talent\" class=\"__bxLink u-br-l u-verde-500\"><\/a>\t\t\t\t\t\t\t\n<\/div>\n\t\t\t\t\t\t\t\t\t<\/div>\r\n\t\t\t\t\t\t\t\t\t\t\t\t\t\t\t\t\t\t<div class=\"__item\">\r\n\r\n\t\t\t\t\t\t\t\t\t\t<div class=\"total m-cardPost u-br-l overflow-hidden --post-default\" data-max-width=\"500\">\n\t<div class=\"total __bxImg\">\n\t\t\t\t\t<img decoding=\"async\" src=\"https:\/\/www.sando.com\/contenido\/subidas\/2025\/06\/luis-machuca-libro-ed.png\" class=\"attachment-full size-full wp-post-image\" alt=\"Esta semana se ha presentado el libro monogr\u00e1fico Luis Machuca Santa-Cruz, Obra completa 1972\u20132024, una publicaci\u00f3n en la que Sando participa y que recoge la memoria gr\u00e1fica de su extensa trayectoria profesional.\" srcset=\"https:\/\/www.sando.com\/contenido\/subidas\/2025\/06\/luis-machuca-libro-ed.png 1200w, https:\/\/www.sando.com\/contenido\/subidas\/2025\/06\/luis-machuca-libro-ed-250x167.png 250w, https:\/\/www.sando.com\/contenido\/subidas\/2025\/06\/luis-machuca-libro-ed-700x467.png 700w, https:\/\/www.sando.com\/contenido\/subidas\/2025\/06\/luis-machuca-libro-ed-768x512.png 768w, https:\/\/www.sando.com\/contenido\/subidas\/2025\/06\/luis-machuca-libro-ed-120x80.png 120w\" sizes=\"(max-width: 1200px) 100vw, 1200px\" \/>\t\t\t<\/div>\n\t<div class=\"total __bxCnt u-br-m u-verde-700 u-bg-white\">\n\t\t\t\t<div class=\"__bxTxt total u-nmB-lastchild u-nmT-firstchild u-pB-s\">\n\t\t\t<p class=\"ht-body-l u-bold\">Luis Machuca Santa-Cruz: Half a Century of Architecture with a M\u00e1laga Signature<\/p>\n\t\t<\/div>\n\t\t<div class=\"__bxItems total\">\n\t\t\t\t\t\t\t\t<\/div>\n\t<\/div>\n\t<a href=\"https:\/\/www.sando.com\/en\/actualidad\/luis-machuca-santa-cruz-half-a-century-of-architecture-with-a-malaga-signature\" title=\"Luis Machuca Santa-Cruz: Half a Century of Architecture with a M\u00e1laga Signature\" class=\"__bxLink u-br-l u-verde-500\"><\/a>\t\t\t\t\t\t\t\n<\/div>\n\t\t\t\t\t\t\t\t\t<\/div>\r\n\t\t\t\t\t\t\t\t\t\t\t\t\t\t\t\t\t\t<div class=\"__item\">\r\n\r\n\t\t\t\t\t\t\t\t\t\t<div class=\"total m-cardPost u-br-l overflow-hidden --post-default\" data-max-width=\"500\">\n\t<div class=\"total __bxImg\">\n\t\t\t\t\t<img decoding=\"async\" src=\"https:\/\/www.sando.com\/contenido\/subidas\/2025\/06\/J81A1419-ft.jpg\" class=\"attachment-full size-full wp-post-image\" alt=\"Esta \u00faltima semana, nuestro presidente de honor,\u00a0Jos\u00e9 Luis S\u00e1nchez Dom\u00ednguez, ha sido reconocido por la\u00a0Asociaci\u00f3n Provincial de Constructores y Promotores de M\u00e1laga (ACP M\u00e1laga)\u00a0con motivo de su 50 aniversario. Un homenaje que pone en valor su papel como\u00a0fundador de la entidad\u00a0y su contribuci\u00f3n al desarrollo del sector en la provincia.\" srcset=\"https:\/\/www.sando.com\/contenido\/subidas\/2025\/06\/J81A1419-ft.jpg 1627w, https:\/\/www.sando.com\/contenido\/subidas\/2025\/06\/J81A1419-ft-250x349.jpg 250w, https:\/\/www.sando.com\/contenido\/subidas\/2025\/06\/J81A1419-ft-700x977.jpg 700w, https:\/\/www.sando.com\/contenido\/subidas\/2025\/06\/J81A1419-ft-768x1072.jpg 768w, https:\/\/www.sando.com\/contenido\/subidas\/2025\/06\/J81A1419-ft-1101x1536.jpg 1101w, https:\/\/www.sando.com\/contenido\/subidas\/2025\/06\/J81A1419-ft-1468x2048.jpg 1468w, https:\/\/www.sando.com\/contenido\/subidas\/2025\/06\/J81A1419-ft-120x167.jpg 120w\" sizes=\"(max-width: 1627px) 100vw, 1627px\" \/>\t\t\t<\/div>\n\t<div class=\"total __bxCnt u-br-m u-verde-700 u-bg-white\">\n\t\t\t\t<div class=\"__bxTxt total u-nmB-lastchild u-nmT-firstchild u-pB-s\">\n\t\t\t<p class=\"ht-body-l u-bold\">ACP M\u00e1laga Honours Jos\u00e9 Luis S\u00e1nchez Dom\u00ednguez<\/p>\n\t\t<\/div>\n\t\t<div class=\"__bxItems total\">\n\t\t\t\t\t\t\t\t<\/div>\n\t<\/div>\n\t<a href=\"https:\/\/www.sando.com\/en\/actualidad\/acp-malaga-honours-jose-luis-sanchez-dominguez\" title=\"ACP M\u00e1laga Honours Jos\u00e9 Luis S\u00e1nchez Dom\u00ednguez\" class=\"__bxLink u-br-l u-verde-500\"><\/a>\t\t\t\t\t\t\t\n<\/div>\n\t\t\t\t\t\t\t\t\t<\/div>\r\n\t\t\t\t\t\t\t\t\t\r\n\t\t\t\t<\/div>\r\n\r\n\t\t\t\t<div class=\"__footer total u-pT-s\">\r\n\t\t\t\t\t<div class=\"__bx d-flex gap-4\">\r\n\t\t\t\t\t\t<div class=\"__arrow-prev a-arrowSliderCircle\" role=\"button\" aria-label=\"Anterior\">\r\n\t\t\t\t\t\t\t<svg class=\"a-icon\"><use xlink:href=\"#icon-arrow-green-left-max\" href=\"\/i.svg#icon-arrow-green-left-max\"><\/use><\/svg>\r\n\t\t\t\t\t\t<\/div>\r\n\t\t\t\t\t\t<div class=\"__arrow-next a-arrowSliderCircle\" role=\"button\" aria-label=\"Siguiente\">\r\n\t\t\t\t\t\t\t<svg class=\"a-icon\"><use xlink:href=\"#icon-arrow-green-right-max\" href=\"\/i.svg#icon-arrow-green-right-max\"><\/use><\/svg>\r\n\t\t\t\t\t\t<\/div>\r\n\t\t\t\t\t<\/div>\r\n\t\t\t\t\t<div class=\"__bx d-flex\">\r\n\t\t\t\t\t\t<div class=\"__counter\">\r\n\t\t\t\t\t\t\t<span class=\"ht-body-m u-bold __pageInfo\"><\/span>\r\n\t\t\t\t\t\t<\/div>\r\n\t\t\t\t\t<\/div>\r\n\t\t\t\t<\/div>\r\n\t\t\t<\/div>\r\n\r\n\t\t\t\t\t\t<\/div>\r\n\t\t\t\t\t\t<div class=\"total d-block d-lg-none u-pT-xl u-verde-700\">\r\n\t\t\t\t<a href=\"\/en\/news\/category\/corporate-social-responsibility\" title=\"CSR news\" class=\"a-btn-primary\" >\r\n\t\t\t\t\tSee all\t\t\t\r\n\t\t\t\t\t<svg class=\"__icon u-verde-500\">\r\n\t\t\t\t\t\t<use xlink:href=\"#icon-arrow-green-right\" href=\"\/i.svg#icon-arrow-green-right\"><\/use>\r\n\t\t\t\t\t<\/svg>\r\n\t\t\t\t<\/a>\t\t\t\t\r\n\t\t\t<\/div>\r\n\t\t\t\t\t<\/div>\r\n\t<\/div>\r\n<\/div>\n\n<div class=\"container-full u-mB-l u-white block-slider-content-posts\"> \r\n\t<div class=\"container-max\">\r\n\t\t<div class=\"total u-bg-verde-700 u-br-l u-pTB-xl u-pLR-container overflow-hidden\">\r\n\t\t\t\r\n\t\t\t\t\t\t<div class=\"container-medium\">\r\n\t\t\t\t<div class=\"row row-cols-1 row-cols-lg-2 d-flex justify-content-between u-pB-s\">\r\n\t\t\t\t\t<div class=\"col\">\r\n\t\t\t\t\t\t\t\t\t\t\t\t<div class=\"a-tagTitle u-white\">\r\n\t\t\t\t\t\t\t<svg class=\"u-verde-500\" width=\"9\" height=\"20\" viewBox=\"0 0 9 20\" fill=\"none\" xmlns=\"http:\/\/www.w3.org\/2000\/svg\">\r\n\t\t\t\t\t\t\t\t<path d=\"M0 0C6.414 0 8.78101 3.93299 8.78101 9.92699C8.78101 15.921 6.414 19.853 0 19.853V16.112C3.13 16.112 3.97101 13.668 3.97101 9.92699C3.97101 6.22699 3.131 3.78 0 3.78V0Z\" fill=\"currentColor\"\/>\r\n\t\t\t\t\t\t\t<\/svg>\r\n\t\t\t\t\t\t\tYOU MAY BE INTERESTED IN\t\t\t\t\t\t<\/div>\t\r\n\t\t\t\t\t\t\t\t\t\t\t<\/div>\r\n\t\t\t\t\t<div class=\"col d-none justify-content-end d-lg-flex u-white\">\r\n\t\t\t\t\t\t\t\t\t\t\t<\/div>\r\n\t\t\t\t<\/div>\r\n\t\t\t<\/div>\r\n\t\t\t\t\t\t<div class=\"container-medium u-white\">\r\n\t\t\t\t<div class=\"total u-pB-l u-nmB-lastchild u-nmT-firstchild\" style=\"max-width: 800px;\">\r\n\t\t\t\t<p><span class=\"ht-two u-light\">More about sustainability<\/span><\/p>\n\t\t\r\n\t\t\t\t<\/div>\r\n\t\t\t<\/div>\r\n\t\t\t\t\t\t\r\n\r\n\r\n\t\t\t<div class=\"container-medium u-white\">\t\t\r\n\t\t\t\r\n\t\t\t<div class=\"m-slideDemo js-sldContentPost\">\r\n\t\t\t\t<div class=\"__loader u-bg-gray-500 u-br-m\">\r\n\t\t\t\t\t<div class=\"loader-01 u-white\"><\/div>\r\n\t\t\t\t<\/div>\r\n\r\n\t\t\t\t<div class=\"__loop total\" \r\n\t\t\t\t\tdata-slidetoshow=\"2\"\r\n\t\t\t\t\tdata-slidetoshow-mob=\"1\"\r\n\t\t\t\t\tdata-slidetoshow-med=\"2\"\r\n\t\t\t\t\tdata-color-accent=\"u-verde-500\" \r\n\t\t\t\t\tstyle=\"opacity: 0; visibility:0;\">\r\n\t\t\t\t\t\r\n\t\t\t\t\t\t\t\t\t\t\t\t\t\t<div class=\"__item\">\r\n\r\n\t\t\t\t\t\t\t\t\t\t\n\n\n\n\t\t\t\n<div class=\"total m-card --cardPage u-br-s overflow-hidden u-white u-bg-verde-500\">\n\t<div class=\"total __bxImg\">\n\t\t\t\t\t<img decoding=\"async\" src=\"https:\/\/www.sando.com\/contenido\/subidas\/2023\/11\/Estrategia-Sostenibilidad-Cabecera-SANDO.jpg\" class=\"attachment-full size-full wp-post-image\" alt=\"\" srcset=\"https:\/\/www.sando.com\/contenido\/subidas\/2023\/11\/Estrategia-Sostenibilidad-Cabecera-SANDO.jpg 1900w, https:\/\/www.sando.com\/contenido\/subidas\/2023\/11\/Estrategia-Sostenibilidad-Cabecera-SANDO-250x118.jpg 250w, https:\/\/www.sando.com\/contenido\/subidas\/2023\/11\/Estrategia-Sostenibilidad-Cabecera-SANDO-700x332.jpg 700w, https:\/\/www.sando.com\/contenido\/subidas\/2023\/11\/Estrategia-Sostenibilidad-Cabecera-SANDO-768x364.jpg 768w, https:\/\/www.sando.com\/contenido\/subidas\/2023\/11\/Estrategia-Sostenibilidad-Cabecera-SANDO-1536x728.jpg 1536w, https:\/\/www.sando.com\/contenido\/subidas\/2023\/11\/Estrategia-Sostenibilidad-Cabecera-SANDO-120x57.jpg 120w\" sizes=\"(max-width: 1900px) 100vw, 1900px\" \/>\t\t\t\n\t<\/div>\n\t<div class=\"__bxCnt u-pLR-container\">\n\t\t<div class=\"__bxTxt total u-nmB-lastchild u-nmT-firstchild\" style=\"max-width: 680px;\">\n\t\t\t\t\t\t<div class=\"__bxTitle\">\n\t\t\t\t\t\t\t\t<p class=\"ht-three u-light\">Strategy<\/p>\n\t\t\t<\/div>\n\t\t\t\t\t<\/div>\n\t\t<div class=\"__bxBtn total\">\n\t\t\t<a href=\"https:\/\/www.sando.com\/en\/sustainability\/strategy\" title=\"Strategy\" class=\"a-btn-primary u-white --without-br\">\n\t\t\t\tMore about\t\t\t\t\t\n\t\t\t\t<svg class=\"__icon\"><use xlink:href=\"#icon-border-arrow-right\" href=\"\/i.svg#icon-border-arrow-right\"><\/use><\/svg>\n\t\t\t<\/a>\n\t\t<\/div>\n\t<\/div>\n<\/div>\n\t\t\t\t\t\n\n\n\t\t\t\t\t\t\t\t\t<\/div>\r\n\t\t\t\t\t\t\t\t\t\t\t\t\t\t\t\t\t\t<div class=\"__item\">\r\n\r\n\t\t\t\t\t\t\t\t\t\t\n\n\n\n\t\t\t\n<div class=\"total m-card --cardPage u-br-s overflow-hidden u-white u-bg-verde-500\">\n\t<div class=\"total __bxImg\">\n\t\t\t\t\t<img decoding=\"async\" src=\"https:\/\/www.sando.com\/contenido\/subidas\/2023\/11\/ods-sostenibilidad-cabecera-sando-1.jpg\" class=\"attachment-full size-full wp-post-image\" alt=\"\" srcset=\"https:\/\/www.sando.com\/contenido\/subidas\/2023\/11\/ods-sostenibilidad-cabecera-sando-1.jpg 1900w, https:\/\/www.sando.com\/contenido\/subidas\/2023\/11\/ods-sostenibilidad-cabecera-sando-1-250x118.jpg 250w, https:\/\/www.sando.com\/contenido\/subidas\/2023\/11\/ods-sostenibilidad-cabecera-sando-1-700x332.jpg 700w, https:\/\/www.sando.com\/contenido\/subidas\/2023\/11\/ods-sostenibilidad-cabecera-sando-1-768x364.jpg 768w, https:\/\/www.sando.com\/contenido\/subidas\/2023\/11\/ods-sostenibilidad-cabecera-sando-1-1536x728.jpg 1536w, https:\/\/www.sando.com\/contenido\/subidas\/2023\/11\/ods-sostenibilidad-cabecera-sando-1-120x57.jpg 120w\" sizes=\"(max-width: 1900px) 100vw, 1900px\" \/>\t\t\t\n\t<\/div>\n\t<div class=\"__bxCnt u-pLR-container\">\n\t\t<div class=\"__bxTxt total u-nmB-lastchild u-nmT-firstchild\" style=\"max-width: 680px;\">\n\t\t\t\t\t\t<div class=\"__bxTitle\">\n\t\t\t\t\t\t\t\t<p class=\"ht-three u-light\">SDGs &#8211; Sustainable development goals<\/p>\n\t\t\t<\/div>\n\t\t\t\t\t<\/div>\n\t\t<div class=\"__bxBtn total\">\n\t\t\t<a href=\"https:\/\/www.sando.com\/en\/sustainability\/sdgs-sustainable-development-challenges\" title=\"SDGs &#8211; Sustainable development goals\" class=\"a-btn-primary u-white --without-br\">\n\t\t\t\tMore about\t\t\t\t\t\n\t\t\t\t<svg class=\"__icon\"><use xlink:href=\"#icon-border-arrow-right\" href=\"\/i.svg#icon-border-arrow-right\"><\/use><\/svg>\n\t\t\t<\/a>\n\t\t<\/div>\n\t<\/div>\n<\/div>\n\t\t\t\t\t\n\n\n\t\t\t\t\t\t\t\t\t<\/div>\r\n\t\t\t\t\t\t\t\t\t\t\t\t\t\t\t\t\t\t<div class=\"__item\">\r\n\r\n\t\t\t\t\t\t\t\t\t\t\n\n\n\n\t\t\t\n<div class=\"total m-card --cardPage u-br-s overflow-hidden u-white u-bg-verde-500\">\n\t<div class=\"total __bxImg\">\n\t\t\t\t\t<img decoding=\"async\" src=\"https:\/\/www.sando.com\/contenido\/subidas\/2023\/11\/Social-Sostenibilidad-Cabecera-SANDO.jpg\" class=\"attachment-full size-full wp-post-image\" alt=\"\" srcset=\"https:\/\/www.sando.com\/contenido\/subidas\/2023\/11\/Social-Sostenibilidad-Cabecera-SANDO.jpg 1900w, https:\/\/www.sando.com\/contenido\/subidas\/2023\/11\/Social-Sostenibilidad-Cabecera-SANDO-250x118.jpg 250w, https:\/\/www.sando.com\/contenido\/subidas\/2023\/11\/Social-Sostenibilidad-Cabecera-SANDO-700x332.jpg 700w, https:\/\/www.sando.com\/contenido\/subidas\/2023\/11\/Social-Sostenibilidad-Cabecera-SANDO-768x364.jpg 768w, https:\/\/www.sando.com\/contenido\/subidas\/2023\/11\/Social-Sostenibilidad-Cabecera-SANDO-1536x728.jpg 1536w, https:\/\/www.sando.com\/contenido\/subidas\/2023\/11\/Social-Sostenibilidad-Cabecera-SANDO-120x57.jpg 120w\" sizes=\"(max-width: 1900px) 100vw, 1900px\" \/>\t\t\t\n\t<\/div>\n\t<div class=\"__bxCnt u-pLR-container\">\n\t\t<div class=\"__bxTxt total u-nmB-lastchild u-nmT-firstchild\" style=\"max-width: 680px;\">\n\t\t\t\t\t\t<div class=\"__bxTitle\">\n\t\t\t\t\t\t\t\t<p class=\"ht-three u-light\">CSR &#8211; Social Action<\/p>\n\t\t\t<\/div>\n\t\t\t\t\t<\/div>\n\t\t<div class=\"__bxBtn total\">\n\t\t\t<a href=\"https:\/\/www.sando.com\/en\/sustainability\/csr-social-action\" title=\"CSR &#8211; Social Action\" class=\"a-btn-primary u-white --without-br\">\n\t\t\t\tMore about\t\t\t\t\t\n\t\t\t\t<svg class=\"__icon\"><use xlink:href=\"#icon-border-arrow-right\" href=\"\/i.svg#icon-border-arrow-right\"><\/use><\/svg>\n\t\t\t<\/a>\n\t\t<\/div>\n\t<\/div>\n<\/div>\n\t\t\t\t\t\n\n\n\t\t\t\t\t\t\t\t\t<\/div>\r\n\t\t\t\t\t\t\t\t\t\t\t\t\t\t\t\t\t\t<div class=\"__item\">\r\n\r\n\t\t\t\t\t\t\t\t\t\t\n\n\n\n\t\t\t\n<div class=\"total m-card --cardPage u-br-s overflow-hidden u-white u-bg-verde-500\">\n\t<div class=\"total __bxImg\">\n\t\t\t\t\t<img decoding=\"async\" src=\"https:\/\/www.sando.com\/contenido\/subidas\/2023\/11\/proyectos-sostenibilidad-cabecera-2-sando.jpg\" class=\"attachment-full size-full wp-post-image\" alt=\"\" srcset=\"https:\/\/www.sando.com\/contenido\/subidas\/2023\/11\/proyectos-sostenibilidad-cabecera-2-sando.jpg 1900w, https:\/\/www.sando.com\/contenido\/subidas\/2023\/11\/proyectos-sostenibilidad-cabecera-2-sando-250x118.jpg 250w, https:\/\/www.sando.com\/contenido\/subidas\/2023\/11\/proyectos-sostenibilidad-cabecera-2-sando-700x332.jpg 700w, https:\/\/www.sando.com\/contenido\/subidas\/2023\/11\/proyectos-sostenibilidad-cabecera-2-sando-768x364.jpg 768w, https:\/\/www.sando.com\/contenido\/subidas\/2023\/11\/proyectos-sostenibilidad-cabecera-2-sando-1536x728.jpg 1536w, https:\/\/www.sando.com\/contenido\/subidas\/2023\/11\/proyectos-sostenibilidad-cabecera-2-sando-120x57.jpg 120w\" sizes=\"(max-width: 1900px) 100vw, 1900px\" \/>\t\t\t\n\t<\/div>\n\t<div class=\"__bxCnt u-pLR-container\">\n\t\t<div class=\"__bxTxt total u-nmB-lastchild u-nmT-firstchild\" style=\"max-width: 680px;\">\n\t\t\t\t\t\t<div class=\"__bxTitle\">\n\t\t\t\t\t\t\t\t<p class=\"ht-three u-light\">Sustainable projects<\/p>\n\t\t\t<\/div>\n\t\t\t\t\t<\/div>\n\t\t<div class=\"__bxBtn total\">\n\t\t\t<a href=\"https:\/\/www.sando.com\/en\/sustainability\/sustainable-projects\" title=\"Sustainable projects\" class=\"a-btn-primary u-white --without-br\">\n\t\t\t\tMore about\t\t\t\t\t\n\t\t\t\t<svg class=\"__icon\"><use xlink:href=\"#icon-border-arrow-right\" href=\"\/i.svg#icon-border-arrow-right\"><\/use><\/svg>\n\t\t\t<\/a>\n\t\t<\/div>\n\t<\/div>\n<\/div>\n\t\t\t\t\t\n\n\n\t\t\t\t\t\t\t\t\t<\/div>\r\n\t\t\t\t\t\t\t\t\t\t\t\t\t\t\t\t\t\t<div class=\"__item\">\r\n\r\n\t\t\t\t\t\t\t\t\t\t\n\n\n\n\t\t\t\n<div class=\"total m-card --cardPage u-br-s overflow-hidden u-white u-bg-verde-500\">\n\t<div class=\"total __bxImg\">\n\t\t\t\t\t<img decoding=\"async\" src=\"https:\/\/www.sando.com\/contenido\/subidas\/2023\/11\/Calidad-Sostenibilidad-Cabecera-SANDO.jpg\" class=\"attachment-full size-full wp-post-image\" alt=\"\" srcset=\"https:\/\/www.sando.com\/contenido\/subidas\/2023\/11\/Calidad-Sostenibilidad-Cabecera-SANDO.jpg 1900w, https:\/\/www.sando.com\/contenido\/subidas\/2023\/11\/Calidad-Sostenibilidad-Cabecera-SANDO-250x118.jpg 250w, https:\/\/www.sando.com\/contenido\/subidas\/2023\/11\/Calidad-Sostenibilidad-Cabecera-SANDO-700x332.jpg 700w, https:\/\/www.sando.com\/contenido\/subidas\/2023\/11\/Calidad-Sostenibilidad-Cabecera-SANDO-768x364.jpg 768w, https:\/\/www.sando.com\/contenido\/subidas\/2023\/11\/Calidad-Sostenibilidad-Cabecera-SANDO-1536x728.jpg 1536w, https:\/\/www.sando.com\/contenido\/subidas\/2023\/11\/Calidad-Sostenibilidad-Cabecera-SANDO-120x57.jpg 120w\" sizes=\"(max-width: 1900px) 100vw, 1900px\" \/>\t\t\t\n\t<\/div>\n\t<div class=\"__bxCnt u-pLR-container\">\n\t\t<div class=\"__bxTxt total u-nmB-lastchild u-nmT-firstchild\" style=\"max-width: 680px;\">\n\t\t\t\t\t\t<div class=\"__bxTitle\">\n\t\t\t\t\t\t\t\t<p class=\"ht-three u-light\">Quality<\/p>\n\t\t\t<\/div>\n\t\t\t\t\t<\/div>\n\t\t<div class=\"__bxBtn total\">\n\t\t\t<a href=\"https:\/\/www.sando.com\/en\/sustainability\/quality\" title=\"Quality\" class=\"a-btn-primary u-white --without-br\">\n\t\t\t\tMore about\t\t\t\t\t\n\t\t\t\t<svg class=\"__icon\"><use xlink:href=\"#icon-border-arrow-right\" href=\"\/i.svg#icon-border-arrow-right\"><\/use><\/svg>\n\t\t\t<\/a>\n\t\t<\/div>\n\t<\/div>\n<\/div>\n\t\t\t\t\t\n\n\n\t\t\t\t\t\t\t\t\t<\/div>\r\n\t\t\t\t\t\t\t\t\t\r\n\t\t\t\t<\/div>\r\n\r\n\t\t\t\t<div class=\"__footer total u-pT-s\">\r\n\t\t\t\t\t<div class=\"__bx d-flex gap-4\">\r\n\t\t\t\t\t\t<div class=\"__arrow-prev a-arrowSliderCircle\" role=\"button\" aria-label=\"Anterior\">\r\n\t\t\t\t\t\t\t<svg class=\"a-icon\"><use xlink:href=\"#icon-arrow-green-left-max\" href=\"\/i.svg#icon-arrow-green-left-max\"><\/use><\/svg>\r\n\t\t\t\t\t\t<\/div>\r\n\t\t\t\t\t\t<div class=\"__arrow-next a-arrowSliderCircle\" role=\"button\" aria-label=\"Siguiente\">\r\n\t\t\t\t\t\t\t<svg class=\"a-icon\"><use xlink:href=\"#icon-arrow-green-right-max\" href=\"\/i.svg#icon-arrow-green-right-max\"><\/use><\/svg>\r\n\t\t\t\t\t\t<\/div>\r\n\t\t\t\t\t<\/div>\r\n\t\t\t\t\t<div class=\"__bx d-flex\">\r\n\t\t\t\t\t\t<div class=\"__counter\">\r\n\t\t\t\t\t\t\t<span class=\"ht-body-m u-bold __pageInfo\"><\/span>\r\n\t\t\t\t\t\t<\/div>\r\n\t\t\t\t\t<\/div>\r\n\t\t\t\t<\/div>\r\n\t\t\t<\/div>\r\n\r\n\t\t\t\t\t\t<\/div>\r\n\t\t\t\t\t<\/div>\r\n\t<\/div>\r\n<\/div>","protected":false},"excerpt":{"rendered":"","protected":false},"author":2,"featured_media":25522,"parent":38781,"menu_order":0,"comment_status":"closed","ping_status":"closed","template":"","meta":{"_acf_changed":false,"footnotes":""},"tax_brand":[1763,1765],"tax_services":[],"tax_location":[],"class_list":["post-38789","page","type-page","status-publish","has-post-thumbnail","hentry","tax_brand-conacon-en","tax_brand-sando-construccion-en"],"acf":[],"yoast_head":"<!-- This site is optimized with the Yoast SEO plugin v27.4 - https:\/\/yoast.com\/product\/yoast-seo-wordpress\/ -->\n<title>Sustainable Development Goals: A Roadmap for Global Action 2030<\/title>\n<meta name=\"description\" content=\"Faced with significant global challenges such as the energy transition, resource scarcity and social gaps, the Sustainable Development Goals (SDGs) set out the roadmap for coordinated action between the various actors in society until 2030.\" \/>\n<meta name=\"robots\" content=\"index, follow, max-snippet:-1, max-image-preview:large, max-video-preview:-1\" \/>\n<link rel=\"canonical\" href=\"https:\/\/www.sando.com\/en\/sustainability\/sdgs-sustainable-development-challenges\" \/>\n<meta property=\"og:locale\" content=\"en_US\" \/>\n<meta property=\"og:type\" content=\"article\" \/>\n<meta property=\"og:title\" content=\"Sustainable Development Goals: A Roadmap for Global Action 2030\" \/>\n<meta property=\"og:description\" content=\"Faced with significant global challenges such as the energy transition, resource scarcity and social gaps, the Sustainable Development Goals (SDGs) set out the roadmap for coordinated action between the various actors in society until 2030.\" \/>\n<meta property=\"og:url\" content=\"https:\/\/www.sando.com\/en\/sustainability\/sdgs-sustainable-development-challenges\" \/>\n<meta property=\"og:site_name\" content=\"Sando\" \/>\n<meta property=\"article:modified_time\" content=\"2024-10-29T13:10:06+00:00\" \/>\n<meta property=\"og:image\" content=\"https:\/\/www.sando.com\/contenido\/subidas\/2023\/11\/ods-sostenibilidad-cabecera-sando-1.jpg\" \/>\n\t<meta property=\"og:image:width\" content=\"1900\" \/>\n\t<meta property=\"og:image:height\" content=\"900\" \/>\n\t<meta property=\"og:image:type\" content=\"image\/jpeg\" \/>\n<meta name=\"twitter:card\" content=\"summary_large_image\" \/>\n<meta name=\"twitter:label1\" content=\"Est. reading time\" \/>\n\t<meta name=\"twitter:data1\" content=\"4 minutes\" \/>\n<script type=\"application\/ld+json\" class=\"yoast-schema-graph\">{\"@context\":\"https:\\\/\\\/schema.org\",\"@graph\":[{\"@type\":\"WebPage\",\"@id\":\"https:\\\/\\\/www.sando.com\\\/en\\\/sustainability\\\/sdgs-sustainable-development-challenges\",\"url\":\"https:\\\/\\\/www.sando.com\\\/en\\\/sustainability\\\/sdgs-sustainable-development-challenges\",\"name\":\"Sustainable Development Goals: A Roadmap for Global Action 2030\",\"isPartOf\":{\"@id\":\"https:\\\/\\\/www.sando.com\\\/en#website\"},\"primaryImageOfPage\":{\"@id\":\"https:\\\/\\\/www.sando.com\\\/en\\\/sustainability\\\/sdgs-sustainable-development-challenges#primaryimage\"},\"image\":{\"@id\":\"https:\\\/\\\/www.sando.com\\\/en\\\/sustainability\\\/sdgs-sustainable-development-challenges#primaryimage\"},\"thumbnailUrl\":\"https:\\\/\\\/www.sando.com\\\/contenido\\\/subidas\\\/2023\\\/11\\\/ods-sostenibilidad-cabecera-sando-1.jpg\",\"datePublished\":\"2023-11-02T11:35:03+00:00\",\"dateModified\":\"2024-10-29T13:10:06+00:00\",\"description\":\"Faced with significant global challenges such as the energy transition, resource scarcity and social gaps, the Sustainable Development Goals (SDGs) set out the roadmap for coordinated action between the various actors in society until 2030.\",\"breadcrumb\":{\"@id\":\"https:\\\/\\\/www.sando.com\\\/en\\\/sustainability\\\/sdgs-sustainable-development-challenges#breadcrumb\"},\"inLanguage\":\"en-US\",\"potentialAction\":[{\"@type\":\"ReadAction\",\"target\":[\"https:\\\/\\\/www.sando.com\\\/en\\\/sustainability\\\/sdgs-sustainable-development-challenges\"]}]},{\"@type\":\"ImageObject\",\"inLanguage\":\"en-US\",\"@id\":\"https:\\\/\\\/www.sando.com\\\/en\\\/sustainability\\\/sdgs-sustainable-development-challenges#primaryimage\",\"url\":\"https:\\\/\\\/www.sando.com\\\/contenido\\\/subidas\\\/2023\\\/11\\\/ods-sostenibilidad-cabecera-sando-1.jpg\",\"contentUrl\":\"https:\\\/\\\/www.sando.com\\\/contenido\\\/subidas\\\/2023\\\/11\\\/ods-sostenibilidad-cabecera-sando-1.jpg\",\"width\":1900,\"height\":900},{\"@type\":\"BreadcrumbList\",\"@id\":\"https:\\\/\\\/www.sando.com\\\/en\\\/sustainability\\\/sdgs-sustainable-development-challenges#breadcrumb\",\"itemListElement\":[{\"@type\":\"ListItem\",\"position\":1,\"name\":\"Portada\",\"item\":\"https:\\\/\\\/www.sando.com\\\/en\"},{\"@type\":\"ListItem\",\"position\":2,\"name\":\"Sustainability\",\"item\":\"https:\\\/\\\/www.sando.com\\\/en\\\/sustainability\"},{\"@type\":\"ListItem\",\"position\":3,\"name\":\"SDGs &#8211; Sustainable development goals\"}]},{\"@type\":\"WebSite\",\"@id\":\"https:\\\/\\\/www.sando.com\\\/en#website\",\"url\":\"https:\\\/\\\/www.sando.com\\\/en\",\"name\":\"Sando\",\"description\":\"\",\"publisher\":{\"@id\":\"https:\\\/\\\/www.sando.com\\\/en#organization\"},\"potentialAction\":[{\"@type\":\"SearchAction\",\"target\":{\"@type\":\"EntryPoint\",\"urlTemplate\":\"https:\\\/\\\/www.sando.com\\\/en?s={search_term_string}\"},\"query-input\":{\"@type\":\"PropertyValueSpecification\",\"valueRequired\":true,\"valueName\":\"search_term_string\"}}],\"inLanguage\":\"en-US\"},{\"@type\":\"Organization\",\"@id\":\"https:\\\/\\\/www.sando.com\\\/en#organization\",\"name\":\"Sando\",\"url\":\"https:\\\/\\\/www.sando.com\\\/en\",\"logo\":{\"@type\":\"ImageObject\",\"inLanguage\":\"en-US\",\"@id\":\"https:\\\/\\\/www.sando.com\\\/en#\\\/schema\\\/logo\\\/image\\\/\",\"url\":\"\",\"contentUrl\":\"\",\"caption\":\"Sando\"},\"image\":{\"@id\":\"https:\\\/\\\/www.sando.com\\\/en#\\\/schema\\\/logo\\\/image\\\/\"}}]}<\/script>\n<!-- \/ Yoast SEO plugin. -->","yoast_head_json":{"title":"Sustainable Development Goals: A Roadmap for Global Action 2030","description":"Faced with significant global challenges such as the energy transition, resource scarcity and social gaps, the Sustainable Development Goals (SDGs) set out the roadmap for coordinated action between the various actors in society until 2030.","robots":{"index":"index","follow":"follow","max-snippet":"max-snippet:-1","max-image-preview":"max-image-preview:large","max-video-preview":"max-video-preview:-1"},"canonical":"https:\/\/www.sando.com\/en\/sustainability\/sdgs-sustainable-development-challenges","og_locale":"en_US","og_type":"article","og_title":"Sustainable Development Goals: A Roadmap for Global Action 2030","og_description":"Faced with significant global challenges such as the energy transition, resource scarcity and social gaps, the Sustainable Development Goals (SDGs) set out the roadmap for coordinated action between the various actors in society until 2030.","og_url":"https:\/\/www.sando.com\/en\/sustainability\/sdgs-sustainable-development-challenges","og_site_name":"Sando","article_modified_time":"2024-10-29T13:10:06+00:00","og_image":[{"width":1900,"height":900,"url":"https:\/\/www.sando.com\/contenido\/subidas\/2023\/11\/ods-sostenibilidad-cabecera-sando-1.jpg","type":"image\/jpeg"}],"twitter_card":"summary_large_image","twitter_misc":{"Est. reading time":"4 minutes"},"schema":{"@context":"https:\/\/schema.org","@graph":[{"@type":"WebPage","@id":"https:\/\/www.sando.com\/en\/sustainability\/sdgs-sustainable-development-challenges","url":"https:\/\/www.sando.com\/en\/sustainability\/sdgs-sustainable-development-challenges","name":"Sustainable Development Goals: A Roadmap for Global Action 2030","isPartOf":{"@id":"https:\/\/www.sando.com\/en#website"},"primaryImageOfPage":{"@id":"https:\/\/www.sando.com\/en\/sustainability\/sdgs-sustainable-development-challenges#primaryimage"},"image":{"@id":"https:\/\/www.sando.com\/en\/sustainability\/sdgs-sustainable-development-challenges#primaryimage"},"thumbnailUrl":"https:\/\/www.sando.com\/contenido\/subidas\/2023\/11\/ods-sostenibilidad-cabecera-sando-1.jpg","datePublished":"2023-11-02T11:35:03+00:00","dateModified":"2024-10-29T13:10:06+00:00","description":"Faced with significant global challenges such as the energy transition, resource scarcity and social gaps, the Sustainable Development Goals (SDGs) set out the roadmap for coordinated action between the various actors in society until 2030.","breadcrumb":{"@id":"https:\/\/www.sando.com\/en\/sustainability\/sdgs-sustainable-development-challenges#breadcrumb"},"inLanguage":"en-US","potentialAction":[{"@type":"ReadAction","target":["https:\/\/www.sando.com\/en\/sustainability\/sdgs-sustainable-development-challenges"]}]},{"@type":"ImageObject","inLanguage":"en-US","@id":"https:\/\/www.sando.com\/en\/sustainability\/sdgs-sustainable-development-challenges#primaryimage","url":"https:\/\/www.sando.com\/contenido\/subidas\/2023\/11\/ods-sostenibilidad-cabecera-sando-1.jpg","contentUrl":"https:\/\/www.sando.com\/contenido\/subidas\/2023\/11\/ods-sostenibilidad-cabecera-sando-1.jpg","width":1900,"height":900},{"@type":"BreadcrumbList","@id":"https:\/\/www.sando.com\/en\/sustainability\/sdgs-sustainable-development-challenges#breadcrumb","itemListElement":[{"@type":"ListItem","position":1,"name":"Portada","item":"https:\/\/www.sando.com\/en"},{"@type":"ListItem","position":2,"name":"Sustainability","item":"https:\/\/www.sando.com\/en\/sustainability"},{"@type":"ListItem","position":3,"name":"SDGs &#8211; Sustainable development goals"}]},{"@type":"WebSite","@id":"https:\/\/www.sando.com\/en#website","url":"https:\/\/www.sando.com\/en","name":"Sando","description":"","publisher":{"@id":"https:\/\/www.sando.com\/en#organization"},"potentialAction":[{"@type":"SearchAction","target":{"@type":"EntryPoint","urlTemplate":"https:\/\/www.sando.com\/en?s={search_term_string}"},"query-input":{"@type":"PropertyValueSpecification","valueRequired":true,"valueName":"search_term_string"}}],"inLanguage":"en-US"},{"@type":"Organization","@id":"https:\/\/www.sando.com\/en#organization","name":"Sando","url":"https:\/\/www.sando.com\/en","logo":{"@type":"ImageObject","inLanguage":"en-US","@id":"https:\/\/www.sando.com\/en#\/schema\/logo\/image\/","url":"","contentUrl":"","caption":"Sando"},"image":{"@id":"https:\/\/www.sando.com\/en#\/schema\/logo\/image\/"}}]}},"_links":{"self":[{"href":"https:\/\/www.sando.com\/en\/wp-json\/wp\/v2\/pages\/38789","targetHints":{"allow":["GET"]}}],"collection":[{"href":"https:\/\/www.sando.com\/en\/wp-json\/wp\/v2\/pages"}],"about":[{"href":"https:\/\/www.sando.com\/en\/wp-json\/wp\/v2\/types\/page"}],"author":[{"embeddable":true,"href":"https:\/\/www.sando.com\/en\/wp-json\/wp\/v2\/users\/2"}],"replies":[{"embeddable":true,"href":"https:\/\/www.sando.com\/en\/wp-json\/wp\/v2\/comments?post=38789"}],"version-history":[{"count":0,"href":"https:\/\/www.sando.com\/en\/wp-json\/wp\/v2\/pages\/38789\/revisions"}],"up":[{"embeddable":true,"href":"https:\/\/www.sando.com\/en\/wp-json\/wp\/v2\/pages\/38781"}],"wp:featuredmedia":[{"embeddable":true,"href":"https:\/\/www.sando.com\/en\/wp-json\/wp\/v2\/media\/25522"}],"wp:attachment":[{"href":"https:\/\/www.sando.com\/en\/wp-json\/wp\/v2\/media?parent=38789"}],"wp:term":[{"taxonomy":"tax_brand","embeddable":true,"href":"https:\/\/www.sando.com\/en\/wp-json\/wp\/v2\/tax_brand?post=38789"},{"taxonomy":"tax_services","embeddable":true,"href":"https:\/\/www.sando.com\/en\/wp-json\/wp\/v2\/tax_services?post=38789"},{"taxonomy":"tax_location","embeddable":true,"href":"https:\/\/www.sando.com\/en\/wp-json\/wp\/v2\/tax_location?post=38789"}],"curies":[{"name":"wp","href":"https:\/\/api.w.org\/{rel}","templated":true}]}}