{"id":38910,"date":"2023-11-23T12:03:57","date_gmt":"2023-11-23T12:03:57","guid":{"rendered":"https:\/\/www.sando.com\/persons\/health-and-safety"},"modified":"2025-04-23T14:26:18","modified_gmt":"2025-04-23T14:26:18","slug":"health-and-safety","status":"publish","type":"page","link":"https:\/\/www.sando.com\/en\/people\/health-and-safety","title":{"rendered":"Health and safety"},"content":{"rendered":"\n\n    \n\n        <div class=\"total u-pTB-l u-pLR-container\">\n    <div class=\"container-max\">\n    <div class=\"row row-cols-1 g-3\">\n    \n\n    <div class=\"col\"><div class=\"total m-card --cardMax u-br-l u-pT-xxxl overflow-hidden u-white u-bg-verde-500\">\n    \t<div class=\"total __bxImg\">\n\t\t<img loading=\"lazy\" decoding=\"async\" width=\"1900\" height=\"900\" src=\"https:\/\/www.sando.com\/contenido\/subidas\/2023\/12\/seguridad-y-salud-sando-cab.jpg\" class=\"attachment-full size-full\" alt=\"\" srcset=\"https:\/\/www.sando.com\/contenido\/subidas\/2023\/12\/seguridad-y-salud-sando-cab.jpg 1900w, https:\/\/www.sando.com\/contenido\/subidas\/2023\/12\/seguridad-y-salud-sando-cab-250x118.jpg 250w, https:\/\/www.sando.com\/contenido\/subidas\/2023\/12\/seguridad-y-salud-sando-cab-700x332.jpg 700w, https:\/\/www.sando.com\/contenido\/subidas\/2023\/12\/seguridad-y-salud-sando-cab-768x364.jpg 768w, https:\/\/www.sando.com\/contenido\/subidas\/2023\/12\/seguridad-y-salud-sando-cab-1536x728.jpg 1536w, https:\/\/www.sando.com\/contenido\/subidas\/2023\/12\/seguridad-y-salud-sando-cab-120x57.jpg 120w\" sizes=\"auto, (max-width: 1900px) 100vw, 1900px\" \/> \n\t<\/div>\n    \t<div class=\"container-medium\">\n\t\t<div class=\"__bxCnt u-pLR-container\">\n                        <div class=\"__bxTxt total u-nmB-lastchild u-nmT-firstchild\" style=\"max-width: 680px;\">\n                                <p class=\"ht-body-m u-bold uppercase\">people<\/p>\n                                <p><span class=\"ht-two u-light\">We take the welfare of our employees very seriously.<\/span><\/p>\n            <\/div>\n                            <div class=\"__bxBtn total\">\n                    <div class=\"a-subtitArrow u-white\">\n                        <div class=\"__bxText ht-body-m uppercase u-bold\">we tell you more<\/div>\n                        <svg class=\"__icon\">\n                            <use xlink:href=\"#icon-border-arrow-down\" href=\"\/i.svg#icon-border-arrow-down\"><\/use>\n                        <\/svg>\n                    <\/div>\n                <\/div>\n            \t\t<\/div> \n\t<\/div>\n<\/div><\/div>\n\n    \n        <\/div>\n    <\/div>\n    <\/div>\n    \n\n\n\n\n<div class=\"total u-pLR-container\">\n    <div class=\"container-medium\">\n        <div class=\"total u-pT-s u-pB-s\">\n            <div class=\"total u-pB-xs \">\n                <ol class=\"m-breadcrumb\" itemscope itemtype=\"http:\/\/schema.org\/BreadcrumbList\"><li itemprop=\"itemListElement\" itemscope itemtype=\"http:\/\/schema.org\/ListItem\"><a href=\"https:\/\/www.sando.com\/en\" itemprop=\"item\"><span itemprop=\"name\">Home<\/span><\/a><meta itemprop=\"position\" content=\"1\" \/><\/li><\/ol>            <\/div>\n            <p class=\"ht-three u-light\">Health and safety<\/p>\n        <\/div>\n    <\/div>\n<\/div>\n\n\n<div class=\"container-full u-mB-l u-verde-700 block-slider-content-posts\"> \r\n\t<div class=\"container-max\">\r\n\t\t<div class=\"total u-bg-white u-br-l u-pTB-xl u-pLR-container overflow-hidden\">\r\n\t\t\t\r\n\t\t\t\t\t\t<div class=\"container-medium u-verde-700\">\r\n\t\t\t\t<div class=\"total u-pB-l u-nmB-lastchild u-nmT-firstchild\" style=\"max-width: 800px;\">\r\n\t\t\t\t<h2><span class=\"u-light ht-two\">Committed to the well-being of the people who make up our team.<\/span><\/h2>\n\t\t\r\n\t\t\t\t<\/div>\r\n\t\t\t<\/div>\r\n\t\t\t\t\t\t\t\t\t<div class=\"container-small\">\r\n\t\t\t\t<div class=\"total u-nmB-lastchild u-nmT-firstchild u-pB-xl\" style=\"max-width: 1000px;\">\r\n\t\t\t\t<p><span class=\"ht-body-l u-regular\" style=\"font-weight: 400;\">One of the most critical factors contributing to the well-being of people at Sando is our health and safety and occupational risk prevention policies derived from our activity.<\/span><\/p>\n<p><span class=\"ht-body-l u-regular\" style=\"font-weight: 400;\">All professionals are responsible for ensuring that our Prevention Policies are known, understood, disseminated and promoted for ourselves and those who belong to our teams. Policies are designed to safeguard the integrity of people, both our staff and those of collaborating companies, and to prevent the risks inherent in the performance of the activity to the maximum possible extent.<\/span><\/p>\n<p><span class=\"ht-body-l u-regular\" style=\"font-weight: 400;\">So much so that prevention is one of the most active lines of our R+D+i. We have developed several projects in recent years. Still, two are particularly noteworthy for the impact they have on our business activities:<\/span><\/p>\n<ul>\n<li style=\"font-weight: 400;\" aria-level=\"1\"><span class=\"ht-body-l u-regular\" style=\"font-weight: 400;\"><strong>Safe-PEMP<\/strong>, designed to improve safety conditions on Mobile Elevating Work Platforms (MEWPs), which are widely used in work at heights in different productive activities.<\/span><\/li>\n<li style=\"font-weight: 400;\" aria-level=\"1\"><span class=\"ht-body-l u-regular\" style=\"font-weight: 400;\"><strong>CONPREVAM<\/strong> is a tool for capturing information on environmental parameters using drones or measuring stations to study the concentration of suspended particles and potentially dangerous gases in work environments so that workplaces are free of any environmental pollutants that could harm workers\u2019 health.<\/span><\/li>\n<\/ul>\n<p><span class=\"ht-body-l u-regular\" style=\"font-weight: 400;\">This context of innovation, quality and effort has led Sando Construcciones to be one of the first companies in the sector to obtain ISO 45001 certification from Aenor. <a href=\"https:\/\/www.sando.com\/en\/conacon-sando\" title=\"Sustainable infrastructure maintenance and energy solutions\" target=\"_blank\">Conacon<\/a> Sando was also the first to get ISO 39001 for its Road Safety Management System for construction and maintenance activities.<\/span><\/p>\n<p><span class=\"ht-body-l u-regular\"><strong>Our management model, based on leadership and commitment, enables us to integrate safety and health concepts and standards into all our processes and at all levels of the organisation.<\/strong><\/span><\/p>\n<p><span class=\"ht-body-l u-regular\" style=\"font-weight: 400;\">This management is mainly based on the preventive analysis of any possible incident to immediately implement the corresponding corrective measures, always under the concept of \u201ccontinuous improvement\u201d in all processes and activities. Furthermore, with the participation and involvement of everyone in the rigorous compliance of protection measures, in the integration of suppliers and collaborators in the policies, and the incorporation of technology in our operations to improve working conditions, making them safe and healthy and protecting all the people who may be affected by our activity.<\/span><\/p>\n\t\t\t\t<\/div>\r\n\t\t\t<\/div>\r\n\t\t\t\r\n\r\n\r\n\t\t\t<div class=\"container-medium u-verde-700\">\t\t\r\n\t\t\t\r\n\t\t\t<div class=\"m-slideDemo js-sldContentPost\">\r\n\t\t\t\t<div class=\"__loader u-bg-gray-500 u-br-m\">\r\n\t\t\t\t\t<div class=\"loader-01 u-verde-700\"><\/div>\r\n\t\t\t\t<\/div>\r\n\r\n\t\t\t\t<div class=\"__loop total\" \r\n\t\t\t\t\tdata-slidetoshow=\"3\"\r\n\t\t\t\t\tdata-slidetoshow-mob=\"1\"\r\n\t\t\t\t\tdata-slidetoshow-med=\"2\"\r\n\t\t\t\t\tdata-color-accent=\"u-verde-500\" \r\n\t\t\t\t\tstyle=\"opacity: 0; visibility:0;\">\r\n\t\t\t\t\t\r\n\t\t\t\t\t\t\t\t\t\t\t\t\t\t<div class=\"__item\">\r\n\t\t\t\t\t\t\t\t\t\t<div class=\"m-cardText u-bg-gray-200 u-verde-700\">\r\n\t\t\t\t\t\t\t\t\t\t\t<h3 class=\"ht-body-l u-semiBold\">Occupational health and safety policy of the Sando group of companies<\/h3>\n<p><a href=\"\/contenido\/subidas\/2024\/11\/POLITICA-PRL-GRUPO-SANDO_intranet_rev.2023-ENG.pdf\" target=\"_blank\" rel=\"noopener\">More information<\/a><\/p>\n\t\t\t\t\t\t\t\t\t\t<\/div>\r\n\t\t\t\t\t\t\t\t\t<\/div>\r\n\t\t\t\t\t\t\t\t\t\t\t\t\t\t\t\t\t<div class=\"__item\">\r\n\t\t\t\t\t\t\t\t\t\t<div class=\"m-cardText u-bg-gray-200 u-verde-700\">\r\n\t\t\t\t\t\t\t\t\t\t\t<h3 class=\"ht-body-l u-semiBold\">Sando Construcciones Policy on OSH-ISO 45001 \u2013 ISO 45001<\/h3>\n<p><a href=\"\/contenido\/subidas\/2025\/04\/Sando-Construccion-OSH-Policy-RV.pdf\" target=\"_blank\" rel=\"noopener\">More information<\/a><\/p>\n\t\t\t\t\t\t\t\t\t\t<\/div>\r\n\t\t\t\t\t\t\t\t\t<\/div>\r\n\t\t\t\t\t\t\t\t\t\t\t\t\t\t\t\t\t<div class=\"__item\">\r\n\t\t\t\t\t\t\t\t\t\t<div class=\"m-cardText u-bg-gray-200 u-verde-700\">\r\n\t\t\t\t\t\t\t\t\t\t\t<h3 class=\"ht-body-l u-semiBold\">Althenia Sando\u2019s OSH-ISO 45001 Policy<\/h3>\n<p><a href=\"\/contenido\/subidas\/2025\/04\/Althenia-Sando-OSH-Policy-Rv.pdf\" target=\"_blank\" rel=\"noopener\">More information<\/a><\/p>\n\t\t\t\t\t\t\t\t\t\t<\/div>\r\n\t\t\t\t\t\t\t\t\t<\/div>\r\n\t\t\t\t\t\t\t\t\t\t\t\t\t\t\t\t\t<div class=\"__item\">\r\n\t\t\t\t\t\t\t\t\t\t<div class=\"m-cardText u-bg-gray-200 u-verde-700\">\r\n\t\t\t\t\t\t\t\t\t\t\t<h3 class=\"ht-body-l u-semiBold\">Conacon Sando Policy on OSH-ISO 45001<\/h3>\n<p><a href=\"\/contenido\/subidas\/2025\/04\/Conacon-Sando-OSH-policy_Rev_EN.pdf\" target=\"_blank\" rel=\"noopener\">More information<\/a><\/p>\n\t\t\t\t\t\t\t\t\t\t<\/div>\r\n\t\t\t\t\t\t\t\t\t<\/div>\r\n\t\t\t\t\t\t\t\t\t\t\t\t\t\t\t\t\t<div class=\"__item\">\r\n\t\t\t\t\t\t\t\t\t\t<div class=\"m-cardText u-bg-gray-200 u-verde-700\">\r\n\t\t\t\t\t\t\t\t\t\t\t<h3 class=\"ht-body-l u-semiBold\">Althenia Sando\u2019s Road Safety Policy<\/h3>\n<p><a href=\"\/contenido\/subidas\/2025\/04\/Althenia-Sando-Road-Safety-Policy-Rv.pdf\" target=\"_blank\" rel=\"noopener\">More information<\/a><\/p>\n\t\t\t\t\t\t\t\t\t\t<\/div>\r\n\t\t\t\t\t\t\t\t\t<\/div>\r\n\t\t\t\t\t\t\t\t\t\t\t\t\t\t\t\t\t<div class=\"__item\">\r\n\t\t\t\t\t\t\t\t\t\t<div class=\"m-cardText u-bg-gray-200 u-verde-700\">\r\n\t\t\t\t\t\t\t\t\t\t\t<h3 class=\"ht-body-l u-semiBold\">Sando Construcci\u00f3n\u2019s Road Safety Policy.<\/h3>\n<p><a href=\"\/contenido\/subidas\/2025\/04\/Sando-Construccion-Road-Safety-Policy_Rev_EN.pdf\" target=\"_blank\" rel=\"noopener\">More information<\/a><\/p>\n\t\t\t\t\t\t\t\t\t\t<\/div>\r\n\t\t\t\t\t\t\t\t\t<\/div>\r\n\t\t\t\t\t\t\t\t\t\t\t\t\t\t\t\t\t<div class=\"__item\">\r\n\t\t\t\t\t\t\t\t\t\t<div class=\"m-cardText u-bg-gray-200 u-verde-700\">\r\n\t\t\t\t\t\t\t\t\t\t\t<h3 class=\"ht-body-l u-semiBold\">Conacon Sando Road Safety Policy &#8211; ISO 39001.<\/h3>\n<p><a href=\"\/contenido\/subidas\/2025\/04\/Conacon-Sando-Road-Safety-Policy_Rv.pdf\" target=\"_blank\" rel=\"noopener\">More information<\/a><\/p>\n\t\t\t\t\t\t\t\t\t\t<\/div>\r\n\t\t\t\t\t\t\t\t\t<\/div>\r\n\t\t\t\t\t\t\t\t\r\n\t\t\t\t<\/div>\r\n\r\n\t\t\t\t<div class=\"__footer total u-pT-s\">\r\n\t\t\t\t\t<div class=\"__bx d-flex gap-4\">\r\n\t\t\t\t\t\t<div class=\"__arrow-prev a-arrowSliderCircle\" role=\"button\" aria-label=\"Anterior\">\r\n\t\t\t\t\t\t\t<svg class=\"a-icon\"><use xlink:href=\"#icon-arrow-green-left-max\" href=\"\/i.svg#icon-arrow-green-left-max\"><\/use><\/svg>\r\n\t\t\t\t\t\t<\/div>\r\n\t\t\t\t\t\t<div class=\"__arrow-next a-arrowSliderCircle\" role=\"button\" aria-label=\"Siguiente\">\r\n\t\t\t\t\t\t\t<svg class=\"a-icon\"><use xlink:href=\"#icon-arrow-green-right-max\" href=\"\/i.svg#icon-arrow-green-right-max\"><\/use><\/svg>\r\n\t\t\t\t\t\t<\/div>\r\n\t\t\t\t\t<\/div>\r\n\t\t\t\t\t<div class=\"__bx d-flex\">\r\n\t\t\t\t\t\t<div class=\"__counter\">\r\n\t\t\t\t\t\t\t<span class=\"ht-body-m u-bold __pageInfo\"><\/span>\r\n\t\t\t\t\t\t<\/div>\r\n\t\t\t\t\t<\/div>\r\n\t\t\t\t<\/div>\r\n\t\t\t<\/div>\r\n\r\n\t\t\t\t\t\t<\/div>\r\n\t\t\t\t\t<\/div>\r\n\t<\/div>\r\n<\/div>\n\n<div class=\"container-full u-mB-l u-verde-700 block-slider-content-posts\"> \r\n\t<div class=\"container-max\">\r\n\t\t<div class=\"total u-bg-verde-200 u-br-l u-pTB-xl u-pLR-container overflow-hidden\">\r\n\t\t\t\r\n\t\t\t\t\t\t<div class=\"container-medium\">\r\n\t\t\t\t<div class=\"row row-cols-1 row-cols-lg-2 d-flex justify-content-between u-pB-s\">\r\n\t\t\t\t\t<div class=\"col\">\r\n\t\t\t\t\t\t\t\t\t\t\t\t<div class=\"a-tagTitle u-verde-700\">\r\n\t\t\t\t\t\t\t<svg class=\"u-verde-500\" width=\"9\" height=\"20\" viewBox=\"0 0 9 20\" fill=\"none\" xmlns=\"http:\/\/www.w3.org\/2000\/svg\">\r\n\t\t\t\t\t\t\t\t<path d=\"M0 0C6.414 0 8.78101 3.93299 8.78101 9.92699C8.78101 15.921 6.414 19.853 0 19.853V16.112C3.13 16.112 3.97101 13.668 3.97101 9.92699C3.97101 6.22699 3.131 3.78 0 3.78V0Z\" fill=\"currentColor\"\/>\r\n\t\t\t\t\t\t\t<\/svg>\r\n\t\t\t\t\t\t\t<h2 class=\"text-uppercase fs-6\">Sando News<\/h2>\t\t\t\t\t\t<\/div>\t\r\n\t\t\t\t\t\t\t\t\t\t\t<\/div>\r\n\t\t\t\t\t<div class=\"col d-none justify-content-end d-lg-flex u-verde-700\">\r\n\t\t\t\t\t\t\t\t\t\t\t\t<a href=\"\/actualidad\" title=\"News \" class=\"a-btn-primary\" >\r\n\t\t\t\t\t\t\tSee all\t\t\t\r\n\t\t\t\t\t\t\t<svg class=\"__icon u-verde-500\">\r\n\t\t\t\t\t\t\t\t<use xlink:href=\"#icon-arrow-green-right\" href=\"\/i.svg#icon-arrow-green-right\"><\/use>\r\n\t\t\t\t\t\t\t<\/svg>\r\n\t\t\t\t\t\t<\/a>\r\n\t\t\t\t\t\t\t\t\t\t\t<\/div>\r\n\t\t\t\t<\/div>\r\n\t\t\t<\/div>\r\n\t\t\t\t\t\t\r\n\r\n\r\n\t\t\t<div class=\"container-medium u-verde-700\">\t\t\r\n\t\t\t\r\n\t\t\t<div class=\"m-slideDemo js-sldContentPost\">\r\n\t\t\t\t<div class=\"__loader u-bg-gray-500 u-br-m\">\r\n\t\t\t\t\t<div class=\"loader-01 u-verde-700\"><\/div>\r\n\t\t\t\t<\/div>\r\n\r\n\t\t\t\t<div class=\"__loop total\" \r\n\t\t\t\t\tdata-slidetoshow=\"3\"\r\n\t\t\t\t\tdata-slidetoshow-mob=\"1\"\r\n\t\t\t\t\tdata-slidetoshow-med=\"2\"\r\n\t\t\t\t\tdata-color-accent=\"u-verde-500\" \r\n\t\t\t\t\tstyle=\"opacity: 0; visibility:0;\">\r\n\t\t\t\t\t\r\n\t\t\t\t\t\t\t\t\t\t\t\t\t\t<div class=\"__item\">\r\n\r\n\t\t\t\t\t\t\t\t\t\t<div class=\"total m-cardPost u-br-l overflow-hidden --post-default\" data-max-width=\"500\">\n\t<div class=\"total __bxImg\">\n\t\t\t\t\t<img decoding=\"async\" src=\"https:\/\/www.sando.com\/contenido\/subidas\/2025\/10\/0215595-628-e1760697683775.jpg\" class=\"attachment-full size-full wp-post-image\" alt=\"El proyecto de rehabilitaci\u00f3n del Caminito del Rey en M\u00e1laga ha dejado huella. Sando Construcci\u00f3n hizo realidad hace diez a\u00f1os la recuperaci\u00f3n de un elemento clave del patrimonio hist\u00f3rico e industrial de la provincia. Un hito que ha impulsado el desarrollo econ\u00f3mico y social de la comarca y que supone un impacto econ\u00f3mico anual de 64 millones de euros. Anoche se present\u00f3 un documental sobre lo que ha significado este proyecto: \u201cEl esp\u00edritu del Caminito\u201d.\" \/>\t\t\t<\/div>\n\t<div class=\"total __bxCnt u-br-m u-verde-700 u-bg-white\">\n\t\t\t\t<div class=\"__bxTxt total u-nmB-lastchild u-nmT-firstchild u-pB-s\">\n\t\t\t<p class=\"ht-body-l u-bold\">Documentary \u201cThe Spirit of the Caminito\u201d tells the story of how <a href=\"\/en\/sando-construccion\" title=\"Sando Construcci\u00f3n. Building resilient and innovative infrastructures\" target=\"_blank\">Sando Construcci\u00f3n<\/a> restored the Caminito del Rey<\/p>\n\t\t<\/div>\n\t\t<div class=\"__bxItems total\">\n\t\t\t\t\t\t\t\t<\/div>\n\t<\/div>\n\t<a href=\"https:\/\/www.sando.com\/en\/actualidad\/documentary-the-spirit-of-the-caminito-tells-the-story-of-how-sando-construccion-restored-the-caminito-del-rey\" title=\"Documentary \u201cThe Spirit of the Caminito\u201d tells the story of how Sando Construcci\u00f3n restored the Caminito del Rey\" class=\"__bxLink u-br-l u-verde-500\"><\/a>\t\t\t\t\t\t\t\n<\/div>\n\t\t\t\t\t\t\t\t\t<\/div>\r\n\t\t\t\t\t\t\t\t\t\t\t\t\t\t\t\t\t\t<div class=\"__item\">\r\n\r\n\t\t\t\t\t\t\t\t\t\t<div class=\"total m-cardPost u-br-l overflow-hidden --post-default\" data-max-width=\"500\">\n\t<div class=\"total __bxImg\">\n\t\t\t\t\t<img decoding=\"async\" src=\"https:\/\/www.sando.com\/contenido\/subidas\/2025\/10\/Firma-Convenio-Rincon-Victoria-Conacon-Sando-2.jpg\" class=\"attachment-full size-full wp-post-image\" alt=\"El alcalde de Rinc\u00f3n de la Victoria, Francisco Salado, y el presidente ejecutivo de Sando, Luis S\u00e1nchez Manzano, han suscrito el nuevo contrato por el que Conacon Sando prestar\u00e1 los servicios de conservaci\u00f3n, mantenimiento y reparaci\u00f3n de las infraestructuras, edificaciones, playas y equipamientos vinculados al Ayuntamiento.\" srcset=\"https:\/\/www.sando.com\/contenido\/subidas\/2025\/10\/Firma-Convenio-Rincon-Victoria-Conacon-Sando-2.jpg 1200w, https:\/\/www.sando.com\/contenido\/subidas\/2025\/10\/Firma-Convenio-Rincon-Victoria-Conacon-Sando-2-250x167.jpg 250w, https:\/\/www.sando.com\/contenido\/subidas\/2025\/10\/Firma-Convenio-Rincon-Victoria-Conacon-Sando-2-700x467.jpg 700w, https:\/\/www.sando.com\/contenido\/subidas\/2025\/10\/Firma-Convenio-Rincon-Victoria-Conacon-Sando-2-768x512.jpg 768w, https:\/\/www.sando.com\/contenido\/subidas\/2025\/10\/Firma-Convenio-Rincon-Victoria-Conacon-Sando-2-120x80.jpg 120w\" sizes=\"(max-width: 1200px) 100vw, 1200px\" \/>\t\t\t<\/div>\n\t<div class=\"total __bxCnt u-br-m u-verde-700 u-bg-white\">\n\t\t\t\t<div class=\"__bxTxt total u-nmB-lastchild u-nmT-firstchild u-pB-s\">\n\t\t\t<p class=\"ht-body-l u-bold\">Rinc\u00f3n de la Victoria City Council and Conacon Sando sign contract for the maintenance of municipal infrastructure, buildings and beaches<\/p>\n\t\t<\/div>\n\t\t<div class=\"__bxItems total\">\n\t\t\t\t\t\t\t\t<\/div>\n\t<\/div>\n\t<a href=\"https:\/\/www.sando.com\/en\/actualidad\/rincon-de-la-victoria-city-council-and-conacon-sando-sign-contract-for-the-maintenance-of-municipal-infrastructure-buildings-and-beaches\" title=\"Rinc\u00f3n de la Victoria City Council and Conacon Sando sign contract for the maintenance of municipal infrastructure, buildings and beaches\" class=\"__bxLink u-br-l u-verde-500\"><\/a>\t\t\t\t\t\t\t\n<\/div>\n\t\t\t\t\t\t\t\t\t<\/div>\r\n\t\t\t\t\t\t\t\t\t\t\t\t\t\t\t\t\t\t<div class=\"__item\">\r\n\r\n\t\t\t\t\t\t\t\t\t\t<div class=\"total m-cardPost u-br-l overflow-hidden --post-default\" data-max-width=\"500\">\n\t<div class=\"total __bxImg\">\n\t\t\t\t\t<img decoding=\"async\" src=\"https:\/\/www.sando.com\/contenido\/subidas\/2025\/10\/Gasinera-Cogersa-Conacon-Sando1.jpg\" class=\"attachment-full size-full wp-post-image\" alt=\"Conacon Sando, adjudicataria del proceso p\u00fablico de contrataci\u00f3n, ha concluido la ejecuci\u00f3n de la estaci\u00f3n de carga de gas natural vehicular para el Consorcio para la Gesti\u00f3n de los Residuos S\u00f3lidos de Asturias (COGERSA). La gasinera se ubica en el Centro de Tratamiento de Residuos de La Zoreda, en Ser\u00edn (Gij\u00f3n).\" srcset=\"https:\/\/www.sando.com\/contenido\/subidas\/2025\/10\/Gasinera-Cogersa-Conacon-Sando1.jpg 1200w, https:\/\/www.sando.com\/contenido\/subidas\/2025\/10\/Gasinera-Cogersa-Conacon-Sando1-250x166.jpg 250w, https:\/\/www.sando.com\/contenido\/subidas\/2025\/10\/Gasinera-Cogersa-Conacon-Sando1-700x466.jpg 700w, https:\/\/www.sando.com\/contenido\/subidas\/2025\/10\/Gasinera-Cogersa-Conacon-Sando1-768x511.jpg 768w, https:\/\/www.sando.com\/contenido\/subidas\/2025\/10\/Gasinera-Cogersa-Conacon-Sando1-120x80.jpg 120w\" sizes=\"(max-width: 1200px) 100vw, 1200px\" \/>\t\t\t<\/div>\n\t<div class=\"total __bxCnt u-br-m u-verde-700 u-bg-white\">\n\t\t\t\t<div class=\"__bxTxt total u-nmB-lastchild u-nmT-firstchild u-pB-s\">\n\t\t\t<p class=\"ht-body-l u-bold\">Conacon Sando completes new natural gas refuelling station for COGERSA in Asturias<\/p>\n\t\t<\/div>\n\t\t<div class=\"__bxItems total\">\n\t\t\t\t\t\t\t\t<\/div>\n\t<\/div>\n\t<a href=\"https:\/\/www.sando.com\/en\/actualidad\/conacon-sando-completes-new-natural-gas-refuelling-station-for-cogersa-in-asturias\" title=\"Conacon Sando completes new natural gas refuelling station for COGERSA in Asturias\" class=\"__bxLink u-br-l u-verde-500\"><\/a>\t\t\t\t\t\t\t\n<\/div>\n\t\t\t\t\t\t\t\t\t<\/div>\r\n\t\t\t\t\t\t\t\t\t\t\t\t\t\t\t\t\t\t<div class=\"__item\">\r\n\r\n\t\t\t\t\t\t\t\t\t\t<div class=\"total m-cardPost u-br-l overflow-hidden --post-default\" data-max-width=\"500\">\n\t<div class=\"total __bxImg\">\n\t\t\t\t\t<img decoding=\"async\" src=\"https:\/\/www.sando.com\/contenido\/subidas\/2025\/09\/foto-limpieza-ELA-2-e1758730028979.jpg\" class=\"attachment-full size-full wp-post-image\" alt=\"Este verano Althenia Sando ha prestado por primera vez el servicio de recogida de residuos, limpieza viaria y de playas en la Costa de Granada, concretamente en la Entidad Local Aut\u00f3noma de Carchuna-Calahonda.\" \/>\t\t\t<\/div>\n\t<div class=\"total __bxCnt u-br-m u-verde-700 u-bg-white\">\n\t\t\t\t<div class=\"__bxTxt total u-nmB-lastchild u-nmT-firstchild u-pB-s\">\n\t\t\t<p class=\"ht-body-l u-bold\">New <a href=\"\/en\/althenia-sando\" title=\"Althenia Sando. Integral environmental services\" target=\"_blank\">Althenia Sando<\/a> service for <a href=\"https:\/\/www.sando.com\/en\/specialisations\/cleaning-and-waste-management\" title=\"Waste management\" target=\"_blank\">Waste<\/a> collection, <a href=\"https:\/\/www.sando.com\/en\/specialisations\/cleaning-and-waste-management\/street-clea\" title=\"Cleaning solutions for public roads\" target=\"_blank\">Street cleaning<\/a> and beach maintenance on the Costa de Granada<\/p>\n\t\t<\/div>\n\t\t<div class=\"__bxItems total\">\n\t\t\t\t\t\t\t\t<\/div>\n\t<\/div>\n\t<a href=\"https:\/\/www.sando.com\/en\/actualidad\/new-althenia-sando-service-for-waste-collection-street-cleaning-and-beach-maintenance-on-the-costa-de-granada\" title=\"New Althenia Sando service for waste collection, street cleaning and beach maintenance on the Costa de Granada\" class=\"__bxLink u-br-l u-verde-500\"><\/a>\t\t\t\t\t\t\t\n<\/div>\n\t\t\t\t\t\t\t\t\t<\/div>\r\n\t\t\t\t\t\t\t\t\t\t\t\t\t\t\t\t\t\t<div class=\"__item\">\r\n\r\n\t\t\t\t\t\t\t\t\t\t<div class=\"total m-cardPost u-br-l overflow-hidden --post-default\" data-max-width=\"500\">\n\t<div class=\"total __bxImg\">\n\t\t\t\t\t<img decoding=\"async\" src=\"https:\/\/www.sando.com\/contenido\/subidas\/2025\/09\/BIM-Conacon-2.png\" class=\"attachment-full size-full wp-post-image\" alt=\"AENOR ha certificado a Conacon Sando en la gesti\u00f3n de la informaci\u00f3n mediante metodolog\u00eda BIM, conforme a la norma internacional ISO 19650.\" srcset=\"https:\/\/www.sando.com\/contenido\/subidas\/2025\/09\/BIM-Conacon-2.png 1200w, https:\/\/www.sando.com\/contenido\/subidas\/2025\/09\/BIM-Conacon-2-250x167.png 250w, https:\/\/www.sando.com\/contenido\/subidas\/2025\/09\/BIM-Conacon-2-700x467.png 700w, https:\/\/www.sando.com\/contenido\/subidas\/2025\/09\/BIM-Conacon-2-768x512.png 768w, https:\/\/www.sando.com\/contenido\/subidas\/2025\/09\/BIM-Conacon-2-120x80.png 120w\" sizes=\"(max-width: 1200px) 100vw, 1200px\" \/>\t\t\t<\/div>\n\t<div class=\"total __bxCnt u-br-m u-verde-700 u-bg-white\">\n\t\t\t\t<div class=\"__bxTxt total u-nmB-lastchild u-nmT-firstchild u-pB-s\">\n\t\t\t<p class=\"ht-body-l u-bold\">Conacon Sando achieves AENOR certification in BIM for infrastructure maintenance<\/p>\n\t\t<\/div>\n\t\t<div class=\"__bxItems total\">\n\t\t\t\t\t\t\t\t<\/div>\n\t<\/div>\n\t<a href=\"https:\/\/www.sando.com\/en\/actualidad\/conacon-sando-achieves-aenor-certification-in-bim-for-infrastructure-maintenance\" title=\"Conacon Sando achieves AENOR certification in BIM for infrastructure maintenance\" class=\"__bxLink u-br-l u-verde-500\"><\/a>\t\t\t\t\t\t\t\n<\/div>\n\t\t\t\t\t\t\t\t\t<\/div>\r\n\t\t\t\t\t\t\t\t\t\t\t\t\t\t\t\t\t\t<div class=\"__item\">\r\n\r\n\t\t\t\t\t\t\t\t\t\t<div class=\"total m-cardPost u-br-l overflow-hidden --post-default\" data-max-width=\"500\">\n\t<div class=\"total __bxImg\">\n\t\t\t\t\t<img decoding=\"async\" src=\"https:\/\/www.sando.com\/contenido\/subidas\/2025\/09\/piscina4.jpg\" class=\"attachment-full size-full wp-post-image\" alt=\"Sando Construcci\u00f3n, como empresa adjudicataria de las obras de rehabilitaci\u00f3n de la piscina universitaria de Fuentenueva en Granada, contin\u00faa con el desarrollo de este proyecto impulsado por la Junta de Andaluc\u00eda, a trav\u00e9s de la Agencia de Obra P\u00fablica y con el apoyo de la\u00a0Universidad de Granada.\" srcset=\"https:\/\/www.sando.com\/contenido\/subidas\/2025\/09\/piscina4.jpg 900w, https:\/\/www.sando.com\/contenido\/subidas\/2025\/09\/piscina4-250x141.jpg 250w, https:\/\/www.sando.com\/contenido\/subidas\/2025\/09\/piscina4-700x394.jpg 700w, https:\/\/www.sando.com\/contenido\/subidas\/2025\/09\/piscina4-768x433.jpg 768w, https:\/\/www.sando.com\/contenido\/subidas\/2025\/09\/piscina4-120x68.jpg 120w\" sizes=\"(max-width: 900px) 100vw, 900px\" \/>\t\t\t<\/div>\n\t<div class=\"total __bxCnt u-br-m u-verde-700 u-bg-white\">\n\t\t\t\t<div class=\"__bxTxt total u-nmB-lastchild u-nmT-firstchild u-pB-s\">\n\t\t\t<p class=\"ht-body-l u-bold\">Sando Construcci\u00f3n progresses with the rehabilitation of the Fuentenueva University swimming pool in Granada<\/p>\n\t\t<\/div>\n\t\t<div class=\"__bxItems total\">\n\t\t\t\t\t\t\t\t<\/div>\n\t<\/div>\n\t<a href=\"https:\/\/www.sando.com\/en\/actualidad\/sando-construccion-progresses-with-the-rehabilitation-of-the-fuentenueva-university-swimming-pool-in-granada\" title=\"Sando Construcci\u00f3n progresses with the rehabilitation of the Fuentenueva University swimming pool in Granada\" class=\"__bxLink u-br-l u-verde-500\"><\/a>\t\t\t\t\t\t\t\n<\/div>\n\t\t\t\t\t\t\t\t\t<\/div>\r\n\t\t\t\t\t\t\t\t\t\t\t\t\t\t\t\t\t\t<div class=\"__item\">\r\n\r\n\t\t\t\t\t\t\t\t\t\t<div class=\"total m-cardPost u-br-l overflow-hidden --post-default\" data-max-width=\"500\">\n\t<div class=\"total __bxImg\">\n\t\t\t\t\t<img decoding=\"async\" src=\"https:\/\/www.sando.com\/contenido\/subidas\/2025\/08\/3.10.2-hormigones-villarosa-scaled-e1754917665911.jpg\" class=\"attachment-full size-full wp-post-image\" alt=\"La empresa Andemosa ha logrado renovar las distintas certificaciones de calidad en homig\u00f3nque le permiten cumplir con las exigencias legales y ofrecer un producto de m\u00e1ximas garant\u00edas en el mercado.\" \/>\t\t\t<\/div>\n\t<div class=\"total __bxCnt u-br-m u-verde-700 u-bg-white\">\n\t\t\t\t<div class=\"__bxTxt total u-nmB-lastchild u-nmT-firstchild u-pB-s\">\n\t\t\t<p class=\"ht-body-l u-bold\">Andemosa renews all its quality certifications<\/p>\n\t\t<\/div>\n\t\t<div class=\"__bxItems total\">\n\t\t\t\t\t\t\t\t<\/div>\n\t<\/div>\n\t<a href=\"https:\/\/www.sando.com\/en\/actualidad\/andemosa-renews-all-its-quality-certifications\" title=\"Andemosa renews all its quality certifications\" class=\"__bxLink u-br-l u-verde-500\"><\/a>\t\t\t\t\t\t\t\n<\/div>\n\t\t\t\t\t\t\t\t\t<\/div>\r\n\t\t\t\t\t\t\t\t\t\t\t\t\t\t\t\t\t\t<div class=\"__item\">\r\n\r\n\t\t\t\t\t\t\t\t\t\t<div class=\"total m-cardPost u-br-l overflow-hidden --post-default\" data-max-width=\"500\">\n\t<div class=\"total __bxImg\">\n\t\t\t\t\t<img decoding=\"async\" src=\"https:\/\/www.sando.com\/contenido\/subidas\/2025\/08\/WhatsApp-Image-2025-06-26-at-14.22.48-e1754920912115.jpeg\" class=\"attachment-full size-full wp-post-image\" alt=\"El Club Deportivo de Lucha Los Campitos ha rematado una gran temporada con tres triunfos. Un a\u00f1o m\u00e1s Fundaci\u00f3n Sando, comprometida con el deporte tradicional Canario, ha apoyado a este club que mantiene equipos en todas las categor\u00edas, incluidas las femeninas y que adem\u00e1s es el \u00fanico de Santa Cruz de Tenerife.\" \/>\t\t\t<\/div>\n\t<div class=\"total __bxCnt u-br-m u-verde-700 u-bg-white\">\n\t\t\t\t<div class=\"__bxTxt total u-nmB-lastchild u-nmT-firstchild u-pB-s\">\n\t\t\t<p class=\"ht-body-l u-bold\">Three key victories for Club Deportivo de Lucha Los Campitos this season<\/p>\n\t\t<\/div>\n\t\t<div class=\"__bxItems total\">\n\t\t\t\t\t\t\t\t<\/div>\n\t<\/div>\n\t<a href=\"https:\/\/www.sando.com\/en\/actualidad\/three-key-victories-for-club-deportivo-de-lucha-los-campitos-this-season\" title=\"Three key victories for Club Deportivo de Lucha Los Campitos this season\" class=\"__bxLink u-br-l u-verde-500\"><\/a>\t\t\t\t\t\t\t\n<\/div>\n\t\t\t\t\t\t\t\t\t<\/div>\r\n\t\t\t\t\t\t\t\t\t\r\n\t\t\t\t<\/div>\r\n\r\n\t\t\t\t<div class=\"__footer total u-pT-s\">\r\n\t\t\t\t\t<div class=\"__bx d-flex gap-4\">\r\n\t\t\t\t\t\t<div class=\"__arrow-prev a-arrowSliderCircle\" role=\"button\" aria-label=\"Anterior\">\r\n\t\t\t\t\t\t\t<svg class=\"a-icon\"><use xlink:href=\"#icon-arrow-green-left-max\" href=\"\/i.svg#icon-arrow-green-left-max\"><\/use><\/svg>\r\n\t\t\t\t\t\t<\/div>\r\n\t\t\t\t\t\t<div class=\"__arrow-next a-arrowSliderCircle\" role=\"button\" aria-label=\"Siguiente\">\r\n\t\t\t\t\t\t\t<svg class=\"a-icon\"><use xlink:href=\"#icon-arrow-green-right-max\" href=\"\/i.svg#icon-arrow-green-right-max\"><\/use><\/svg>\r\n\t\t\t\t\t\t<\/div>\r\n\t\t\t\t\t<\/div>\r\n\t\t\t\t\t<div class=\"__bx d-flex\">\r\n\t\t\t\t\t\t<div class=\"__counter\">\r\n\t\t\t\t\t\t\t<span class=\"ht-body-m u-bold __pageInfo\"><\/span>\r\n\t\t\t\t\t\t<\/div>\r\n\t\t\t\t\t<\/div>\r\n\t\t\t\t<\/div>\r\n\t\t\t<\/div>\r\n\r\n\t\t\t\t\t\t<\/div>\r\n\t\t\t\t\t\t<div class=\"total d-block d-lg-none u-pT-xl u-verde-700\">\r\n\t\t\t\t<a href=\"\/actualidad\" title=\"News \" class=\"a-btn-primary\" >\r\n\t\t\t\t\tSee all\t\t\t\r\n\t\t\t\t\t<svg class=\"__icon u-verde-500\">\r\n\t\t\t\t\t\t<use xlink:href=\"#icon-arrow-green-right\" href=\"\/i.svg#icon-arrow-green-right\"><\/use>\r\n\t\t\t\t\t<\/svg>\r\n\t\t\t\t<\/a>\t\t\t\t\r\n\t\t\t<\/div>\r\n\t\t\t\t\t<\/div>\r\n\t<\/div>\r\n<\/div>\n\n<div class=\"container-full u-mB-l u-white block-slider-content-posts\"> \r\n\t<div class=\"container-max\">\r\n\t\t<div class=\"total u-bg-verde-700 u-br-l u-pTB-xl u-pLR-container overflow-hidden\">\r\n\t\t\t\r\n\t\t\t\t\t\t<div class=\"container-medium\">\r\n\t\t\t\t<div class=\"row row-cols-1 row-cols-lg-2 d-flex justify-content-between u-pB-s\">\r\n\t\t\t\t\t<div class=\"col\">\r\n\t\t\t\t\t\t\t\t\t\t\t\t<div class=\"a-tagTitle u-white\">\r\n\t\t\t\t\t\t\t<svg class=\"u-verde-500\" width=\"9\" height=\"20\" viewBox=\"0 0 9 20\" fill=\"none\" xmlns=\"http:\/\/www.w3.org\/2000\/svg\">\r\n\t\t\t\t\t\t\t\t<path d=\"M0 0C6.414 0 8.78101 3.93299 8.78101 9.92699C8.78101 15.921 6.414 19.853 0 19.853V16.112C3.13 16.112 3.97101 13.668 3.97101 9.92699C3.97101 6.22699 3.131 3.78 0 3.78V0Z\" fill=\"currentColor\"\/>\r\n\t\t\t\t\t\t\t<\/svg>\r\n\t\t\t\t\t\t\tYou may be interested in\t\t\t\t\t\t<\/div>\t\r\n\t\t\t\t\t\t\t\t\t\t\t<\/div>\r\n\t\t\t\t\t<div class=\"col d-none justify-content-end d-lg-flex u-white\">\r\n\t\t\t\t\t\t\t\t\t\t\t<\/div>\r\n\t\t\t\t<\/div>\r\n\t\t\t<\/div>\r\n\t\t\t\t\t\t<div class=\"container-medium u-white\">\r\n\t\t\t\t<div class=\"total u-pB-l u-nmB-lastchild u-nmT-firstchild\" style=\"max-width: 800px;\">\r\n\t\t\t\t<p><span class=\"ht-two u-light\">More about Sando People<\/span><\/p>\n\t\t\r\n\t\t\t\t<\/div>\r\n\t\t\t<\/div>\r\n\t\t\t\t\t\t\r\n\r\n\r\n\t\t\t<div class=\"container-medium u-white\">\t\t\r\n\t\t\t\r\n\t\t\t<div class=\"m-slideDemo js-sldContentPost\">\r\n\t\t\t\t<div class=\"__loader u-bg-gray-500 u-br-m\">\r\n\t\t\t\t\t<div class=\"loader-01 u-white\"><\/div>\r\n\t\t\t\t<\/div>\r\n\r\n\t\t\t\t<div class=\"__loop total\" \r\n\t\t\t\t\tdata-slidetoshow=\"2\"\r\n\t\t\t\t\tdata-slidetoshow-mob=\"1\"\r\n\t\t\t\t\tdata-slidetoshow-med=\"2\"\r\n\t\t\t\t\tdata-color-accent=\"u-verde-500\" \r\n\t\t\t\t\tstyle=\"opacity: 0; visibility:0;\">\r\n\t\t\t\t\t\r\n\t\t\t\t\t\t\t\t\t\t\t\t\t\t<div class=\"__item\">\r\n\r\n\t\t\t\t\t\t\t\t\t\t\n\n\n\n\t\t\t\n<div class=\"total m-card --cardPage u-br-s overflow-hidden u-white u-bg-verde-500\">\n\t<div class=\"total __bxImg\">\n\t\t\t\t\t<img decoding=\"async\" src=\"https:\/\/www.sando.com\/contenido\/subidas\/2023\/12\/seguridad-y-salud-sando-cab.jpg\" class=\"attachment-full size-full wp-post-image\" alt=\"\" srcset=\"https:\/\/www.sando.com\/contenido\/subidas\/2023\/12\/seguridad-y-salud-sando-cab.jpg 1900w, https:\/\/www.sando.com\/contenido\/subidas\/2023\/12\/seguridad-y-salud-sando-cab-250x118.jpg 250w, https:\/\/www.sando.com\/contenido\/subidas\/2023\/12\/seguridad-y-salud-sando-cab-700x332.jpg 700w, https:\/\/www.sando.com\/contenido\/subidas\/2023\/12\/seguridad-y-salud-sando-cab-768x364.jpg 768w, https:\/\/www.sando.com\/contenido\/subidas\/2023\/12\/seguridad-y-salud-sando-cab-1536x728.jpg 1536w, https:\/\/www.sando.com\/contenido\/subidas\/2023\/12\/seguridad-y-salud-sando-cab-120x57.jpg 120w\" sizes=\"(max-width: 1900px) 100vw, 1900px\" \/>\t\t\t\n\t<\/div>\n\t<div class=\"__bxCnt u-pLR-container\">\n\t\t<div class=\"__bxTxt total u-nmB-lastchild u-nmT-firstchild\" style=\"max-width: 680px;\">\n\t\t\t\t\t\t<div class=\"__bxTitle\">\n\t\t\t\t\t\t\t\t<p class=\"ht-three u-light\">Health and safety<\/p>\n\t\t\t<\/div>\n\t\t\t\t\t<\/div>\n\t\t<div class=\"__bxBtn total\">\n\t\t\t<a href=\"https:\/\/www.sando.com\/en\/people\/health-and-safety\" title=\"Health and safety\" class=\"a-btn-primary u-white --without-br\">\n\t\t\t\tMore about\t\t\t\t\t\n\t\t\t\t<svg class=\"__icon\"><use xlink:href=\"#icon-border-arrow-right\" href=\"\/i.svg#icon-border-arrow-right\"><\/use><\/svg>\n\t\t\t<\/a>\n\t\t<\/div>\n\t<\/div>\n<\/div>\n\t\t\t\t\t\n\n\n\t\t\t\t\t\t\t\t\t<\/div>\r\n\t\t\t\t\t\t\t\t\t\t\t\t\t\t\t\t\t\t<div class=\"__item\">\r\n\r\n\t\t\t\t\t\t\t\t\t\t\n\n\n\n\t\t\t\n<div class=\"total m-card --cardPage u-br-s overflow-hidden u-white u-bg-verde-500\">\n\t<div class=\"total __bxImg\">\n\t\t\t\t\t<img decoding=\"async\" src=\"https:\/\/www.sando.com\/contenido\/subidas\/2023\/12\/diversidad-sando-cab-2.jpg\" class=\"attachment-full size-full wp-post-image\" alt=\"\" srcset=\"https:\/\/www.sando.com\/contenido\/subidas\/2023\/12\/diversidad-sando-cab-2.jpg 1900w, https:\/\/www.sando.com\/contenido\/subidas\/2023\/12\/diversidad-sando-cab-2-250x118.jpg 250w, https:\/\/www.sando.com\/contenido\/subidas\/2023\/12\/diversidad-sando-cab-2-700x332.jpg 700w, https:\/\/www.sando.com\/contenido\/subidas\/2023\/12\/diversidad-sando-cab-2-768x364.jpg 768w, https:\/\/www.sando.com\/contenido\/subidas\/2023\/12\/diversidad-sando-cab-2-1536x728.jpg 1536w, https:\/\/www.sando.com\/contenido\/subidas\/2023\/12\/diversidad-sando-cab-2-120x57.jpg 120w\" sizes=\"(max-width: 1900px) 100vw, 1900px\" \/>\t\t\t\n\t<\/div>\n\t<div class=\"__bxCnt u-pLR-container\">\n\t\t<div class=\"__bxTxt total u-nmB-lastchild u-nmT-firstchild\" style=\"max-width: 680px;\">\n\t\t\t\t\t\t<div class=\"__bxTitle\">\n\t\t\t\t\t\t\t\t<p class=\"ht-three u-light\">Diversity and equality<\/p>\n\t\t\t<\/div>\n\t\t\t\t\t<\/div>\n\t\t<div class=\"__bxBtn total\">\n\t\t\t<a href=\"https:\/\/www.sando.com\/en\/people\/diversity-and-equality\" title=\"Diversity and equality\" class=\"a-btn-primary u-white --without-br\">\n\t\t\t\tMore about\t\t\t\t\t\n\t\t\t\t<svg class=\"__icon\"><use xlink:href=\"#icon-border-arrow-right\" href=\"\/i.svg#icon-border-arrow-right\"><\/use><\/svg>\n\t\t\t<\/a>\n\t\t<\/div>\n\t<\/div>\n<\/div>\n\t\t\t\t\t\n\n\n\t\t\t\t\t\t\t\t\t<\/div>\r\n\t\t\t\t\t\t\t\t\t\t\t\t\t\t\t\t\t\t<div class=\"__item\">\r\n\r\n\t\t\t\t\t\t\t\t\t\t\n\n\n\n\t\t\t\n<div class=\"total m-card --cardPage u-br-s overflow-hidden u-white u-bg-verde-500\">\n\t<div class=\"total __bxImg\">\n\t\t\t\t\t<img decoding=\"async\" src=\"https:\/\/www.sando.com\/contenido\/subidas\/2023\/12\/formacion-sando-cab-2.jpg\" class=\"attachment-full size-full wp-post-image\" alt=\"\" srcset=\"https:\/\/www.sando.com\/contenido\/subidas\/2023\/12\/formacion-sando-cab-2.jpg 1900w, https:\/\/www.sando.com\/contenido\/subidas\/2023\/12\/formacion-sando-cab-2-250x118.jpg 250w, https:\/\/www.sando.com\/contenido\/subidas\/2023\/12\/formacion-sando-cab-2-700x332.jpg 700w, https:\/\/www.sando.com\/contenido\/subidas\/2023\/12\/formacion-sando-cab-2-768x364.jpg 768w, https:\/\/www.sando.com\/contenido\/subidas\/2023\/12\/formacion-sando-cab-2-1536x728.jpg 1536w, https:\/\/www.sando.com\/contenido\/subidas\/2023\/12\/formacion-sando-cab-2-120x57.jpg 120w\" sizes=\"(max-width: 1900px) 100vw, 1900px\" \/>\t\t\t\n\t<\/div>\n\t<div class=\"__bxCnt u-pLR-container\">\n\t\t<div class=\"__bxTxt total u-nmB-lastchild u-nmT-firstchild\" style=\"max-width: 680px;\">\n\t\t\t\t\t\t<div class=\"__bxTitle\">\n\t\t\t\t\t\t\t\t<p class=\"ht-three u-light\">Further training<\/p>\n\t\t\t<\/div>\n\t\t\t\t\t<\/div>\n\t\t<div class=\"__bxBtn total\">\n\t\t\t<a href=\"https:\/\/www.sando.com\/en\/people\/further-training\" title=\"Further training\" class=\"a-btn-primary u-white --without-br\">\n\t\t\t\tMore about\t\t\t\t\t\n\t\t\t\t<svg class=\"__icon\"><use xlink:href=\"#icon-border-arrow-right\" href=\"\/i.svg#icon-border-arrow-right\"><\/use><\/svg>\n\t\t\t<\/a>\n\t\t<\/div>\n\t<\/div>\n<\/div>\n\t\t\t\t\t\n\n\n\t\t\t\t\t\t\t\t\t<\/div>\r\n\t\t\t\t\t\t\t\t\t\t\t\t\t\t\t\t\t\t<div class=\"__item\">\r\n\r\n\t\t\t\t\t\t\t\t\t\t\n\n\n\n\t\t\t\n<div class=\"total m-card --cardPage u-br-s overflow-hidden u-white u-bg-verde-500\">\n\t<div class=\"total __bxImg\">\n\t\t\t\t\t<img decoding=\"async\" src=\"https:\/\/www.sando.com\/contenido\/subidas\/2023\/12\/trabaja-con-nosotros-sando-cab-1.jpg\" class=\"attachment-full size-full wp-post-image\" alt=\"\" srcset=\"https:\/\/www.sando.com\/contenido\/subidas\/2023\/12\/trabaja-con-nosotros-sando-cab-1.jpg 1900w, https:\/\/www.sando.com\/contenido\/subidas\/2023\/12\/trabaja-con-nosotros-sando-cab-1-250x118.jpg 250w, https:\/\/www.sando.com\/contenido\/subidas\/2023\/12\/trabaja-con-nosotros-sando-cab-1-700x332.jpg 700w, https:\/\/www.sando.com\/contenido\/subidas\/2023\/12\/trabaja-con-nosotros-sando-cab-1-768x364.jpg 768w, https:\/\/www.sando.com\/contenido\/subidas\/2023\/12\/trabaja-con-nosotros-sando-cab-1-1536x728.jpg 1536w, https:\/\/www.sando.com\/contenido\/subidas\/2023\/12\/trabaja-con-nosotros-sando-cab-1-120x57.jpg 120w\" sizes=\"(max-width: 1900px) 100vw, 1900px\" \/>\t\t\t\n\t<\/div>\n\t<div class=\"__bxCnt u-pLR-container\">\n\t\t<div class=\"__bxTxt total u-nmB-lastchild u-nmT-firstchild\" style=\"max-width: 680px;\">\n\t\t\t\t\t\t<div class=\"__bxTitle\">\n\t\t\t\t\t\t\t\t<p class=\"ht-three u-light\">Work with us<\/p>\n\t\t\t<\/div>\n\t\t\t\t\t<\/div>\n\t\t<div class=\"__bxBtn total\">\n\t\t\t<a href=\"https:\/\/www.sando.com\/en\/people\/work-with-us\" title=\"Work with us\" class=\"a-btn-primary u-white --without-br\">\n\t\t\t\tMore about\t\t\t\t\t\n\t\t\t\t<svg class=\"__icon\"><use xlink:href=\"#icon-border-arrow-right\" href=\"\/i.svg#icon-border-arrow-right\"><\/use><\/svg>\n\t\t\t<\/a>\n\t\t<\/div>\n\t<\/div>\n<\/div>\n\t\t\t\t\t\n\n\n\t\t\t\t\t\t\t\t\t<\/div>\r\n\t\t\t\t\t\t\t\t\t\r\n\t\t\t\t<\/div>\r\n\r\n\t\t\t\t<div class=\"__footer total u-pT-s\">\r\n\t\t\t\t\t<div class=\"__bx d-flex gap-4\">\r\n\t\t\t\t\t\t<div class=\"__arrow-prev a-arrowSliderCircle\" role=\"button\" aria-label=\"Anterior\">\r\n\t\t\t\t\t\t\t<svg class=\"a-icon\"><use xlink:href=\"#icon-arrow-green-left-max\" href=\"\/i.svg#icon-arrow-green-left-max\"><\/use><\/svg>\r\n\t\t\t\t\t\t<\/div>\r\n\t\t\t\t\t\t<div class=\"__arrow-next a-arrowSliderCircle\" role=\"button\" aria-label=\"Siguiente\">\r\n\t\t\t\t\t\t\t<svg class=\"a-icon\"><use xlink:href=\"#icon-arrow-green-right-max\" href=\"\/i.svg#icon-arrow-green-right-max\"><\/use><\/svg>\r\n\t\t\t\t\t\t<\/div>\r\n\t\t\t\t\t<\/div>\r\n\t\t\t\t\t<div class=\"__bx d-flex\">\r\n\t\t\t\t\t\t<div class=\"__counter\">\r\n\t\t\t\t\t\t\t<span class=\"ht-body-m u-bold __pageInfo\"><\/span>\r\n\t\t\t\t\t\t<\/div>\r\n\t\t\t\t\t<\/div>\r\n\t\t\t\t<\/div>\r\n\t\t\t<\/div>\r\n\r\n\t\t\t\t\t\t<\/div>\r\n\t\t\t\t\t<\/div>\r\n\t<\/div>\r\n<\/div>","protected":false},"excerpt":{"rendered":"","protected":false},"author":2,"featured_media":26781,"parent":38905,"menu_order":0,"comment_status":"closed","ping_status":"closed","template":"","meta":{"_acf_changed":false,"footnotes":""},"tax_brand":[],"tax_services":[],"tax_location":[],"class_list":["post-38910","page","type-page","status-publish","has-post-thumbnail","hentry"],"acf":[],"yoast_head":"<!-- This site is optimized with the Yoast SEO plugin v27.4 - https:\/\/yoast.com\/product\/yoast-seo-wordpress\/ -->\n<title>safety Committed to people&#039;s well-being - Sando<\/title>\n<meta name=\"description\" content=\"One of the most critical factors contributing to the well-being of people at Sando is our health and safety and occupational risk prevention policies derived from our activity.\" \/>\n<meta name=\"robots\" content=\"index, follow, max-snippet:-1, max-image-preview:large, max-video-preview:-1\" \/>\n<link rel=\"canonical\" href=\"https:\/\/www.sando.com\/en\/people\/health-and-safety\" \/>\n<meta property=\"og:locale\" content=\"en_US\" \/>\n<meta property=\"og:type\" content=\"article\" \/>\n<meta property=\"og:title\" content=\"safety Committed to people&#039;s well-being - Sando\" \/>\n<meta property=\"og:description\" content=\"One of the most critical factors contributing to the well-being of people at Sando is our health and safety and occupational risk prevention policies derived from our activity.\" \/>\n<meta property=\"og:url\" content=\"https:\/\/www.sando.com\/en\/people\/health-and-safety\" \/>\n<meta property=\"og:site_name\" content=\"Sando\" \/>\n<meta property=\"article:modified_time\" content=\"2025-04-23T14:26:18+00:00\" \/>\n<meta property=\"og:image\" content=\"https:\/\/www.sando.com\/contenido\/subidas\/2023\/12\/seguridad-y-salud-sando-cab.jpg\" \/>\n\t<meta property=\"og:image:width\" content=\"1900\" \/>\n\t<meta property=\"og:image:height\" content=\"900\" \/>\n\t<meta property=\"og:image:type\" content=\"image\/jpeg\" \/>\n<meta name=\"twitter:card\" content=\"summary_large_image\" \/>\n<meta name=\"twitter:label1\" content=\"Est. reading time\" \/>\n\t<meta name=\"twitter:data1\" content=\"3 minutes\" \/>\n<script type=\"application\/ld+json\" class=\"yoast-schema-graph\">{\"@context\":\"https:\\\/\\\/schema.org\",\"@graph\":[{\"@type\":\"WebPage\",\"@id\":\"https:\\\/\\\/www.sando.com\\\/en\\\/people\\\/health-and-safety\",\"url\":\"https:\\\/\\\/www.sando.com\\\/en\\\/people\\\/health-and-safety\",\"name\":\"safety Committed to people's well-being - Sando\",\"isPartOf\":{\"@id\":\"https:\\\/\\\/www.sando.com\\\/en#website\"},\"primaryImageOfPage\":{\"@id\":\"https:\\\/\\\/www.sando.com\\\/en\\\/people\\\/health-and-safety#primaryimage\"},\"image\":{\"@id\":\"https:\\\/\\\/www.sando.com\\\/en\\\/people\\\/health-and-safety#primaryimage\"},\"thumbnailUrl\":\"https:\\\/\\\/www.sando.com\\\/contenido\\\/subidas\\\/2023\\\/12\\\/seguridad-y-salud-sando-cab.jpg\",\"datePublished\":\"2023-11-23T12:03:57+00:00\",\"dateModified\":\"2025-04-23T14:26:18+00:00\",\"description\":\"One of the most critical factors contributing to the well-being of people at Sando is our health and safety and occupational risk prevention policies derived from our activity.\",\"breadcrumb\":{\"@id\":\"https:\\\/\\\/www.sando.com\\\/en\\\/people\\\/health-and-safety#breadcrumb\"},\"inLanguage\":\"en-US\",\"potentialAction\":[{\"@type\":\"ReadAction\",\"target\":[\"https:\\\/\\\/www.sando.com\\\/en\\\/people\\\/health-and-safety\"]}]},{\"@type\":\"ImageObject\",\"inLanguage\":\"en-US\",\"@id\":\"https:\\\/\\\/www.sando.com\\\/en\\\/people\\\/health-and-safety#primaryimage\",\"url\":\"https:\\\/\\\/www.sando.com\\\/contenido\\\/subidas\\\/2023\\\/12\\\/seguridad-y-salud-sando-cab.jpg\",\"contentUrl\":\"https:\\\/\\\/www.sando.com\\\/contenido\\\/subidas\\\/2023\\\/12\\\/seguridad-y-salud-sando-cab.jpg\",\"width\":1900,\"height\":900},{\"@type\":\"BreadcrumbList\",\"@id\":\"https:\\\/\\\/www.sando.com\\\/en\\\/people\\\/health-and-safety#breadcrumb\",\"itemListElement\":[{\"@type\":\"ListItem\",\"position\":1,\"name\":\"Portada\",\"item\":\"https:\\\/\\\/www.sando.com\\\/en\"},{\"@type\":\"ListItem\",\"position\":2,\"name\":\"People\",\"item\":\"https:\\\/\\\/www.sando.com\\\/en\\\/people\"},{\"@type\":\"ListItem\",\"position\":3,\"name\":\"Health and safety\"}]},{\"@type\":\"WebSite\",\"@id\":\"https:\\\/\\\/www.sando.com\\\/en#website\",\"url\":\"https:\\\/\\\/www.sando.com\\\/en\",\"name\":\"Sando\",\"description\":\"\",\"publisher\":{\"@id\":\"https:\\\/\\\/www.sando.com\\\/en#organization\"},\"potentialAction\":[{\"@type\":\"SearchAction\",\"target\":{\"@type\":\"EntryPoint\",\"urlTemplate\":\"https:\\\/\\\/www.sando.com\\\/en?s={search_term_string}\"},\"query-input\":{\"@type\":\"PropertyValueSpecification\",\"valueRequired\":true,\"valueName\":\"search_term_string\"}}],\"inLanguage\":\"en-US\"},{\"@type\":\"Organization\",\"@id\":\"https:\\\/\\\/www.sando.com\\\/en#organization\",\"name\":\"Sando\",\"url\":\"https:\\\/\\\/www.sando.com\\\/en\",\"logo\":{\"@type\":\"ImageObject\",\"inLanguage\":\"en-US\",\"@id\":\"https:\\\/\\\/www.sando.com\\\/en#\\\/schema\\\/logo\\\/image\\\/\",\"url\":\"\",\"contentUrl\":\"\",\"caption\":\"Sando\"},\"image\":{\"@id\":\"https:\\\/\\\/www.sando.com\\\/en#\\\/schema\\\/logo\\\/image\\\/\"}}]}<\/script>\n<!-- \/ Yoast SEO plugin. -->","yoast_head_json":{"title":"safety Committed to people's well-being - Sando","description":"One of the most critical factors contributing to the well-being of people at Sando is our health and safety and occupational risk prevention policies derived from our activity.","robots":{"index":"index","follow":"follow","max-snippet":"max-snippet:-1","max-image-preview":"max-image-preview:large","max-video-preview":"max-video-preview:-1"},"canonical":"https:\/\/www.sando.com\/en\/people\/health-and-safety","og_locale":"en_US","og_type":"article","og_title":"safety Committed to people's well-being - Sando","og_description":"One of the most critical factors contributing to the well-being of people at Sando is our health and safety and occupational risk prevention policies derived from our activity.","og_url":"https:\/\/www.sando.com\/en\/people\/health-and-safety","og_site_name":"Sando","article_modified_time":"2025-04-23T14:26:18+00:00","og_image":[{"width":1900,"height":900,"url":"https:\/\/www.sando.com\/contenido\/subidas\/2023\/12\/seguridad-y-salud-sando-cab.jpg","type":"image\/jpeg"}],"twitter_card":"summary_large_image","twitter_misc":{"Est. reading time":"3 minutes"},"schema":{"@context":"https:\/\/schema.org","@graph":[{"@type":"WebPage","@id":"https:\/\/www.sando.com\/en\/people\/health-and-safety","url":"https:\/\/www.sando.com\/en\/people\/health-and-safety","name":"safety Committed to people's well-being - Sando","isPartOf":{"@id":"https:\/\/www.sando.com\/en#website"},"primaryImageOfPage":{"@id":"https:\/\/www.sando.com\/en\/people\/health-and-safety#primaryimage"},"image":{"@id":"https:\/\/www.sando.com\/en\/people\/health-and-safety#primaryimage"},"thumbnailUrl":"https:\/\/www.sando.com\/contenido\/subidas\/2023\/12\/seguridad-y-salud-sando-cab.jpg","datePublished":"2023-11-23T12:03:57+00:00","dateModified":"2025-04-23T14:26:18+00:00","description":"One of the most critical factors contributing to the well-being of people at Sando is our health and safety and occupational risk prevention policies derived from our activity.","breadcrumb":{"@id":"https:\/\/www.sando.com\/en\/people\/health-and-safety#breadcrumb"},"inLanguage":"en-US","potentialAction":[{"@type":"ReadAction","target":["https:\/\/www.sando.com\/en\/people\/health-and-safety"]}]},{"@type":"ImageObject","inLanguage":"en-US","@id":"https:\/\/www.sando.com\/en\/people\/health-and-safety#primaryimage","url":"https:\/\/www.sando.com\/contenido\/subidas\/2023\/12\/seguridad-y-salud-sando-cab.jpg","contentUrl":"https:\/\/www.sando.com\/contenido\/subidas\/2023\/12\/seguridad-y-salud-sando-cab.jpg","width":1900,"height":900},{"@type":"BreadcrumbList","@id":"https:\/\/www.sando.com\/en\/people\/health-and-safety#breadcrumb","itemListElement":[{"@type":"ListItem","position":1,"name":"Portada","item":"https:\/\/www.sando.com\/en"},{"@type":"ListItem","position":2,"name":"People","item":"https:\/\/www.sando.com\/en\/people"},{"@type":"ListItem","position":3,"name":"Health and safety"}]},{"@type":"WebSite","@id":"https:\/\/www.sando.com\/en#website","url":"https:\/\/www.sando.com\/en","name":"Sando","description":"","publisher":{"@id":"https:\/\/www.sando.com\/en#organization"},"potentialAction":[{"@type":"SearchAction","target":{"@type":"EntryPoint","urlTemplate":"https:\/\/www.sando.com\/en?s={search_term_string}"},"query-input":{"@type":"PropertyValueSpecification","valueRequired":true,"valueName":"search_term_string"}}],"inLanguage":"en-US"},{"@type":"Organization","@id":"https:\/\/www.sando.com\/en#organization","name":"Sando","url":"https:\/\/www.sando.com\/en","logo":{"@type":"ImageObject","inLanguage":"en-US","@id":"https:\/\/www.sando.com\/en#\/schema\/logo\/image\/","url":"","contentUrl":"","caption":"Sando"},"image":{"@id":"https:\/\/www.sando.com\/en#\/schema\/logo\/image\/"}}]}},"_links":{"self":[{"href":"https:\/\/www.sando.com\/en\/wp-json\/wp\/v2\/pages\/38910","targetHints":{"allow":["GET"]}}],"collection":[{"href":"https:\/\/www.sando.com\/en\/wp-json\/wp\/v2\/pages"}],"about":[{"href":"https:\/\/www.sando.com\/en\/wp-json\/wp\/v2\/types\/page"}],"author":[{"embeddable":true,"href":"https:\/\/www.sando.com\/en\/wp-json\/wp\/v2\/users\/2"}],"replies":[{"embeddable":true,"href":"https:\/\/www.sando.com\/en\/wp-json\/wp\/v2\/comments?post=38910"}],"version-history":[{"count":0,"href":"https:\/\/www.sando.com\/en\/wp-json\/wp\/v2\/pages\/38910\/revisions"}],"up":[{"embeddable":true,"href":"https:\/\/www.sando.com\/en\/wp-json\/wp\/v2\/pages\/38905"}],"wp:featuredmedia":[{"embeddable":true,"href":"https:\/\/www.sando.com\/en\/wp-json\/wp\/v2\/media\/26781"}],"wp:attachment":[{"href":"https:\/\/www.sando.com\/en\/wp-json\/wp\/v2\/media?parent=38910"}],"wp:term":[{"taxonomy":"tax_brand","embeddable":true,"href":"https:\/\/www.sando.com\/en\/wp-json\/wp\/v2\/tax_brand?post=38910"},{"taxonomy":"tax_services","embeddable":true,"href":"https:\/\/www.sando.com\/en\/wp-json\/wp\/v2\/tax_services?post=38910"},{"taxonomy":"tax_location","embeddable":true,"href":"https:\/\/www.sando.com\/en\/wp-json\/wp\/v2\/tax_location?post=38910"}],"curies":[{"name":"wp","href":"https:\/\/api.w.org\/{rel}","templated":true}]}}